{"id":5508,"date":"2019-09-11T12:42:00","date_gmt":"2019-09-11T10:42:00","guid":{"rendered":""},"modified":"2020-09-06T19:11:09","modified_gmt":"2020-09-06T17:11:09","slug":"teia-moner-2","status":"publish","type":"page","link":"https:\/\/damesmagiques.com\/es\/teia-moner-2\/","title":{"rendered":"Teia Moner"},"content":{"rendered":"<div class=\"Textopredeterminado\" style=\"text-align: justify;\">\n<div class=\"separator\" style=\"clear: both; text-align: center;\">\n<\/div>\n<p><span lang=\"CA\" style=\"font-family: &quot;arial&quot;;\"><br \/>\n<\/span><\/div>\n<div class=\"Textopredeterminado\" style=\"text-align: justify;\">\n<div class=\"separator\" style=\"clear: both; text-align: center;\">\n<\/div>\n<p><span lang=\"CA\" style=\"font-family: &quot;arial&quot;;\"><br \/>\n<\/span><\/div>\n<div class=\"separator\" style=\"clear: both; text-align: center;\">\n<\/div>\n<div class=\"Textopredeterminado\" style=\"text-align: center;\">\n<span lang=\"CA\" style=\"font-family: &quot;arial&quot;;\"><br \/>\n<\/span><\/div>\n<div class=\"Textopredeterminado\" style=\"text-align: justify;\">\n<div class=\"separator\" style=\"clear: both; text-align: left;\">\n<img decoding=\"async\" border=\"0\" src=\"http:\/\/damesmagiques.com\/wp-content\/uploads\/2019\/09\/1001711_10151943342894769_1986985616_n.jpg\" \/><\/div>\n<div style=\"text-align: left;\">\n<\/div>\n<p><span lang=\"CA\" style=\"font-family: &quot;arial&quot;;\"><br \/>\n<\/span><\/div>\n<div class=\"Textopredeterminado\" style=\"text-align: justify;\">\n<span lang=\"CA\" style=\"font-family: &quot;arial&quot;;\"><br \/>\n<\/span><\/div>\n<div class=\"Textopredeterminado\" style=\"text-align: justify;\">\n<span lang=\"CA\" style=\"font-family: &quot;arial&quot;;\">Teia M. Moner nace una primavera en el barrio de Sant Antoni de Barcelona <o:p><\/o:p><\/span><\/div>\n<div class=\"Textopredeterminado\" style=\"text-align: justify;\">\n<\/div>\n<div class=\"Textopredeterminado\" style=\"text-align: justify;\">\n<b><u><span lang=\"CA\" style=\"color: maroon; font-family: &quot;arial&quot;; font-size: 14pt;\">1. Curr\u00edculum profesional pedag\u00f3gico:<o:p><\/o:p><\/span><\/u><\/b><\/div>\n<div class=\"Textopredeterminado\" style=\"text-align: justify;\">\n<\/div>\n<div class=\"Textopredeterminado\" style=\"text-align: justify;\">\n<span lang=\"CA\" style=\"font-family: &quot;arial&quot;;\">Maestra de primaria y de Educaci\u00f3n Especial<i><o:p><\/o:p><\/i><\/span><\/div>\n<div class=\"Textopredeterminado\" style=\"text-align: justify;\">\n<span lang=\"CA\" style=\"font-family: &quot;arial&quot;;\">Pedagoga Terapeuta<o:p><\/o:p><\/span><\/div>\n<div class=\"Textopredeterminado\" style=\"text-align: justify;\">\n<span lang=\"CA\" style=\"font-family: &quot;arial&quot;;\">T\u00e9cnica en Educaci\u00f3n Emocional<o:p><\/o:p><\/span><\/div>\n<div class=\"Textopredeterminado\" style=\"text-align: justify;\">\n<span lang=\"CA\" style=\"font-family: &quot;arial&quot;;\">Direcci\u00f3n y Gesti\u00f3n de Centros<o:p><\/o:p><\/span><\/div>\n<div class=\"Textopredeterminado\" style=\"text-align: justify;\">\n<span lang=\"CA\" style=\"font-family: &quot;arial&quot;;\">Maestra de Catal\u00e1n<o:p><\/o:p><\/span><\/div>\n<div class=\"Textopredeterminado\" style=\"text-align: justify;\">\n<span lang=\"CA\" style=\"font-family: &quot;arial&quot;;\">Formadora de Maestros. ICE. Universidad Aut\u00f3noma de Barcelona. <o:p><\/o:p><\/span><\/div>\n<div class=\"MsoBodyText\">\n<span lang=\"CA\" style=\"color: black;\"><span style=\"font-family: &quot;arial&quot; , &quot;helvetica&quot; , sans-serif;\">Organizadora junto con el ICE de la UB de las Jornadas sobre t\u00edteres, terapia y educaci\u00f3n, que se ha realizado en Espa\u00f1a. 2008, 2010 y 2012. Universidad de Barcelona.<\/span><\/span><br \/>\n<span lang=\"CA\" style=\"color: black;\"><span style=\"font-family: &quot;arial&quot; , &quot;helvetica&quot; , sans-serif;\">2015 con UB, Institut del Teatre e IF Barcelona.<\/span><o:p><\/o:p><\/span><\/div>\n<div class=\"Textopredeterminado\" style=\"text-align: justify;\">\n<span lang=\"CA\" style=\"color: black; font-family: &quot;arial&quot;;\">Habitualmente da conferencias sobre educaci\u00f3n (Espa\u00f1a, Francia, Canad\u00e1 ...)<o:p><\/o:p><\/span><\/div>\n<div class=\"Textopredeterminado\" style=\"text-align: justify;\">\n<span lang=\"CA\" style=\"color: black; font-family: &quot;arial&quot;;\">Representante de Espa\u00f1a en la RIMES (Red Internacional Marioneta, Educaci\u00f3n y Salud))<o:p><\/o:p><\/span><\/div>\n<div class=\"Textopredeterminado\" style=\"text-align: justify;\">\n<\/div>\n<div class=\"Textopredeterminado\" style=\"text-align: justify;\">\n<b><u><span lang=\"CA\" style=\"color: maroon; font-family: &quot;arial&quot;; font-size: 14pt;\">2. Curr\u00edculum como profesional del espect\u00e1culo:<\/span><\/u><\/b><span lang=\"CA\" style=\"color: maroon; font-family: &quot;arial&quot;; font-size: 14pt;\"><o:p><\/o:p><\/span><\/div>\n<div class=\"Textopredeterminado\" style=\"text-align: justify;\">\n<\/div>\n<div class=\"Textopredeterminado\" style=\"text-align: justify;\">\n<u><span lang=\"CA\" style=\"font-family: &quot;arial&quot;;\">1 .Cuarenta a\u00f1os como profesional del espect\u00e1culo<\/span><\/u><span lang=\"CA\" style=\"font-family: &quot;arial&quot;;\">.<o:p><\/o:p><\/span><\/div>\n<div class=\"Textopredeterminado translation-block\" style=\"text-align: justify;\">T\u00e9cnica Escuela alemana de marionetas. Albrech Roser.<\/div>\n<div class=\"Textopredeterminado translation-block\" style=\"text-align: justify;\">Curso sobre teor\u00eda de la marioneta. Heryk Yurkosky.<\/div>\n<div class=\"Textopredeterminado translation-block\" style=\"text-align: justify;\">T\u00e9cnica Escuela inglesa de marionetas. H.V. Tozer.<\/div>\n<div class=\"Textopredeterminado\" style=\"text-align: justify;\">\n<span lang=\"CA\" style=\"font-family: &quot;arial&quot;;\">Trabajo con Teatro Laboratorio di Figura. Florencia.<o:p><\/o:p><\/span><\/div>\n<div class=\"Textopredeterminado translation-block\" style=\"text-align: justify;\">Trabajos de clown con Fritello (Alemania) y Roy Bossier.<\/div>\n<div class=\"Textopredeterminado translation-block\" style=\"text-align: justify;\">Trabajos con Comediants<\/div>\n<div class=\"Textopredeterminado\" style=\"text-align: justify;\">\n<span lang=\"CA\" style=\"font-family: &quot;arial&quot;;\">Trabajos de magia con el Magic Andreu<o:p><\/o:p><\/span><\/div>\n<div class=\"Textopredeterminado translation-block\" style=\"text-align: justify;\">Curso de cine y animaci\u00f3n con plastilina. Albert Gil<\/div>\n<div class=\"Textopredeterminado\" style=\"text-align: justify;\">\n<u><span lang=\"CA\" style=\"font-family: &quot;arial&quot;;\">2. Fundaci\u00f3n del grupo teatral <b>LOS FARSANTES<\/b><\/span><\/u><b><span lang=\"CA\" style=\"font-family: &quot;arial&quot;;\">.<o:p><\/o:p><\/span><\/b><\/div>\n<div class=\"Textopredeterminado\" style=\"text-align: justify;\">\n<span lang=\"CA\" style=\"font-family: &quot;arial&quot;;\">Creadora del primer espect\u00e1culo de animaci\u00f3n con espuma que se realiz\u00f3 en Espa\u00f1a. 1985<o:p><\/o:p><\/span><\/div>\n<div class=\"Textopredeterminado\" style=\"text-align: justify;\">\n<u><span lang=\"CA\" style=\"font-family: &quot;arial&quot;;\">3. Fundaci\u00f3n de la compa\u00f1\u00eda teatral <b><i>NESSUN DORM<\/i><\/b><\/span><\/u><span lang=\"CA\" style=\"font-family: &quot;arial&quot;;\">.<o:p><\/o:p><\/span><\/div>\n<div class=\"Textopredeterminado\" style=\"text-align: justify;\">\n<span lang=\"CA\" style=\"font-family: &quot;arial&quot;;\">Creaci\u00f3n de los dos primeros espect\u00e1culos:<o:p><\/o:p><\/span><\/div>\n<div class=\"Textopredeterminado\" style=\"text-align: justify;\">\n<\/div>\n<div class=\"Textopredeterminado\" style=\"text-align: justify;\">\n<b><i><span lang=\"CA\" style=\"font-family: &quot;arial&quot;;\">NINOTARIUM<o:p><\/o:p><\/span><\/i><\/b><\/div>\n<div class=\"Textopredeterminado\" style=\"text-align: justify;\">\n<b><i><span lang=\"CA\" style=\"font-family: &quot;arial&quot;;\">CON QUIJOTE hemos topado<\/span><\/i><\/b><b><span lang=\"CA\" style=\"font-family: &quot;arial&quot;;\"><o:p><\/o:p><\/span><\/b><\/div>\n<div class=\"Textopredeterminado\" style=\"text-align: justify;\">\n<\/div>\n<div class=\"Textopredeterminado\" style=\"text-align: justify;\">\n<u><span lang=\"CA\" style=\"font-family: &quot;arial&quot;;\">4. Direcci\u00f3n, marionetas y escenograf\u00eda conjunta del espect\u00e1culo <o:p><\/o:p><\/span><\/u><\/div>\n<div class=\"Textopredeterminado\" style=\"text-align: justify;\">\n<b><i><u><span lang=\"CA\" style=\"font-family: &quot;arial&quot;;\">&quot;ANTOLOG\u00cdA&quot;<\/span><\/u><\/i><\/b><b><u><span lang=\"CA\" style=\"font-family: &quot;arial&quot;;\"> de Jordi Bertran<\/span><\/u><\/b><span lang=\"CA\" style=\"font-family: &quot;arial&quot;;\">.<o:p><\/o:p><\/span><\/div>\n<div class=\"Textopredeterminado\" style=\"text-align: justify;\">\n<\/div>\n<div class=\"Textopredeterminado\" style=\"text-align: justify;\">\n<u><span lang=\"CA\" style=\"font-family: &quot;arial&quot;;\">5. Televisiones<\/span><\/u><span lang=\"CA\" style=\"font-family: &quot;arial&quot;;\"><o:p><\/o:p><\/span><\/div>\n<div class=\"Textopredeterminado\" style=\"text-align: justify;\">\n<span lang=\"CA\" style=\"font-family: &quot;arial&quot;;\">Colaboraci\u00f3n programa TV2 <i>&nbsp;<b>\u201cSopa de Letras\u201d<\/b><\/i><o:p><\/o:p><\/span><\/div>\n<div class=\"Textopredeterminado\" style=\"text-align: justify;\">\n<span lang=\"CA\" style=\"font-family: &quot;arial&quot;;\">Colaboraci\u00f3n programa TV3 <b><i>&quot;Vendremos a cenar&quot;<o:p><\/o:p><\/i><\/b><\/span><\/div>\n<div class=\"Textopredeterminado\" style=\"text-align: justify;\">\n<span lang=\"CA\" style=\"font-family: &quot;arial&quot;;\">Programa TVE. <b>\u201cCaj\u00f3n Desastre\u201d<\/b><o:p><\/o:p><\/span><\/div>\n<div class=\"Textopredeterminado\" style=\"text-align: justify;\">\n<span lang=\"CA\" style=\"font-family: &quot;arial&quot;;\">Euskal Televista TV<o:p><\/o:p><\/span><\/div>\n<div class=\"Textopredeterminado\" style=\"text-align: justify;\">\n<span lang=\"CA\" style=\"font-family: &quot;arial&quot;;\">Programa <b>&quot;Alicia&quot;<\/b> TV2<o:p><\/o:p><\/span><\/div>\n<div class=\"Textopredeterminado\" style=\"text-align: justify;\">\n<span lang=\"CA\" style=\"font-family: &quot;arial&quot;;\">TV Japonesa. <b>Fuji Project Incorporated 92<o:p><\/o:p><\/b><\/span><\/div>\n<div class=\"Textopredeterminado\" style=\"text-align: justify;\">\n<span lang=\"CA\" style=\"font-family: &quot;arial&quot;;\">Canal 33<b> <\/b>Programa: <b>&nbsp;Nydia <\/b><\/span><span lang=\"CA\" style=\"font-family: &quot;arial&quot;;\"><o:p><\/o:p><\/span><\/div>\n<div class=\"Textopredeterminado\" style=\"text-align: justify;\">\n<i><u><span lang=\"CA\" style=\"font-family: &quot;arial&quot;;\">6. <\/span><\/u><\/i><b><u><span lang=\"CA\" style=\"font-family: &quot;arial&quot;;\">Centro Dram\u00e1tico de la Generalidad de Catalu\u00f1a<\/span><\/u><\/b><i><u><span lang=\"CA\" style=\"font-family: &quot;arial&quot;;\">. \u201cDUROS A CUATRO PESETAS\u201d de Santiago Rusi\u00f1ol. 1988<o:p><\/o:p><\/span><\/u><\/i><\/div>\n<div class=\"Textopredeterminado\" style=\"text-align: justify;\">\n<i><u><span lang=\"CA\" style=\"font-family: &quot;arial&quot;;\">7. <\/span><\/u><\/i><b><u><span lang=\"CA\" style=\"font-family: &quot;arial&quot;;\">Orquesta de C\u00e1mara del Teatro Libre de Barcelona<\/span><\/u><\/b><i><u><span lang=\"CA\" style=\"font-family: &quot;arial&quot;;\">. &quot;RETABLO DEL MAESE PEDRO&quot; de Manuel de Falla<\/span><\/u><\/i><u><span lang=\"CA\" style=\"font-family: &quot;arial&quot;;\">. 1989<o:p><\/o:p><\/span><\/u><\/div>\n<div class=\"Textopredeterminado\" style=\"text-align: justify;\">\n<u><span lang=\"CA\" style=\"font-family: &quot;arial&quot;;\">8. Colaboradora de la <b>Revista <i>ENTREACTO<\/i><\/b>. Asociaci\u00f3n de actores y directores profesionales de Catalu\u00f1a.<o:p><\/o:p><\/span><\/u><\/div>\n<div class=\"Textopredeterminado\" style=\"text-align: justify;\">\n<\/div>\n<div class=\"Textopredeterminado\" style=\"text-align: justify;\">\n<u><span lang=\"CA\" style=\"font-family: &quot;arial&quot;;\">9.<b> Trabajo con directores<\/b><\/span><\/u><span lang=\"CA\" style=\"font-family: &quot;arial&quot;;\">:Carme Portacelli, Ignasi Roda, Joan Anguera, Joan Baixas, Joan Guillen, Joan Busquets, Miquel Espinosa<o:p><\/o:p><\/span><\/div>\n<div class=\"Textopredeterminado\" style=\"text-align: justify;\">\n<\/div>\n<div class=\"Textopredeterminado\" style=\"text-align: justify;\">\n<u><span lang=\"CA\" style=\"font-family: &quot;arial&quot;;\">10. Colaboraciones<b>: Revista Pedag\u00f3gica YESO<o:p><\/o:p><\/b><\/span><\/u><\/div>\n<div class=\"Textopredeterminado\" style=\"text-align: justify;\">\n<\/div>\n<div class=\"Textopredeterminado\" style=\"text-align: justify;\">\n<u><span lang=\"CA\" style=\"font-family: &quot;arial&quot;;\">11. <b>Como fot\u00f3grafa haciendo reportajes fotogr\u00e1ficos<\/b> <b>a:<\/b><\/span><\/u><span lang=\"CA\" style=\"font-family: &quot;arial&quot;;\"><o:p><\/o:p><\/span><\/div>\n<div class=\"Textopredeterminado\" style=\"text-align: justify;\">\n<b><span lang=\"CA\" style=\"font-family: &quot;arial&quot;;\">El Pais y la Revista J.20<o:p><\/o:p><\/span><\/b><\/div>\n<div class=\"Textopredeterminado\" style=\"text-align: justify;\">\n<\/div>\n<div class=\"Textopredeterminado\" style=\"text-align: justify;\">\n<span lang=\"CA\" style=\"font-family: &quot;arial&quot;;\">12.&nbsp; <b><u>Espect\u00e1culos de TEIA MONER:<\/u><\/b><o:p><\/o:p><\/span><\/div>\n<div class=\"Textopredeterminado\" style=\"text-align: justify;\">\n<\/div>\n<div class=\"Textopredeterminado\" style=\"text-align: justify;\">\n<i><span lang=\"CA\" style=\"font-family: &quot;arial&quot;;\">1993 &#8211;<\/span><\/i><span lang=\"CA\" style=\"font-family: &quot;arial&quot;;\"> <b>&nbsp;\u00a1QUE eres de bestia!<\/b> <b><u><span style=\"color: #993300;\">Premio al Ingenio y la Originalidad 1996<\/span><\/u><span style=\"color: #993300;\">.<\/span><\/b> Otorgado por la Asociaci\u00f3n Actores. Teatro Artenbrut. Barcelona TV. <i>P\u00fablico Adulto<\/i><o:p><\/o:p><\/span><\/div>\n<div class=\"Textopredeterminado translation-block\" style=\"text-align: justify;\">1994 - LOS HIJOS DEL SOL. Premio Risas 1993. Todos P\u00fablicos. Colaboraci\u00f3n del Departamento de Cultura de la Generalitat de Catalu\u00f1a.<\/div>\n<div class=\"Textopredeterminado translation-block\" style=\"text-align: justify;\">1995 - RECETARIO. Todos P\u00fablicos. Colaboraci\u00f3n del Departamento de Cultura de la Generalitat de Catalu\u00f1a.<\/div>\n<div class=\"Textopredeterminado\" style=\"text-align: justify;\">\n<i><span lang=\"CA\" style=\"font-family: &quot;arial&quot;;\">1998 &#8211;<\/span><\/i><b><span lang=\"CA\" style=\"font-family: &quot;arial&quot;;\">&nbsp; UBE!<\/span><\/b><span lang=\"CA\" style=\"font-family: &quot;arial&quot;;\"> . <i>P\u00fablico Adulto. Colaboraci\u00f3n del Departamento de Cultura de la Generalidad de Catalu\u00f1a. Ministerio de Asuntos Sociales de Andorra. Museo de Gav\u00e0<o:p><\/o:p><\/i><\/span><\/div>\n<div class=\"Textopredeterminado\" style=\"text-align: justify;\">\n<span lang=\"CA\" style=\"font-family: &quot;arial&quot;;\">1999 &#8211;&nbsp; <b>CUENTOS TEL\u00daRICOS<\/b>. <i>Todos P\u00fablicos<\/i><o:p><\/o:p><\/span><\/div>\n<div class=\"Textopredeterminado translation-block\" style=\"text-align: justify;\">2000 - Reposici\u00f3n CON QUIJOTE HEMOS TOPADO. Todos P\u00fablicos. Colaboraci\u00f3n del Departamento de Cultura de la Generalidad de Catalu\u00f1a.<\/div>\n<div class=\"Textopredeterminado\" style=\"text-align: justify;\">\n<span lang=\"CA\" style=\"font-family: &quot;arial&quot;;\">2000<\/span><span lang=\"CA\">&nbsp; &#8211; <\/span><i><span lang=\"CA\" style=\"font-family: &quot;arial&quot;;\">&nbsp;<\/span><\/i><span lang=\"CA\" style=\"font-family: &quot;arial&quot;;\">Exposici\u00f3n <b>21 a\u00f1os de \u201cTi Teias\u201d<\/b><\/span><span lang=\"CA\"><o:p><\/o:p><\/span><\/div>\n<div class=\"Textopredeterminado\" style=\"text-align: justify;\">\n<span lang=\"CA\" style=\"color: black; font-family: &quot;arial&quot;;\">2001 \u2013 <b>SUE\u00d1O DE UNA NOCHE DE VERANO<\/b>. <\/span><b><u><span lang=\"CA\" style=\"color: #993300; font-family: &quot;arial&quot;;\">Premio Red 2000<\/span><\/u><\/b><span lang=\"CA\" style=\"color: black; font-family: &quot;arial&quot;;\">. <i>Todos P\u00fablicos<o:p><\/o:p><\/i><\/span><\/div>\n<div class=\"Textopredeterminado\" style=\"text-align: justify;\">\n<span lang=\"CA\" style=\"color: black; font-family: &quot;arial&quot;;\">2002 <i>\u2013 <\/i><b>NO ME TOMAS EL N\u00daMERO<\/b><i>. Todos p\u00fablicos<\/i><o:p><\/o:p><\/span><\/div>\n<div class=\"Textopredeterminado\" style=\"text-align: justify;\">\n<span lang=\"CA\" style=\"color: black; font-family: &quot;arial&quot;;\">2003 \u2013 <b>A LA SOMBRA DE PATUFETE<\/b><i>. Todos p\u00fablicos<o:p><\/o:p><\/i><\/span><\/div>\n<div class=\"Textopredeterminado\" style=\"text-align: justify;\">\n<span lang=\"CA\" style=\"color: black; font-family: &quot;arial&quot;;\">2004-2009 - Puesta en marcha de talleres ambulantes de construcci\u00f3n de t\u00edteres <b><o:p><\/o:p><\/b><\/span><\/div>\n<div class=\"Textopredeterminado translation-block\" style=\"text-align: justify;\">2004 - MINIMAL MAGIC. P\u00fablico Adulto. Colaboraci\u00f3n del Departamento de Cultura de la Generalitat de Catalu\u00f1a. Co-producci\u00f3n Mediterr\u00e1neo. Feria de espect\u00e1culos de Ra\u00edz Tradicional de Manresa. Premio especial a la creatividad 2010. Festival de T\u00edteres de la Vall d'Albaida.<\/div>\n<div class=\"Textopredeterminado\" style=\"text-align: justify;\">\n<span lang=\"CA\" style=\"font-family: &quot;arial&quot;;\">2006 &#8211; <b style=\"mso-bidi-font-weight: normal;\">CHEFS. <\/b><i>Todos p\u00fablicos. Colaboraci\u00f3n INAEM e ICIC, Departamento de Cultura de la Generalidad de Catalu\u00f1a.<o:p><\/o:p><\/i><\/span><\/div>\n<div class=\"Textopredeterminado\" style=\"text-align: justify;\">\n<span lang=\"CA\" style=\"font-family: &quot;arial&quot;;\">2007 &#8211; <b style=\"mso-bidi-font-weight: normal;\">CUENTOS A LA SOMBRA. <\/b><i>Todos p\u00fablicos. Colaboraci\u00f3n ICIC, Departamento de Cultura de la Generalidad de Catalu\u00f1a.<o:p><\/o:p><\/i><\/span><\/div>\n<div class=\"Textopredeterminado\" style=\"text-align: justify;\">\n<i><span lang=\"CA\" style=\"font-family: &quot;arial&quot;;\">2009 &#8211; <\/span><\/i><b style=\"mso-bidi-font-weight: normal;\"><span lang=\"CA\" style=\"font-family: &quot;arial&quot;;\">GALAXI<\/span><\/b><i><span lang=\"CA\" style=\"font-family: &quot;arial&quot;;\">. Todos P\u00fablicos. Colaboraci\u00f3n ICIC, Departamento de Cultura de la Generalidad de Catalu\u00f1a.<o:p><\/o:p><\/span><\/i><\/div>\n<div class=\"Textopredeterminado\" style=\"text-align: justify;\">\n<i><span lang=\"ES\" style=\"font-family: &quot;arial&quot;; font-size: 11pt;\">2011-17 \u2013 <\/span><\/i><b style=\"mso-bidi-font-weight: normal;\"><span lang=\"ES\" style=\"font-family: &quot;arial&quot;; font-size: 11pt;\">EMBROSA. <\/span><\/b><span lang=\"ES\" style=\"font-family: &quot;arial&quot;; font-size: 11pt;\"><span lang=\"ES\" style=\"font-family: &quot;arial&quot;; font-size: 11pt;\"><i>P\u00fablico familiar. <\/i><\/span>Direcci\u00f3n y producci\u00f3n. C\u00eda ADDAURA TEATRO VISUAL<\/span><\/div>\n<div class=\"Textopredeterminado translation-block\" style=\"text-align: justify;\">2011 - PULGAS CIRKUS MONER. P\u00fablico Familiar. Colaboraci\u00f3n del Departamento de Cultura de la Generalitat de Catalu\u00f1a<\/div>\n<div class=\"Textopredeterminado\" style=\"text-align: justify;\">\n<i><span lang=\"ES\" style=\"font-family: &quot;arial&quot;; font-size: 11pt;\">2011 \u2013<\/span><\/i><b style=\"mso-bidi-font-weight: normal;\"><span lang=\"ES\" style=\"font-family: &quot;arial&quot;; font-size: 11pt;\"> MAESTROS DE LA MAGIA. <\/span><\/b><i><span lang=\"ES\" style=\"font-family: &quot;arial&quot;; font-size: 11pt;\">P\u00fablico familiar. Gala de magia compartida con Aliskim, Enric Magoo, Brando y Silvana, y M\u00e0gic Sergio.<\/span><\/i><br \/>\n<i><span lang=\"ES\" style=\"font-family: &quot;arial&quot;; font-size: 11pt;\">2012 <\/span><\/i><b style=\"mso-bidi-font-weight: normal;\"><span lang=\"ES\" style=\"font-family: &quot;arial&quot;; font-size: 11pt;\">\u2013 CON LETRA MENUDA<\/span><\/b><i><span lang=\"ES\" style=\"font-family: &quot;arial&quot;; font-size: 11pt;\">. de Jaume Cela. <span style=\"color: black;\">P\u00fablico familiar<\/span><\/span><\/i><b><span lang=\"ES\" style=\"color: black; font-family: &quot;arial&quot;; font-size: 11pt;\">. <\/span><\/b><i><span lang=\"ES\" style=\"font-family: &quot;arial&quot;; font-size: 11pt;\">Colaboraci\u00f3n del Departamento de Cultura de la Generalidad de Catalu\u00f1a.<\/span><\/i><br \/>\n<i><span lang=\"ES\" style=\"font-family: &quot;arial&quot;; font-size: 11pt;\"><o:p><\/o:p><\/span><\/i><\/div>\n<div class=\"Textopredeterminado\" style=\"text-align: justify;\">\n<span lang=\"ES\" style=\"font-family: &quot;arial&quot;; font-size: 11pt;\"><i>2015 &#8211; <\/i><b>CUENTOS DE HIELO. <\/b><i>p\u00fablico familiar<\/i><\/span><br \/>\n<span lang=\"ES\" style=\"font-family: &quot;arial&quot;; font-size: 11pt;\"><i>2015 &#8211; <\/i><b>MOBILUS. <\/b><i>P\u00fablico familiar. <\/i>Direcci\u00f3n y producci\u00f3n. C\u00eda ADDAURA TEATRO VISUAL<\/span><br \/>\n<span lang=\"ES\" style=\"font-family: &quot;arial&quot;; font-size: 11pt;\"><i>2018- <\/i><b>TROPICO<\/b>. <i>P\u00fablico familiar<\/i><\/span><br \/>\n<span lang=\"ES\" style=\"font-family: &quot;arial&quot;; font-size: 11pt;\"><i>2019- <\/i><b>KL\u00c9. <\/b><i>P\u00fablico familiar. <\/i>Direcci\u00f3n y producci\u00f3n. C\u00eda Addaura Teatro Visual<b>&nbsp;<\/b> <\/span><br \/>\n<span lang=\"ES\" style=\"font-family: &quot;arial&quot;; font-size: 11pt;\"><\/span><br \/>\n<span lang=\"ES\" style=\"font-family: &quot;arial&quot;; font-size: 11pt;\"><o:p><\/o:p><\/span><\/div>\n<div class=\"Textopredeterminado\" style=\"text-align: justify;\">\n<u><span lang=\"CA\" style=\"font-family: &quot;arial&quot;;\">13. Construcci\u00f3n de t\u00edteres y sombras del espect\u00e1culo <b>&quot;<span style=\"font-size: small;\">COLORES\u201d de <o:p><\/o:p><\/span><\/b><\/span><\/u><\/div>\n<div class=\"Textopredeterminado\" style=\"text-align: justify;\">\n<span style=\"font-size: small;\"><b><u><span lang=\"CA\" style=\"font-family: &quot;arial&quot;;\">Xavier Mariscal<\/span><\/u><\/b><\/span><span lang=\"CA\" style=\"font-family: &quot;arial&quot;; font-size: 14pt;\"><o:p><\/o:p><\/span><\/div>\n<div class=\"Textopredeterminado\" style=\"text-align: justify;\">\n<\/div>\n<div class=\"Textopredeterminado\" style=\"text-align: justify;\">\n<u><span lang=\"CA\" style=\"font-family: &quot;arial&quot;;\">14. Construcci\u00f3n de t\u00edteres del espect\u00e1culo <b>\"TINA, LA BRUJA FINA\" de T\u00e0bata Teatro<o:p><\/o:p><\/b><\/span><\/u><\/div>\n<div class=\"Textopredeterminado\" style=\"text-align: justify;\">\n<\/div>\n<div class=\"MsoNormal\">\n<u><span lang=\"CA\" style=\"font-family: &quot;arial&quot;;\">15<b>. Cine: <\/b><\/span><\/u><span lang=\"CA\" style=\"font-family: &quot;arial&quot;;\">BARCELONA, HISTORIA DE UNA NOCHE. CECC<o:p><\/o:p><\/span><\/div>\n<div class=\"MsoNormal\">\n<\/div>\n<div class=\"MsoNormal\">\n<u><span lang=\"CA\" style=\"font-family: &quot;arial&quot;;\">16. <b style=\"mso-bidi-font-weight: normal;\">Premios: <o:p><\/o:p><\/b><\/span><\/u><\/div>\n<div class=\"MsoNormal\">\n<b><i style=\"mso-bidi-font-style: normal;\"><span lang=\"CA\" style=\"color: red; font-family: &quot;arial&quot;;\">Premio al Ingenio y la Originalidad 1996<o:p><\/o:p><\/span><\/i><\/b><\/div>\n<div class=\"MsoNormal\">\n<b><i style=\"mso-bidi-font-style: normal;\"><span lang=\"CA\" style=\"color: red; font-family: &quot;arial&quot;;\">Premio Risas 1993<o:p><\/o:p><\/span><\/i><\/b><\/div>\n<div class=\"MsoNormal\">\n<b><i style=\"mso-bidi-font-style: normal;\"><span lang=\"CA\" style=\"color: red; font-family: &quot;arial&quot;;\">Premio Red 2000<o:p><\/o:p><\/span><\/i><\/b><\/div>\n<div style=\"margin-bottom: .0001pt; margin: 0cm;\">\n<b style=\"mso-bidi-font-weight: normal;\"><i style=\"mso-bidi-font-style: normal;\"><span lang=\"CA\" style=\"color: red; font-family: &quot;arial&quot;; font-size: 11pt;\">PREMIO ESPECIAL A LA CREATIVIDAD. Festival T\u00edteres La Vall d&#039;Albaida 2010<\/span><\/i><\/b><br \/>\n<b style=\"mso-bidi-font-weight: normal;\"><i style=\"mso-bidi-font-style: normal;\"><span lang=\"CA\" style=\"color: red; font-family: &quot;arial&quot;; font-size: 11pt;\">PREMIO DEL P\u00daBLICO FUNDACI\u00d3N RED CORBERA DE LLOBREGAT 2017<\/span><\/i><\/b><br \/>\n<b style=\"mso-bidi-font-weight: normal;\"><i style=\"mso-bidi-font-style: normal;\"><span lang=\"CA\" style=\"color: red; font-family: &quot;arial&quot;; font-size: 11pt;\">NOMINACI\u00d3N PREMIOS MAX 2017<\/span><\/i><\/b><br \/>\n<b style=\"mso-bidi-font-weight: normal;\"><i style=\"mso-bidi-font-style: normal;\"><span lang=\"CA\" style=\"color: red; font-family: &quot;arial&quot;; font-size: 11pt;\">MENCI\u00d3N HONOR\u00cdFICA FESTIVAL INTERNACIONAL DE MAGIA MEMORIAL LI-CHANG 2018<\/span><\/i><\/b><br \/>\n<b style=\"mso-bidi-font-weight: normal;\"><i style=\"mso-bidi-font-style: normal;\"><span lang=\"CA\" style=\"color: red; font-family: &quot;arial&quot;; font-size: 11pt;\">FINALISTA PREMIOS MAX 2018 <\/span><\/i><\/b><b style=\"mso-bidi-font-weight: normal;\"><i style=\"mso-bidi-font-style: normal;\"><span lang=\"CA\" style=\"color: red; font-size: 11pt;\"><o:p><\/o:p><\/span><\/i><\/b><\/div>\n<div class=\"MsoNormal\">\n<\/div>\n<div class=\"MsoNormal\">\n<b><i style=\"mso-bidi-font-style: normal;\"><span lang=\"CA\" style=\"color: black; font-family: &quot;arial&quot;;\">17. <u>Directora Art\u00edstica de DAMA<\/u>, Festival Internacional de Damas M\u00e1gicas en Terrassa (espect\u00e1culos de magia realizados por mujeres). <o:p><\/o:p><\/span><\/i><\/b><\/div>\n<div class=\"MsoNormal\">\n<b><i style=\"mso-bidi-font-style: normal;\"><span lang=\"CA\" style=\"color: black; font-family: &quot;arial&quot;;\">2006-2007-2008-2009-2010-2011-2012-2013<o:p><\/o:p><\/span><\/i><\/b><\/div>\n<div class=\"MsoNormal\">\n<\/div>\n<div class=\"MsoNormal\">\n<b><i style=\"mso-bidi-font-style: normal;\"><span lang=\"CA\" style=\"color: black; font-family: &quot;arial&quot;;\">18<u>. Miembro del colectivo: MAESTROS DE LA MAGIA<\/u><o:p><\/o:p><\/span><\/i><\/b><\/div>","protected":false},"excerpt":{"rendered":"<p>Teia M. Moner neix una primavera al barri de Sant Antoni de Barcelona 1. Curr\u00edculum professional pedag\u00f2gic: Mestra de prim\u00e0ria i d\u2019Educaci\u00f3 Especial Pedagoga Terapeuta T\u00e8cnica en Educaci\u00f3 Emocional Direcci\u00f3 &#8230; <\/p>\n<p class=\"read-more-container\"><a title=\"Teia Moner\" class=\"read-more button\" href=\"https:\/\/damesmagiques.com\/es\/teia-moner-2\/#more-5508\">seguir leyendo<span class=\"screen-reader-text\">Teia Moner<\/span><\/a><\/p>","protected":false},"author":3,"featured_media":0,"parent":0,"menu_order":0,"comment_status":"closed","ping_status":"closed","template":"","meta":{"footnotes":""},"_links":{"self":[{"href":"https:\/\/damesmagiques.com\/es\/wp-json\/wp\/v2\/pages\/5508"}],"collection":[{"href":"https:\/\/damesmagiques.com\/es\/wp-json\/wp\/v2\/pages"}],"about":[{"href":"https:\/\/damesmagiques.com\/es\/wp-json\/wp\/v2\/types\/page"}],"author":[{"embeddable":true,"href":"https:\/\/damesmagiques.com\/es\/wp-json\/wp\/v2\/users\/3"}],"replies":[{"embeddable":true,"href":"https:\/\/damesmagiques.com\/es\/wp-json\/wp\/v2\/comments?post=5508"}],"version-history":[{"count":1,"href":"https:\/\/damesmagiques.com\/es\/wp-json\/wp\/v2\/pages\/5508\/revisions"}],"predecessor-version":[{"id":5510,"href":"https:\/\/damesmagiques.com\/es\/wp-json\/wp\/v2\/pages\/5508\/revisions\/5510"}],"wp:attachment":[{"href":"https:\/\/damesmagiques.com\/es\/wp-json\/wp\/v2\/media?parent=5508"}],"curies":[{"name":"wp","href":"https:\/\/api.w.org\/{rel}","templated":true}]}}