{"id":1465,"date":"2020-05-13T10:21:18","date_gmt":"2020-05-13T08:21:18","guid":{"rendered":"https:\/\/gpsites.co\/dev\/?page_id=1465"},"modified":"2023-08-25T12:57:06","modified_gmt":"2023-08-25T10:57:06","slug":"activitats-educatives","status":"publish","type":"page","link":"https:\/\/damesmagiques.com\/fr\/activitats-educatives\/","title":{"rendered":"DAMES D&#039;HONNEUR"},"content":{"rendered":"<div data-elementor-type=\"wp-page\" data-elementor-id=\"1465\" class=\"elementor elementor-1465\" data-elementor-post-type=\"page\">\n\t\t\t\t\t\t<section class=\"elementor-section elementor-top-section elementor-element elementor-element-33df3d3 elementor-section-boxed elementor-section-height-default elementor-section-height-default\" data-id=\"33df3d3\" data-element_type=\"section\">\n\t\t\t\t\t\t<div class=\"elementor-container elementor-column-gap-default\">\n\t\t\t\t\t<div class=\"elementor-column elementor-col-100 elementor-top-column elementor-element elementor-element-cc7a5f1\" data-id=\"cc7a5f1\" data-element_type=\"column\">\n\t\t\t<div class=\"elementor-widget-wrap elementor-element-populated\">\n\t\t\t\t\t\t<div class=\"elementor-element elementor-element-a4f0f2c elementor-widget elementor-widget-heading\" data-id=\"a4f0f2c\" data-element_type=\"widget\" data-widget_type=\"heading.default\">\n\t\t\t\t<div class=\"elementor-widget-container\">\n\t\t\t<h2 class=\"elementor-heading-title elementor-size-default\"><a href=\"http:\/\/damesmagiques.com\/fr\/blog\/contacte\/\" target=\"_blank\">Dames magiques honoraires<\/a><\/h2>\t\t<\/div>\n\t\t\t\t<\/div>\n\t\t\t\t<div class=\"elementor-element elementor-element-eeaa2f5 elementor-widget elementor-widget-spacer\" data-id=\"eeaa2f5\" data-element_type=\"widget\" data-widget_type=\"spacer.default\">\n\t\t\t\t<div class=\"elementor-widget-container\">\n\t\t\t\t\t<div class=\"elementor-spacer\">\n\t\t\t<div class=\"elementor-spacer-inner\"><\/div>\n\t\t<\/div>\n\t\t\t\t<\/div>\n\t\t\t\t<\/div>\n\t\t\t\t<div class=\"elementor-element elementor-element-cd7b96c elementor-widget elementor-widget-heading\" data-id=\"cd7b96c\" data-element_type=\"widget\" data-widget_type=\"heading.default\">\n\t\t\t\t<div class=\"elementor-widget-container\">\n\t\t\t<h4 class=\"elementor-heading-title elementor-size-default\"><a href=\"http:\/\/damesmagiques.com\/fr\/blog\/contacte\/\" target=\"_blank\">EN RECONNAISSANCE DE CES FEMMES QUI ONT TRAVAILL\u00c9 POUR FAIRE DE CE MONDE UN ENDROIT MAGIQUE<\/a><\/h4>\t\t<\/div>\n\t\t\t\t<\/div>\n\t\t\t\t\t<\/div>\n\t\t<\/div>\n\t\t\t\t\t<\/div>\n\t\t<\/section>\n\t\t\t\t<section class=\"elementor-section elementor-top-section elementor-element elementor-element-799a6f8d elementor-section-content-middle elementor-reverse-mobile elementor-section-stretched elementor-section-boxed elementor-section-height-default elementor-section-height-default\" data-id=\"799a6f8d\" data-element_type=\"section\" data-settings=\"{&quot;stretch_section&quot;:&quot;section-stretched&quot;,&quot;background_background&quot;:&quot;classic&quot;}\">\n\t\t\t\t\t\t<div class=\"elementor-container elementor-column-gap-default\">\n\t\t\t\t\t<div class=\"elementor-column elementor-col-100 elementor-top-column elementor-element elementor-element-0f78230\" data-id=\"0f78230\" data-element_type=\"column\">\n\t\t\t<div class=\"elementor-widget-wrap elementor-element-populated\">\n\t\t\t\t\t\t<section class=\"elementor-section elementor-inner-section elementor-element elementor-element-aecf34e elementor-section-boxed elementor-section-height-default elementor-section-height-default\" data-id=\"aecf34e\" data-element_type=\"section\">\n\t\t\t\t\t\t<div class=\"elementor-container elementor-column-gap-default\">\n\t\t\t\t\t<div class=\"elementor-column elementor-col-50 elementor-inner-column elementor-element elementor-element-ba8bc77\" data-id=\"ba8bc77\" data-element_type=\"column\">\n\t\t\t<div class=\"elementor-widget-wrap elementor-element-populated\">\n\t\t\t\t\t\t<div class=\"elementor-element elementor-element-71babb6 elementor-widget elementor-widget-text-editor\" data-id=\"71babb6\" data-element_type=\"widget\" data-widget_type=\"text-editor.default\">\n\t\t\t\t<div class=\"elementor-widget-container\">\n\t\t\t\t\t\t\t<h4 style=\"text-align: center;\">CONSUELO LORGIA (COLOMBIE)\u00a0<\/h4><p style=\"text-align: center;\">Demoiselle d&#039;honneur magique 2019<\/p>\t\t\t\t\t\t<\/div>\n\t\t\t\t<\/div>\n\t\t\t\t<div class=\"elementor-element elementor-element-1f3631c elementor-widget elementor-widget-image\" data-id=\"1f3631c\" data-element_type=\"widget\" data-widget_type=\"image.default\">\n\t\t\t\t<div class=\"elementor-widget-container\">\n\t\t\t\t\t\t\t\t\t\t\t\t\t<img fetchpriority=\"high\" decoding=\"async\" width=\"222\" height=\"300\" src=\"https:\/\/damesmagiques.com\/wp-content\/uploads\/2023\/08\/2019-Consuelo-Lorgia-222x300.jpg\" class=\"attachment-medium size-medium wp-image-6964\" alt=\"Consuelo Lorgia\" srcset=\"https:\/\/damesmagiques.com\/wp-content\/uploads\/2023\/08\/2019-Consuelo-Lorgia-222x300.jpg 222w, https:\/\/damesmagiques.com\/wp-content\/uploads\/2023\/08\/2019-Consuelo-Lorgia-759x1024.jpg 759w, https:\/\/damesmagiques.com\/wp-content\/uploads\/2023\/08\/2019-Consuelo-Lorgia-768x1036.jpg 768w, https:\/\/damesmagiques.com\/wp-content\/uploads\/2023\/08\/2019-Consuelo-Lorgia-1139x1536.jpg 1139w, https:\/\/damesmagiques.com\/wp-content\/uploads\/2023\/08\/2019-Consuelo-Lorgia-1519x2048.jpg 1519w, https:\/\/damesmagiques.com\/wp-content\/uploads\/2023\/08\/2019-Consuelo-Lorgia-9x12.jpg 9w, https:\/\/damesmagiques.com\/wp-content\/uploads\/2023\/08\/2019-Consuelo-Lorgia.jpg 1650w\" sizes=\"(max-width: 222px) 100vw, 222px\" \/>\t\t\t\t\t\t\t\t\t\t\t\t\t<\/div>\n\t\t\t\t<\/div>\n\t\t\t\t\t<\/div>\n\t\t<\/div>\n\t\t\t\t<div class=\"elementor-column elementor-col-50 elementor-inner-column elementor-element elementor-element-2c8e6d6\" data-id=\"2c8e6d6\" data-element_type=\"column\">\n\t\t\t<div class=\"elementor-widget-wrap elementor-element-populated\">\n\t\t\t\t\t\t<div class=\"elementor-element elementor-element-ad6fc30 elementor-widget elementor-widget-text-editor\" data-id=\"ad6fc30\" data-element_type=\"widget\" data-widget_type=\"text-editor.default\">\n\t\t\t\t<div class=\"elementor-widget-container\">\n\t\t\t\t\t\t\t<p>Fille, s\u0153ur et m\u00e8re de magiciens. Mari\u00e9e avec Juan Tamariz. Il a obtenu des prix de Magie aux Congr\u00e8s du Mexique et du Br\u00e9sil. Il a jou\u00e9 dans les \u00e9missions de t\u00e9l\u00e9vision &quot;123&quot;, El Hormiguero, Buenafuente et Caragol TV... et collabore actuellement \u00e0 l&#039;\u00e9mission de Juan Tamariz avec ses propres num\u00e9ros Magic.<\/p><p>Sa magie a \u00e9t\u00e9 vue dans plusieurs pays de l&#039;Italie \u00e0 l&#039;Allemagne, de Las Vegas \u00e0 Los Angeles (au c\u00e9l\u00e8bre Magic Castle d&#039;Hollywood, temple de la Magie plus international), de la Colombie au Canada, du Maroc \u00e0 Paris. Hong Kong, Copenhague .<\/p><p>Professeur collaboratrice de la prestigieuse Grande \u00c9cole de Magie &quot;Ana Tamariz&quot;. Sp\u00e9cialiste de la magie pour les familles qu&#039;elle s\u00e9duit avec son spectacle &quot;Magie avec charme&quot; qu&#039;elle pr\u00e9sente dans plusieurs th\u00e9\u00e2tres de Madrid, Barcelone, S\u00e9ville, Cadix, Saint-S\u00e9bastien. , etc.<\/p>\t\t\t\t\t\t<\/div>\n\t\t\t\t<\/div>\n\t\t\t\t\t<\/div>\n\t\t<\/div>\n\t\t\t\t\t<\/div>\n\t\t<\/section>\n\t\t\t\t\t<\/div>\n\t\t<\/div>\n\t\t\t\t\t<\/div>\n\t\t<\/section>\n\t\t\t\t<section class=\"elementor-section elementor-top-section elementor-element elementor-element-40079de elementor-section-content-middle elementor-reverse-mobile elementor-section-stretched elementor-section-boxed elementor-section-height-default elementor-section-height-default\" data-id=\"40079de\" data-element_type=\"section\" data-settings=\"{&quot;stretch_section&quot;:&quot;section-stretched&quot;,&quot;background_background&quot;:&quot;classic&quot;}\">\n\t\t\t\t\t\t<div class=\"elementor-container elementor-column-gap-default\">\n\t\t\t\t\t<div class=\"elementor-column elementor-col-50 elementor-top-column elementor-element elementor-element-b73a625\" data-id=\"b73a625\" data-element_type=\"column\">\n\t\t\t<div class=\"elementor-widget-wrap elementor-element-populated\">\n\t\t\t\t\t\t<div class=\"elementor-element elementor-element-35c539a elementor-widget elementor-widget-text-editor\" data-id=\"35c539a\" data-element_type=\"widget\" data-widget_type=\"text-editor.default\">\n\t\t\t\t<div class=\"elementor-widget-container\">\n\t\t\t\t\t\t\t<h4 style=\"text-align: center;\">MARIA ESTHER PERAZA (CATALOGNE)<\/h4><div>Dame d&#039;honneur magique 2013<\/div><div>\u00a0<\/div>\t\t\t\t\t\t<\/div>\n\t\t\t\t<\/div>\n\t\t\t\t<div class=\"elementor-element elementor-element-fa38a29 elementor-widget elementor-widget-image\" data-id=\"fa38a29\" data-element_type=\"widget\" data-widget_type=\"image.default\">\n\t\t\t\t<div class=\"elementor-widget-container\">\n\t\t\t\t\t\t\t\t\t\t\t\t\t<img decoding=\"async\" width=\"231\" height=\"300\" src=\"https:\/\/damesmagiques.com\/wp-content\/uploads\/2023\/08\/2013-Esther-Peraza-231x300.jpg\" class=\"attachment-medium size-medium wp-image-6979\" alt=\"\" srcset=\"https:\/\/damesmagiques.com\/wp-content\/uploads\/2023\/08\/2013-Esther-Peraza-231x300.jpg 231w, https:\/\/damesmagiques.com\/wp-content\/uploads\/2023\/08\/2013-Esther-Peraza-788x1024.jpg 788w, https:\/\/damesmagiques.com\/wp-content\/uploads\/2023\/08\/2013-Esther-Peraza-768x997.jpg 768w, https:\/\/damesmagiques.com\/wp-content\/uploads\/2023\/08\/2013-Esther-Peraza-1183x1536.jpg 1183w, https:\/\/damesmagiques.com\/wp-content\/uploads\/2023\/08\/2013-Esther-Peraza-1577x2048.jpg 1577w, https:\/\/damesmagiques.com\/wp-content\/uploads\/2023\/08\/2013-Esther-Peraza-9x12.jpg 9w, https:\/\/damesmagiques.com\/wp-content\/uploads\/2023\/08\/2013-Esther-Peraza.jpg 1650w\" sizes=\"(max-width: 231px) 100vw, 231px\" \/>\t\t\t\t\t\t\t\t\t\t\t\t\t<\/div>\n\t\t\t\t<\/div>\n\t\t\t\t\t<\/div>\n\t\t<\/div>\n\t\t\t\t<div class=\"elementor-column elementor-col-50 elementor-top-column elementor-element elementor-element-69a466d\" data-id=\"69a466d\" data-element_type=\"column\">\n\t\t\t<div class=\"elementor-widget-wrap elementor-element-populated\">\n\t\t\t\t\t\t<div class=\"elementor-element elementor-element-647425a elementor-widget elementor-widget-text-editor\" data-id=\"647425a\" data-element_type=\"widget\" data-widget_type=\"text-editor.default\">\n\t\t\t\t<div class=\"elementor-widget-container\">\n\t\t\t\t\t\t\t<p>Maria Esther Peraza, a commenc\u00e9 son activit\u00e9 professionnelle dans le spectacle en 1979 en formant un duo magique appel\u00e9 Surera y Polilla. En 1980, avec quatre autres personnes, il organise le groupe d&#039;animation pour enfants M\u00e0gic Tr\u00e8bol, en 1986 il fonde PUMBYLANDIA, un club de temps libre o\u00f9 l&#039;on enseignait entre autres mati\u00e8res la magie, le ballet, le th\u00e9\u00e2tre, la magie, etc. En 1984, M\u00e0gic Tr\u00e8bol commence son voyage \u00e0 travers le monde des Grandes Illusions en tant que duo international. Il a d\u00e9velopp\u00e9 avec plusieurs centres psychiatriques un programme de lutte contre les maladies mentales par la magie (avec beaucoup de succ\u00e8s) comme en t\u00e9moignent les diff\u00e9rents dipl\u00f4mes et reconnaissances obtenus.<br \/>Il a donn\u00e9 des cours \u00e0 l&#039;Universit\u00e9 d&#039;\u00e9t\u00e9 de Cuenca, pendant plusieurs ann\u00e9es, pour enseignants sur &quot;La magie comme ressource p\u00e9dagogique&quot;.<br \/>Elle est la cr\u00e9atrice et enseignante de l&#039;\u00c9cole de Magie de Barcelone 3 de Tr\u00e8bol, organisant des cours, des castings, des conf\u00e9rences, des concours, etc. Contribuant ainsi \u00e0 cr\u00e9er la nouvelle g\u00e9n\u00e9ration de magiciens catalans.<\/p>\t\t\t\t\t\t<\/div>\n\t\t\t\t<\/div>\n\t\t\t\t\t<\/div>\n\t\t<\/div>\n\t\t\t\t\t<\/div>\n\t\t<\/section>\n\t\t\t\t<section class=\"elementor-section elementor-top-section elementor-element elementor-element-30e0151 elementor-section-content-middle elementor-reverse-mobile elementor-section-stretched elementor-section-boxed elementor-section-height-default elementor-section-height-default\" data-id=\"30e0151\" data-element_type=\"section\" data-settings=\"{&quot;stretch_section&quot;:&quot;section-stretched&quot;,&quot;background_background&quot;:&quot;classic&quot;}\">\n\t\t\t\t\t\t<div class=\"elementor-container elementor-column-gap-default\">\n\t\t\t\t\t<div class=\"elementor-column elementor-col-100 elementor-top-column elementor-element elementor-element-9b7aa63\" data-id=\"9b7aa63\" data-element_type=\"column\">\n\t\t\t<div class=\"elementor-widget-wrap elementor-element-populated\">\n\t\t\t\t\t\t<section class=\"elementor-section elementor-inner-section elementor-element elementor-element-2bbd170 elementor-section-boxed elementor-section-height-default elementor-section-height-default\" data-id=\"2bbd170\" data-element_type=\"section\">\n\t\t\t\t\t\t<div class=\"elementor-container elementor-column-gap-default\">\n\t\t\t\t\t<div class=\"elementor-column elementor-col-50 elementor-inner-column elementor-element elementor-element-97d5d84\" data-id=\"97d5d84\" data-element_type=\"column\">\n\t\t\t<div class=\"elementor-widget-wrap elementor-element-populated\">\n\t\t\t\t\t\t<div class=\"elementor-element elementor-element-04f43d7 elementor-widget elementor-widget-text-editor\" data-id=\"04f43d7\" data-element_type=\"widget\" data-widget_type=\"text-editor.default\">\n\t\t\t\t<div class=\"elementor-widget-container\">\n\t\t\t\t\t\t\t<h4 style=\"text-align: center;\">TERESA PALLEJA (CATALOGNE)\u00a0<\/h4><p style=\"text-align: center;\">Dame d&#039;honneur magique 2012<\/p>\t\t\t\t\t\t<\/div>\n\t\t\t\t<\/div>\n\t\t\t\t<div class=\"elementor-element elementor-element-5582dd8 elementor-widget elementor-widget-image\" data-id=\"5582dd8\" data-element_type=\"widget\" data-widget_type=\"image.default\">\n\t\t\t\t<div class=\"elementor-widget-container\">\n\t\t\t\t\t\t\t\t\t\t\t\t\t<img decoding=\"async\" width=\"222\" height=\"300\" src=\"https:\/\/damesmagiques.com\/wp-content\/uploads\/2023\/08\/2012-Teresa-Palleja-222x300.jpg\" class=\"attachment-medium size-medium wp-image-6978\" alt=\"Foto Teresa Palleja\" srcset=\"https:\/\/damesmagiques.com\/wp-content\/uploads\/2023\/08\/2012-Teresa-Palleja-222x300.jpg 222w, https:\/\/damesmagiques.com\/wp-content\/uploads\/2023\/08\/2012-Teresa-Palleja-759x1024.jpg 759w, https:\/\/damesmagiques.com\/wp-content\/uploads\/2023\/08\/2012-Teresa-Palleja-768x1036.jpg 768w, https:\/\/damesmagiques.com\/wp-content\/uploads\/2023\/08\/2012-Teresa-Palleja-1139x1536.jpg 1139w, https:\/\/damesmagiques.com\/wp-content\/uploads\/2023\/08\/2012-Teresa-Palleja-1519x2048.jpg 1519w, https:\/\/damesmagiques.com\/wp-content\/uploads\/2023\/08\/2012-Teresa-Palleja-9x12.jpg 9w, https:\/\/damesmagiques.com\/wp-content\/uploads\/2023\/08\/2012-Teresa-Palleja.jpg 1650w\" sizes=\"(max-width: 222px) 100vw, 222px\" \/>\t\t\t\t\t\t\t\t\t\t\t\t\t<\/div>\n\t\t\t\t<\/div>\n\t\t\t\t\t<\/div>\n\t\t<\/div>\n\t\t\t\t<div class=\"elementor-column elementor-col-50 elementor-inner-column elementor-element elementor-element-69545a7\" data-id=\"69545a7\" data-element_type=\"column\">\n\t\t\t<div class=\"elementor-widget-wrap elementor-element-populated\">\n\t\t\t\t\t\t<div class=\"elementor-element elementor-element-5e5a52c elementor-widget elementor-widget-text-editor\" data-id=\"5e5a52c\" data-element_type=\"widget\" data-widget_type=\"text-editor.default\">\n\t\t\t\t<div class=\"elementor-widget-container\">\n\t\t\t\t\t\t\t<p>A 24 ans, elle rencontre Ra\u00fcl Estivill i Borr\u00e0s, grand amateur de magie et collaborateur tr\u00e8s actif dans les soci\u00e9t\u00e9s magiques. Elle partage rapidement cet enthousiasme pour l&#039;illusionnisme.<br \/>Lorsque le dernier cinqui\u00e8me enfant entre \u00e0 l&#039;\u00e9cole, elle prend possession du poste de secr\u00e9taire du SEI, activit\u00e9 qu&#039;elle exerce depuis 28 ans de mani\u00e8re admirable. Son caract\u00e8re maternel, amical et travailleur en faveur de la magie a rendu sa personne tr\u00e8s respect\u00e9e et aim\u00e9e par tout le groupe. Elle a g\u00e9n\u00e9reusement contribu\u00e9 \u00e0 la croissance du SEI et au maintien du leadership du si\u00e8ge de Barcelone (ACAI), bien au-dessus de tout autre si\u00e8ge du reste de l&#039;\u00c9tat.<br \/>Elle a re\u00e7u, avec son mari, la M\u00e9daille d&#039;Or du M\u00e9rite Magique du SEI.<\/p>\t\t\t\t\t\t<\/div>\n\t\t\t\t<\/div>\n\t\t\t\t\t<\/div>\n\t\t<\/div>\n\t\t\t\t\t<\/div>\n\t\t<\/section>\n\t\t\t\t\t<\/div>\n\t\t<\/div>\n\t\t\t\t\t<\/div>\n\t\t<\/section>\n\t\t\t\t<section class=\"elementor-section elementor-top-section elementor-element elementor-element-d2894ee elementor-section-content-middle elementor-reverse-mobile elementor-section-stretched elementor-section-boxed elementor-section-height-default elementor-section-height-default\" data-id=\"d2894ee\" data-element_type=\"section\" data-settings=\"{&quot;stretch_section&quot;:&quot;section-stretched&quot;,&quot;background_background&quot;:&quot;classic&quot;}\">\n\t\t\t\t\t\t<div class=\"elementor-container elementor-column-gap-default\">\n\t\t\t\t\t<div class=\"elementor-column elementor-col-50 elementor-top-column elementor-element elementor-element-1fe38b6\" data-id=\"1fe38b6\" data-element_type=\"column\">\n\t\t\t<div class=\"elementor-widget-wrap elementor-element-populated\">\n\t\t\t\t\t\t<div class=\"elementor-element elementor-element-97b2be9 elementor-widget elementor-widget-text-editor\" data-id=\"97b2be9\" data-element_type=\"widget\" data-widget_type=\"text-editor.default\">\n\t\t\t\t<div class=\"elementor-widget-container\">\n\t\t\t\t\t\t\t<h4 style=\"text-align: center;\">MONIKA BELL (CATALOGNE)<\/h4><div>Dame d&#039;honneur magique 2011<\/div><div>\u00a0<\/div>\t\t\t\t\t\t<\/div>\n\t\t\t\t<\/div>\n\t\t\t\t<div class=\"elementor-element elementor-element-4008fb7 elementor-widget elementor-widget-image\" data-id=\"4008fb7\" data-element_type=\"widget\" data-widget_type=\"image.default\">\n\t\t\t\t<div class=\"elementor-widget-container\">\n\t\t\t\t\t\t\t\t\t\t\t\t\t<img loading=\"lazy\" decoding=\"async\" width=\"222\" height=\"300\" src=\"https:\/\/damesmagiques.com\/wp-content\/uploads\/2023\/08\/2011-Monika-Bell--222x300.jpg\" class=\"attachment-medium size-medium wp-image-6977\" alt=\"Foto Monika Bell\" srcset=\"https:\/\/damesmagiques.com\/wp-content\/uploads\/2023\/08\/2011-Monika-Bell--222x300.jpg 222w, https:\/\/damesmagiques.com\/wp-content\/uploads\/2023\/08\/2011-Monika-Bell--759x1024.jpg 759w, https:\/\/damesmagiques.com\/wp-content\/uploads\/2023\/08\/2011-Monika-Bell--768x1036.jpg 768w, https:\/\/damesmagiques.com\/wp-content\/uploads\/2023\/08\/2011-Monika-Bell--1139x1536.jpg 1139w, https:\/\/damesmagiques.com\/wp-content\/uploads\/2023\/08\/2011-Monika-Bell--1519x2048.jpg 1519w, https:\/\/damesmagiques.com\/wp-content\/uploads\/2023\/08\/2011-Monika-Bell--9x12.jpg 9w, https:\/\/damesmagiques.com\/wp-content\/uploads\/2023\/08\/2011-Monika-Bell-.jpg 1650w\" sizes=\"(max-width: 222px) 100vw, 222px\" \/>\t\t\t\t\t\t\t\t\t\t\t\t\t<\/div>\n\t\t\t\t<\/div>\n\t\t\t\t\t<\/div>\n\t\t<\/div>\n\t\t\t\t<div class=\"elementor-column elementor-col-50 elementor-top-column elementor-element elementor-element-f2bfbe1\" data-id=\"f2bfbe1\" data-element_type=\"column\">\n\t\t\t<div class=\"elementor-widget-wrap elementor-element-populated\">\n\t\t\t\t\t\t<div class=\"elementor-element elementor-element-d92c0f3 elementor-widget elementor-widget-text-editor\" data-id=\"d92c0f3\" data-element_type=\"widget\" data-widget_type=\"text-editor.default\">\n\t\t\t\t<div class=\"elementor-widget-container\">\n\t\t\t\t\t\t\t<p>La catalane Monika Bell a d\u00e9but\u00e9 professionnellement dans le monde de la magie en 1971, en tant que partenaire du magicien Alain Denis. Dans ces spectacles, il alterne la pr\u00e9sentation avec la r\u00e9alisation d&#039;effets magiques. L&#039;ann\u00e9e suivante, ils entament une tourn\u00e9e des meilleures salles de f\u00eate du Japon.<br \/>Depuis, ce couple magique se produit continuellement dans de nombreuses salles \u00e0 travers l\u2019Europe.<br \/>C&#039;est \u00e0 partir de l&#039;ann\u00e9e 1977 que Monika commence \u00e0 \u00eatre embauch\u00e9e pour jouer seule dans des programmes t\u00e9l\u00e9vis\u00e9s.<br \/>Faisant appara\u00eetre des animaux, pr\u00e9sentant de grandes illusions, ou avec Oriental Magic en huis clos noir, Monika Bell a consacr\u00e9 toute une vie \u00e0 illusionner le public.<\/p>\t\t\t\t\t\t<\/div>\n\t\t\t\t<\/div>\n\t\t\t\t\t<\/div>\n\t\t<\/div>\n\t\t\t\t\t<\/div>\n\t\t<\/section>\n\t\t\t\t<section class=\"elementor-section elementor-top-section elementor-element elementor-element-1fe0c78 elementor-section-content-middle elementor-reverse-mobile elementor-section-stretched elementor-section-boxed elementor-section-height-default elementor-section-height-default\" data-id=\"1fe0c78\" data-element_type=\"section\" data-settings=\"{&quot;stretch_section&quot;:&quot;section-stretched&quot;,&quot;background_background&quot;:&quot;classic&quot;}\">\n\t\t\t\t\t\t<div class=\"elementor-container elementor-column-gap-default\">\n\t\t\t\t\t<div class=\"elementor-column elementor-col-100 elementor-top-column elementor-element elementor-element-e7ea7cf\" data-id=\"e7ea7cf\" data-element_type=\"column\">\n\t\t\t<div class=\"elementor-widget-wrap elementor-element-populated\">\n\t\t\t\t\t\t<section class=\"elementor-section elementor-inner-section elementor-element elementor-element-0c52d5e elementor-section-boxed elementor-section-height-default elementor-section-height-default\" data-id=\"0c52d5e\" data-element_type=\"section\">\n\t\t\t\t\t\t<div class=\"elementor-container elementor-column-gap-default\">\n\t\t\t\t\t<div class=\"elementor-column elementor-col-50 elementor-inner-column elementor-element elementor-element-8bfb18c\" data-id=\"8bfb18c\" data-element_type=\"column\">\n\t\t\t<div class=\"elementor-widget-wrap elementor-element-populated\">\n\t\t\t\t\t\t<div class=\"elementor-element elementor-element-f1388ce elementor-widget elementor-widget-text-editor\" data-id=\"f1388ce\" data-element_type=\"widget\" data-widget_type=\"text-editor.default\">\n\t\t\t\t<div class=\"elementor-widget-container\">\n\t\t\t\t\t\t\t<h4 style=\"text-align: center;\">GEMMA NAVARRO (CATALOGNE)\u00a0<\/h4><p style=\"text-align: center;\">Dame d&#039;honneur magique 2010<\/p>\t\t\t\t\t\t<\/div>\n\t\t\t\t<\/div>\n\t\t\t\t<div class=\"elementor-element elementor-element-1580a2d elementor-widget elementor-widget-image\" data-id=\"1580a2d\" data-element_type=\"widget\" data-widget_type=\"image.default\">\n\t\t\t\t<div class=\"elementor-widget-container\">\n\t\t\t\t\t\t\t\t\t\t\t\t\t<img loading=\"lazy\" decoding=\"async\" width=\"222\" height=\"300\" src=\"https:\/\/damesmagiques.com\/wp-content\/uploads\/2023\/08\/2010-Gema-Navarro-222x300.jpg\" class=\"attachment-medium size-medium wp-image-6974\" alt=\"Foto Gema Navarro\" srcset=\"https:\/\/damesmagiques.com\/wp-content\/uploads\/2023\/08\/2010-Gema-Navarro-222x300.jpg 222w, https:\/\/damesmagiques.com\/wp-content\/uploads\/2023\/08\/2010-Gema-Navarro-759x1024.jpg 759w, https:\/\/damesmagiques.com\/wp-content\/uploads\/2023\/08\/2010-Gema-Navarro-768x1036.jpg 768w, https:\/\/damesmagiques.com\/wp-content\/uploads\/2023\/08\/2010-Gema-Navarro-1139x1536.jpg 1139w, https:\/\/damesmagiques.com\/wp-content\/uploads\/2023\/08\/2010-Gema-Navarro-1519x2048.jpg 1519w, https:\/\/damesmagiques.com\/wp-content\/uploads\/2023\/08\/2010-Gema-Navarro-9x12.jpg 9w, https:\/\/damesmagiques.com\/wp-content\/uploads\/2023\/08\/2010-Gema-Navarro.jpg 1650w\" sizes=\"(max-width: 222px) 100vw, 222px\" \/>\t\t\t\t\t\t\t\t\t\t\t\t\t<\/div>\n\t\t\t\t<\/div>\n\t\t\t\t\t<\/div>\n\t\t<\/div>\n\t\t\t\t<div class=\"elementor-column elementor-col-50 elementor-inner-column elementor-element elementor-element-6fae5b1\" data-id=\"6fae5b1\" data-element_type=\"column\">\n\t\t\t<div class=\"elementor-widget-wrap elementor-element-populated\">\n\t\t\t\t\t\t<div class=\"elementor-element elementor-element-441ff27 elementor-widget elementor-widget-text-editor\" data-id=\"441ff27\" data-element_type=\"widget\" data-widget_type=\"text-editor.default\">\n\t\t\t\t<div class=\"elementor-widget-container\">\n\t\t\t\t\t\t\t<p>Diffuseur et pionnier dans l&#039;\u00e9tude du sujet des femmes en magie.<\/p><p>En 2000, il entre dans le monde de la Magie en tant que repr\u00e9sentant de Miguel Puga. Depuis 2003, il collabore avec Juan Tamariz dans diff\u00e9rents domaines de la magie : Maga- m\u00e9dium et responsable technique du spectacle &quot;Magia Potagia&quot;. Artiste documentaire dans des programmes tels que &quot;No somos Nadie&quot; (Cadena Ser), &quot;NadaXAqu\u00ed&quot; (Cuatro).<\/p><p>Elle est l&#039;\u00e9ditrice des livres en espagnol de Juan Tamariz. Ensemble, ils \u00e9crivent &quot;Por Arte de Verbimagia&quot;. Et seul il \u00e9crit &quot;Historias de Magas Antiguas y Modernas&quot;.<\/p><p>En 2013, il met en sc\u00e8ne le spectacle \u00ab Ouija House \u00bb du mentaliste Pablo Raijenstein.<\/p><p>De temps en temps, on la voit jouer comme actrice et m\u00e9dium dans le spectacle \u00ab Madrid Fen\u00f3menos Extra\u00f1os \u00bb aux c\u00f4t\u00e9s de Pablo Raijenstein.<\/p>\t\t\t\t\t\t<\/div>\n\t\t\t\t<\/div>\n\t\t\t\t\t<\/div>\n\t\t<\/div>\n\t\t\t\t\t<\/div>\n\t\t<\/section>\n\t\t\t\t\t<\/div>\n\t\t<\/div>\n\t\t\t\t\t<\/div>\n\t\t<\/section>\n\t\t\t\t<section class=\"elementor-section elementor-top-section elementor-element elementor-element-731e4f8 elementor-section-content-middle elementor-reverse-mobile elementor-section-stretched elementor-section-boxed elementor-section-height-default elementor-section-height-default\" data-id=\"731e4f8\" data-element_type=\"section\" data-settings=\"{&quot;stretch_section&quot;:&quot;section-stretched&quot;,&quot;background_background&quot;:&quot;classic&quot;}\">\n\t\t\t\t\t\t<div class=\"elementor-container elementor-column-gap-default\">\n\t\t\t\t\t<div class=\"elementor-column elementor-col-50 elementor-top-column elementor-element elementor-element-95bc629\" data-id=\"95bc629\" data-element_type=\"column\">\n\t\t\t<div class=\"elementor-widget-wrap elementor-element-populated\">\n\t\t\t\t\t\t<div class=\"elementor-element elementor-element-f13397b elementor-widget elementor-widget-text-editor\" data-id=\"f13397b\" data-element_type=\"widget\" data-widget_type=\"text-editor.default\">\n\t\t\t\t<div class=\"elementor-widget-container\">\n\t\t\t\t\t\t\t<h4 style=\"text-align: center;\">ANA TAMARIZ (MADRID)<\/h4><div>Dame d&#039;honneur magique 2009<\/div><div>\u00a0<\/div>\t\t\t\t\t\t<\/div>\n\t\t\t\t<\/div>\n\t\t\t\t<div class=\"elementor-element elementor-element-edd1d40 elementor-widget elementor-widget-image\" data-id=\"edd1d40\" data-element_type=\"widget\" data-widget_type=\"image.default\">\n\t\t\t\t<div class=\"elementor-widget-container\">\n\t\t\t\t\t\t\t\t\t\t\t\t\t<img loading=\"lazy\" decoding=\"async\" width=\"222\" height=\"300\" src=\"https:\/\/damesmagiques.com\/wp-content\/uploads\/2023\/08\/2009-Ana-Tamariz-222x300.jpg\" class=\"attachment-medium size-medium wp-image-6975\" alt=\"Foto Ana Tamariz\" srcset=\"https:\/\/damesmagiques.com\/wp-content\/uploads\/2023\/08\/2009-Ana-Tamariz-222x300.jpg 222w, https:\/\/damesmagiques.com\/wp-content\/uploads\/2023\/08\/2009-Ana-Tamariz-759x1024.jpg 759w, https:\/\/damesmagiques.com\/wp-content\/uploads\/2023\/08\/2009-Ana-Tamariz-768x1036.jpg 768w, https:\/\/damesmagiques.com\/wp-content\/uploads\/2023\/08\/2009-Ana-Tamariz-1139x1536.jpg 1139w, https:\/\/damesmagiques.com\/wp-content\/uploads\/2023\/08\/2009-Ana-Tamariz-1519x2048.jpg 1519w, https:\/\/damesmagiques.com\/wp-content\/uploads\/2023\/08\/2009-Ana-Tamariz-9x12.jpg 9w, https:\/\/damesmagiques.com\/wp-content\/uploads\/2023\/08\/2009-Ana-Tamariz.jpg 1650w\" sizes=\"(max-width: 222px) 100vw, 222px\" \/>\t\t\t\t\t\t\t\t\t\t\t\t\t<\/div>\n\t\t\t\t<\/div>\n\t\t\t\t\t<\/div>\n\t\t<\/div>\n\t\t\t\t<div class=\"elementor-column elementor-col-50 elementor-top-column elementor-element elementor-element-2995aad\" data-id=\"2995aad\" data-element_type=\"column\">\n\t\t\t<div class=\"elementor-widget-wrap elementor-element-populated\">\n\t\t\t\t\t\t<div class=\"elementor-element elementor-element-4c2ce5d elementor-widget elementor-widget-text-editor\" data-id=\"4c2ce5d\" data-element_type=\"widget\" data-widget_type=\"text-editor.default\">\n\t\t\t\t<div class=\"elementor-widget-container\">\n\t\t\t\t\t\t\t<p>Depuis 21 ans, il dirige et enseigne l&#039;\u00c9cole de Magie Ana Tamariz ; au d\u00e9but comme magasin et aujourd&#039;hui comme \u00e9cole.<br \/>La passion pour la magie lui vient de son p\u00e8re, Juan Tamariz. D\u00e8s son plus jeune \u00e2ge, son activit\u00e9 pr\u00e9f\u00e9r\u00e9e \u00e9tait d&#039;\u00eatre dans la salle de jeux o\u00f9 son p\u00e8re r\u00e9p\u00e9tait avec des magiciens.<br \/>En 1988, il ouvre un magasin de magie appel\u00e9 Magia Potagia Tamarizland, qui devient progressivement une \u00e9cole. Ce sont les clients eux-m\u00eames qui, \u00e0 travers leurs doutes sur les produits qu&#039;ils achetaient dans le magasin, en ont fait ce qu&#039;il est aujourd&#039;hui.<br \/>Pour Ana, la magie est sa vie. Son p\u00e8re est magicien ; sa m\u00e8re fait des jeux de magie ; sa s\u0153ur traduit des jeux et son mari et son fils le font \u00e9galement. Ce m\u00e9tier est son passe-temps, son travail. C&#039;est tout, sa vie est entour\u00e9e de magie gr\u00e2ce \u00e0 son p\u00e8re qui lui a transmis son amour.<\/p>\t\t\t\t\t\t<\/div>\n\t\t\t\t<\/div>\n\t\t\t\t\t<\/div>\n\t\t<\/div>\n\t\t\t\t\t<\/div>\n\t\t<\/section>\n\t\t\t\t<section class=\"elementor-section elementor-top-section elementor-element elementor-element-3b78620 elementor-section-content-middle elementor-reverse-mobile elementor-section-stretched elementor-section-boxed elementor-section-height-default elementor-section-height-default\" data-id=\"3b78620\" data-element_type=\"section\" data-settings=\"{&quot;stretch_section&quot;:&quot;section-stretched&quot;,&quot;background_background&quot;:&quot;classic&quot;}\">\n\t\t\t\t\t\t<div class=\"elementor-container elementor-column-gap-default\">\n\t\t\t\t\t<div class=\"elementor-column elementor-col-100 elementor-top-column elementor-element elementor-element-f9b000a\" data-id=\"f9b000a\" data-element_type=\"column\">\n\t\t\t<div class=\"elementor-widget-wrap elementor-element-populated\">\n\t\t\t\t\t\t<section class=\"elementor-section elementor-inner-section elementor-element elementor-element-e6345c4 elementor-section-boxed elementor-section-height-default elementor-section-height-default\" data-id=\"e6345c4\" data-element_type=\"section\">\n\t\t\t\t\t\t<div class=\"elementor-container elementor-column-gap-default\">\n\t\t\t\t\t<div class=\"elementor-column elementor-col-50 elementor-inner-column elementor-element elementor-element-94a7b31\" data-id=\"94a7b31\" data-element_type=\"column\">\n\t\t\t<div class=\"elementor-widget-wrap elementor-element-populated\">\n\t\t\t\t\t\t<div class=\"elementor-element elementor-element-ef57933 elementor-widget elementor-widget-text-editor\" data-id=\"ef57933\" data-element_type=\"widget\" data-widget_type=\"text-editor.default\">\n\t\t\t\t<div class=\"elementor-widget-container\">\n\t\t\t\t\t\t\t<h4 style=\"font-style: normal; background-color: #ededed; text-align: center;\">MANUELA REJAS (MADRID)\u00a0<\/h4><p style=\"text-align: center;\">Dame d&#039;honneur magique 2008<\/p>\t\t\t\t\t\t<\/div>\n\t\t\t\t<\/div>\n\t\t\t\t<div class=\"elementor-element elementor-element-fa2d310 elementor-widget elementor-widget-image\" data-id=\"fa2d310\" data-element_type=\"widget\" data-widget_type=\"image.default\">\n\t\t\t\t<div class=\"elementor-widget-container\">\n\t\t\t\t\t\t\t\t\t\t\t\t\t<img loading=\"lazy\" decoding=\"async\" width=\"222\" height=\"300\" src=\"https:\/\/damesmagiques.com\/wp-content\/uploads\/2023\/08\/2008-Manuela-Rejas-222x300.jpg\" class=\"attachment-medium size-medium wp-image-6976\" alt=\"Foto Manuela Rejas\" srcset=\"https:\/\/damesmagiques.com\/wp-content\/uploads\/2023\/08\/2008-Manuela-Rejas-222x300.jpg 222w, https:\/\/damesmagiques.com\/wp-content\/uploads\/2023\/08\/2008-Manuela-Rejas-759x1024.jpg 759w, https:\/\/damesmagiques.com\/wp-content\/uploads\/2023\/08\/2008-Manuela-Rejas-768x1036.jpg 768w, https:\/\/damesmagiques.com\/wp-content\/uploads\/2023\/08\/2008-Manuela-Rejas-1139x1536.jpg 1139w, https:\/\/damesmagiques.com\/wp-content\/uploads\/2023\/08\/2008-Manuela-Rejas-1519x2048.jpg 1519w, https:\/\/damesmagiques.com\/wp-content\/uploads\/2023\/08\/2008-Manuela-Rejas-9x12.jpg 9w, https:\/\/damesmagiques.com\/wp-content\/uploads\/2023\/08\/2008-Manuela-Rejas.jpg 1650w\" sizes=\"(max-width: 222px) 100vw, 222px\" \/>\t\t\t\t\t\t\t\t\t\t\t\t\t<\/div>\n\t\t\t\t<\/div>\n\t\t\t\t\t<\/div>\n\t\t<\/div>\n\t\t\t\t<div class=\"elementor-column elementor-col-50 elementor-inner-column elementor-element elementor-element-d7a2098\" data-id=\"d7a2098\" data-element_type=\"column\">\n\t\t\t<div class=\"elementor-widget-wrap elementor-element-populated\">\n\t\t\t\t\t\t<div class=\"elementor-element elementor-element-e8837f8 elementor-widget elementor-widget-text-editor\" data-id=\"e8837f8\" data-element_type=\"widget\" data-widget_type=\"text-editor.default\">\n\t\t\t\t<div class=\"elementor-widget-container\">\n\t\t\t\t\t\t\t<p>&quot;Manuela est n\u00e9e dans le contexte espagnol des ann\u00e9es 1920.<br \/>\u00c0 l\u2019\u00e2ge de 11 ans, face aux moqueries et au manque de foi de son entourage, il d\u00e9cide de devenir illusionniste pour r\u00e9pandre la magie et l\u2019espoir parmi ses pairs.<br \/>C&#039;est ainsi qu&#039;a commenc\u00e9 sa lutte continue contre l&#039;adversit\u00e9, contre la mis\u00e8re de la guerre et de l&#039;apr\u00e8s-guerre, contre la faim et la pauvret\u00e9 et, d\u00e9j\u00e0, dans les derni\u00e8res ann\u00e9es de sa vie, contre un cancer auquel il n&#039;a jamais renonc\u00e9.<br \/>Avec cet espoir irr\u00e9m\u00e9diable et cette combativit\u00e9, Manuela a r\u00e9alis\u00e9 son r\u00eave d&#039;\u00eatre une illusionniste, de devenir une personne qui r\u00e9pand l&#039;illusion partout o\u00f9 elle appara\u00eet.<br \/>Une illusion qu&#039;elle a r\u00e9cup\u00e9r\u00e9e dans la valise d&#039;un magicien ex\u00e9cut\u00e9 par les fascistes et dans la malle am\u00e9ricaine d&#039;Iris - son \u00e9ternelle amie et mentor, celle qui l&#039;a aid\u00e9e \u00e0 devenir Violeta, la mage Violeta -, dont le pr\u00e9cieux contenu ne doit pas \u00eatre perdu le jour o\u00f9 la mort vient le r\u00e9clamer.<\/p>\t\t\t\t\t\t<\/div>\n\t\t\t\t<\/div>\n\t\t\t\t\t<\/div>\n\t\t<\/div>\n\t\t\t\t\t<\/div>\n\t\t<\/section>\n\t\t\t\t\t<\/div>\n\t\t<\/div>\n\t\t\t\t\t<\/div>\n\t\t<\/section>\n\t\t\t\t<section class=\"elementor-section elementor-top-section elementor-element elementor-element-8cc64eb elementor-section-content-middle elementor-reverse-mobile elementor-section-stretched elementor-section-boxed elementor-section-height-default elementor-section-height-default\" data-id=\"8cc64eb\" data-element_type=\"section\" data-settings=\"{&quot;stretch_section&quot;:&quot;section-stretched&quot;,&quot;background_background&quot;:&quot;classic&quot;}\">\n\t\t\t\t\t\t<div class=\"elementor-container elementor-column-gap-default\">\n\t\t\t\t\t<div class=\"elementor-column elementor-col-50 elementor-top-column elementor-element elementor-element-d12e0e8\" data-id=\"d12e0e8\" data-element_type=\"column\">\n\t\t\t<div class=\"elementor-widget-wrap elementor-element-populated\">\n\t\t\t\t\t\t<div class=\"elementor-element elementor-element-982c73b elementor-widget elementor-widget-text-editor\" data-id=\"982c73b\" data-element_type=\"widget\" data-widget_type=\"text-editor.default\">\n\t\t\t\t<div class=\"elementor-widget-container\">\n\t\t\t\t\t\t\t<h4 style=\"text-align: center;\">ROSA MARIA LLOP (CATALOGNE)<\/h4><div>Dame d&#039;honneur magique 2007<\/div>\t\t\t\t\t\t<\/div>\n\t\t\t\t<\/div>\n\t\t\t\t<div class=\"elementor-element elementor-element-fa3c687 elementor-widget elementor-widget-image\" data-id=\"fa3c687\" data-element_type=\"widget\" data-widget_type=\"image.default\">\n\t\t\t\t<div class=\"elementor-widget-container\">\n\t\t\t\t\t\t\t\t\t\t\t\t\t<img loading=\"lazy\" decoding=\"async\" width=\"222\" height=\"300\" src=\"https:\/\/damesmagiques.com\/wp-content\/uploads\/2023\/08\/2007-Rosa-Maria-LLop-222x300.jpg\" class=\"attachment-medium size-medium wp-image-6973\" alt=\"\" srcset=\"https:\/\/damesmagiques.com\/wp-content\/uploads\/2023\/08\/2007-Rosa-Maria-LLop-222x300.jpg 222w, https:\/\/damesmagiques.com\/wp-content\/uploads\/2023\/08\/2007-Rosa-Maria-LLop-759x1024.jpg 759w, https:\/\/damesmagiques.com\/wp-content\/uploads\/2023\/08\/2007-Rosa-Maria-LLop-768x1036.jpg 768w, https:\/\/damesmagiques.com\/wp-content\/uploads\/2023\/08\/2007-Rosa-Maria-LLop-1139x1536.jpg 1139w, https:\/\/damesmagiques.com\/wp-content\/uploads\/2023\/08\/2007-Rosa-Maria-LLop-1519x2048.jpg 1519w, https:\/\/damesmagiques.com\/wp-content\/uploads\/2023\/08\/2007-Rosa-Maria-LLop-9x12.jpg 9w, https:\/\/damesmagiques.com\/wp-content\/uploads\/2023\/08\/2007-Rosa-Maria-LLop.jpg 1650w\" sizes=\"(max-width: 222px) 100vw, 222px\" \/>\t\t\t\t\t\t\t\t\t\t\t\t\t<\/div>\n\t\t\t\t<\/div>\n\t\t\t\t\t<\/div>\n\t\t<\/div>\n\t\t\t\t<div class=\"elementor-column elementor-col-50 elementor-top-column elementor-element elementor-element-9ce13ba\" data-id=\"9ce13ba\" data-element_type=\"column\">\n\t\t\t<div class=\"elementor-widget-wrap elementor-element-populated\">\n\t\t\t\t\t\t<div class=\"elementor-element elementor-element-bcac22e elementor-widget elementor-widget-text-editor\" data-id=\"bcac22e\" data-element_type=\"widget\" data-widget_type=\"text-editor.default\">\n\t\t\t\t<div class=\"elementor-widget-container\">\n\t\t\t\t\t\t\t<p>Elle a d\u00e9but\u00e9 comme actrice dans le th\u00e9\u00e2tre ind\u00e9pendant et lorsqu&#039;elle a d\u00e9couvert la magie, elle l&#039;a utilis\u00e9e comme ressource artistique dans ses spectacles.<\/p><p>Membre du groupe La Capsa M\u00e0gica et directeur de la boutique et espace magique &quot;El Rey de la Magia&quot; \u00e0 Barcelone.<\/p>\t\t\t\t\t\t<\/div>\n\t\t\t\t<\/div>\n\t\t\t\t\t<\/div>\n\t\t<\/div>\n\t\t\t\t\t<\/div>\n\t\t<\/section>\n\t\t\t\t<section class=\"elementor-section elementor-top-section elementor-element elementor-element-d76713a elementor-section-content-middle elementor-reverse-mobile elementor-section-stretched elementor-section-boxed elementor-section-height-default elementor-section-height-default\" data-id=\"d76713a\" data-element_type=\"section\" data-settings=\"{&quot;stretch_section&quot;:&quot;section-stretched&quot;,&quot;background_background&quot;:&quot;classic&quot;}\">\n\t\t\t\t\t\t<div class=\"elementor-container elementor-column-gap-default\">\n\t\t\t\t\t<div class=\"elementor-column elementor-col-100 elementor-top-column elementor-element elementor-element-36ebf09\" data-id=\"36ebf09\" data-element_type=\"column\">\n\t\t\t<div class=\"elementor-widget-wrap elementor-element-populated\">\n\t\t\t\t\t\t<section class=\"elementor-section elementor-inner-section elementor-element elementor-element-477b8d4 elementor-section-boxed elementor-section-height-default elementor-section-height-default\" data-id=\"477b8d4\" data-element_type=\"section\">\n\t\t\t\t\t\t<div class=\"elementor-container elementor-column-gap-default\">\n\t\t\t\t\t<div class=\"elementor-column elementor-col-50 elementor-inner-column elementor-element elementor-element-25f17ca\" data-id=\"25f17ca\" data-element_type=\"column\">\n\t\t\t<div class=\"elementor-widget-wrap elementor-element-populated\">\n\t\t\t\t\t\t<div class=\"elementor-element elementor-element-551ce26 elementor-widget elementor-widget-text-editor\" data-id=\"551ce26\" data-element_type=\"widget\" data-widget_type=\"text-editor.default\">\n\t\t\t\t<div class=\"elementor-widget-container\">\n\t\t\t\t\t\t\t<h4 style=\"text-align: center;\">TERESA GUTSENS (CATALOGNE)\u00a0<\/h4><p style=\"text-align: center;\">Dame d&#039;honneur magique 2006<\/p>\t\t\t\t\t\t<\/div>\n\t\t\t\t<\/div>\n\t\t\t\t<div class=\"elementor-element elementor-element-3923089 elementor-widget elementor-widget-image\" data-id=\"3923089\" data-element_type=\"widget\" data-widget_type=\"image.default\">\n\t\t\t\t<div class=\"elementor-widget-container\">\n\t\t\t\t\t\t\t\t\t\t\t\t\t<img loading=\"lazy\" decoding=\"async\" width=\"222\" height=\"300\" src=\"https:\/\/damesmagiques.com\/wp-content\/uploads\/2023\/08\/2006-Teresa-Gutsens-222x300.jpg\" class=\"attachment-medium size-medium wp-image-6972\" alt=\"\" srcset=\"https:\/\/damesmagiques.com\/wp-content\/uploads\/2023\/08\/2006-Teresa-Gutsens-222x300.jpg 222w, https:\/\/damesmagiques.com\/wp-content\/uploads\/2023\/08\/2006-Teresa-Gutsens-759x1024.jpg 759w, https:\/\/damesmagiques.com\/wp-content\/uploads\/2023\/08\/2006-Teresa-Gutsens-768x1036.jpg 768w, https:\/\/damesmagiques.com\/wp-content\/uploads\/2023\/08\/2006-Teresa-Gutsens-1139x1536.jpg 1139w, https:\/\/damesmagiques.com\/wp-content\/uploads\/2023\/08\/2006-Teresa-Gutsens-1519x2048.jpg 1519w, https:\/\/damesmagiques.com\/wp-content\/uploads\/2023\/08\/2006-Teresa-Gutsens-9x12.jpg 9w, https:\/\/damesmagiques.com\/wp-content\/uploads\/2023\/08\/2006-Teresa-Gutsens.jpg 1650w\" sizes=\"(max-width: 222px) 100vw, 222px\" \/>\t\t\t\t\t\t\t\t\t\t\t\t\t<\/div>\n\t\t\t\t<\/div>\n\t\t\t\t\t<\/div>\n\t\t<\/div>\n\t\t\t\t<div class=\"elementor-column elementor-col-50 elementor-inner-column elementor-element elementor-element-4985ca4\" data-id=\"4985ca4\" data-element_type=\"column\">\n\t\t\t<div class=\"elementor-widget-wrap elementor-element-populated\">\n\t\t\t\t\t\t<div class=\"elementor-element elementor-element-ee809d3 elementor-widget elementor-widget-text-editor\" data-id=\"ee809d3\" data-element_type=\"widget\" data-widget_type=\"text-editor.default\">\n\t\t\t\t<div class=\"elementor-widget-container\">\n\t\t\t\t\t\t\t<p>Elle a consacr\u00e9 toute sa vie \u00e0 la magie aux c\u00f4t\u00e9s de son mari, Jos\u00e9 Mar\u00eda Ferr\u00e1ndiz, d\u00e9c\u00e9d\u00e9 il y a sept ans. Ensemble, ils form\u00e8rent le c\u00e9l\u00e8bre duo Els M\u00e1gicus et dirig\u00e8rent un magasin de magie \u00e0 Barcelone pour distribuer des r\u00eaves au public. Tous deux ont re\u00e7u la M\u00e9daille Magique du M\u00e9rite en 1988 par le Conseil National de la Soci\u00e9t\u00e9 Espagnole d&#039;Illusionnisme. Teresa, la princesse au clair de lune, a d\u00e9j\u00e0 78 ans, mais elle continue d&#039;\u00e9tonner par ses astuces.<\/p>\t\t\t\t\t\t<\/div>\n\t\t\t\t<\/div>\n\t\t\t\t\t<\/div>\n\t\t<\/div>\n\t\t\t\t\t<\/div>\n\t\t<\/section>\n\t\t\t\t\t<\/div>\n\t\t<\/div>\n\t\t\t\t\t<\/div>\n\t\t<\/section>\n\t\t\t\t<\/div>","protected":false},"excerpt":{"rendered":"<p>Dames Magiques Honoraires EN RECONNAISSANCE DE CES FEMMES QUI ONT TRAVAILL\u00c9 POUR FAIRE DE CE MONDE UN LIEU MAGIQUE CONSUELO LORGIA (COLOMBIE) Dame Magique Honoraire 2019 Fille, s\u0153ur et m\u00e8re de magiciens. \u2026 <\/p>\n<p class=\"read-more-container\"><a title=\"DAMES D&#039;HONNEUR\" class=\"read-more button\" href=\"https:\/\/damesmagiques.com\/fr\/activitats-educatives\/#more-1465\">Continue de lire<span class=\"screen-reader-text\">DAMES D&#039;HONNEUR<\/span><\/a><\/p>","protected":false},"author":1,"featured_media":0,"parent":0,"menu_order":0,"comment_status":"closed","ping_status":"closed","template":"","meta":{"footnotes":""},"_links":{"self":[{"href":"https:\/\/damesmagiques.com\/fr\/wp-json\/wp\/v2\/pages\/1465"}],"collection":[{"href":"https:\/\/damesmagiques.com\/fr\/wp-json\/wp\/v2\/pages"}],"about":[{"href":"https:\/\/damesmagiques.com\/fr\/wp-json\/wp\/v2\/types\/page"}],"author":[{"embeddable":true,"href":"https:\/\/damesmagiques.com\/fr\/wp-json\/wp\/v2\/users\/1"}],"replies":[{"embeddable":true,"href":"https:\/\/damesmagiques.com\/fr\/wp-json\/wp\/v2\/comments?post=1465"}],"version-history":[{"count":258,"href":"https:\/\/damesmagiques.com\/fr\/wp-json\/wp\/v2\/pages\/1465\/revisions"}],"predecessor-version":[{"id":7496,"href":"https:\/\/damesmagiques.com\/fr\/wp-json\/wp\/v2\/pages\/1465\/revisions\/7496"}],"wp:attachment":[{"href":"https:\/\/damesmagiques.com\/fr\/wp-json\/wp\/v2\/media?parent=1465"}],"curies":[{"name":"wp","href":"https:\/\/api.w.org\/{rel}","templated":true}]}}