{"id":5508,"date":"2019-09-11T12:42:00","date_gmt":"2019-09-11T10:42:00","guid":{"rendered":""},"modified":"2020-09-06T19:11:09","modified_gmt":"2020-09-06T17:11:09","slug":"teia-moner-2","status":"publish","type":"page","link":"https:\/\/damesmagiques.com\/fr\/teia-moner-2\/","title":{"rendered":"Teia Moner"},"content":{"rendered":"<div class=\"Textopredeterminado\" style=\"text-align: justify;\">\n<div class=\"separator\" style=\"clear: both; text-align: center;\">\n<\/div>\n<p><span lang=\"CA\" style=\"font-family: &quot;arial&quot;;\"><br \/>\n<\/span><\/div>\n<div class=\"Textopredeterminado\" style=\"text-align: justify;\">\n<div class=\"separator\" style=\"clear: both; text-align: center;\">\n<\/div>\n<p><span lang=\"CA\" style=\"font-family: &quot;arial&quot;;\"><br \/>\n<\/span><\/div>\n<div class=\"separator\" style=\"clear: both; text-align: center;\">\n<\/div>\n<div class=\"Textopredeterminado\" style=\"text-align: center;\">\n<span lang=\"CA\" style=\"font-family: &quot;arial&quot;;\"><br \/>\n<\/span><\/div>\n<div class=\"Textopredeterminado\" style=\"text-align: justify;\">\n<div class=\"separator\" style=\"clear: both; text-align: left;\">\n<img decoding=\"async\" border=\"0\" src=\"http:\/\/damesmagiques.com\/wp-content\/uploads\/2019\/09\/1001711_10151943342894769_1986985616_n.jpg\" \/><\/div>\n<div style=\"text-align: left;\">\n<\/div>\n<p><span lang=\"CA\" style=\"font-family: &quot;arial&quot;;\"><br \/>\n<\/span><\/div>\n<div class=\"Textopredeterminado\" style=\"text-align: justify;\">\n<span lang=\"CA\" style=\"font-family: &quot;arial&quot;;\"><br \/>\n<\/span><\/div>\n<div class=\"Textopredeterminado\" style=\"text-align: justify;\">\n<span lang=\"CA\" style=\"font-family: &quot;arial&quot;;\">Teia M. Moner neix una primavera al barri de Sant Antoni de Barcelona <o:p><\/o:p><\/span><\/div>\n<div class=\"Textopredeterminado\" style=\"text-align: justify;\">\n<\/div>\n<div class=\"Textopredeterminado\" style=\"text-align: justify;\">\n<b><u><span lang=\"CA\" style=\"color: maroon; font-family: &quot;arial&quot;; font-size: 14pt;\">1. Curr\u00edculum professional pedag\u00f2gic:<o:p><\/o:p><\/span><\/u><\/b><\/div>\n<div class=\"Textopredeterminado\" style=\"text-align: justify;\">\n<\/div>\n<div class=\"Textopredeterminado\" style=\"text-align: justify;\">\n<span lang=\"CA\" style=\"font-family: &quot;arial&quot;;\">Mestra de prim\u00e0ria i d\u2019Educaci\u00f3 Especial<i><o:p><\/o:p><\/i><\/span><\/div>\n<div class=\"Textopredeterminado\" style=\"text-align: justify;\">\n<span lang=\"CA\" style=\"font-family: &quot;arial&quot;;\">Pedagoga Terapeuta<o:p><\/o:p><\/span><\/div>\n<div class=\"Textopredeterminado\" style=\"text-align: justify;\">\n<span lang=\"CA\" style=\"font-family: &quot;arial&quot;;\">Th\u00e9rapeute technique en \u00e9ducation \u00e9motionnelle<o:p><\/o:p><\/span><\/div>\n<div class=\"Textopredeterminado\" style=\"text-align: justify;\">\n<span lang=\"CA\" style=\"font-family: &quot;arial&quot;;\">Direction et Gestion des Centres<o:p><\/o:p><\/span><\/div>\n<div class=\"Textopredeterminado\" style=\"text-align: justify;\">\n<span lang=\"CA\" style=\"font-family: &quot;arial&quot;;\">Professeur de catalan<o:p><\/o:p><\/span><\/div>\n<div class=\"Textopredeterminado\" style=\"text-align: justify;\">\n<span lang=\"CA\" style=\"font-family: &quot;arial&quot;;\">Formateur d'enseignants. GLACE. Universit\u00e9 autonome de Barcelone. <o:p><\/o:p><\/span><\/div>\n<div class=\"MsoBodyText\">\n<span lang=\"CA\" style=\"color: black;\"><span style=\"font-family: &quot;arial&quot; , &quot;helvetica&quot; , sans-serif;\">Organitzadora juntament amb l\u2019ICE de l\u2019UB de les Jornades sobre titelles, ter\u00e0pia i educaci\u00f3, que s\u2019ha realitzat a Espanya. 2008, 2010 i 2012. Universitat de Barcelona.<\/span><\/span><br \/>\n<span lang=\"CA\" style=\"color: black;\"><span style=\"font-family: &quot;arial&quot; , &quot;helvetica&quot; , sans-serif;\">2015 amb UB, Institut del Teatre i IF Barcelona.<\/span><o:p><\/o:p><\/span><\/div>\n<div class=\"Textopredeterminado\" style=\"text-align: justify;\">\n<span lang=\"CA\" style=\"color: black; font-family: &quot;arial&quot;;\">Il donne g\u00e9n\u00e9ralement des conf\u00e9rences sur l'\u00e9ducation (Espagne, France, Canada\u2026)<o:p><\/o:p><\/span><\/div>\n<div class=\"Textopredeterminado\" style=\"text-align: justify;\">\n<span lang=\"CA\" style=\"color: black; font-family: &quot;arial&quot;;\">Representant d\u2019Espanya a la RIMES (Xarxa Internacional Marioneta, Educaci\u00f3 i Salut))<o:p><\/o:p><\/span><\/div>\n<div class=\"Textopredeterminado\" style=\"text-align: justify;\">\n<\/div>\n<div class=\"Textopredeterminado\" style=\"text-align: justify;\">\n<b><u><span lang=\"CA\" style=\"color: maroon; font-family: &quot;arial&quot;; font-size: 14pt;\">2. Curriculum vitae en tant que professionnel du spectacle:<\/span><\/u><\/b><span lang=\"CA\" style=\"color: maroon; font-family: &quot;arial&quot;; font-size: 14pt;\"><o:p><\/o:p><\/span><\/div>\n<div class=\"Textopredeterminado\" style=\"text-align: justify;\">\n<\/div>\n<div class=\"Textopredeterminado\" style=\"text-align: justify;\">\n<u><span lang=\"CA\" style=\"font-family: &quot;arial&quot;;\">1 .Quaranta anys com a professional de l\u2019espectacle<\/span><\/u><span lang=\"CA\" style=\"font-family: &quot;arial&quot;;\">.<o:p><\/o:p><\/span><\/div>\n<div class=\"Textopredeterminado translation-block\" style=\"text-align: justify;\">Technique \u00e9cole allemande de marionnettes. Albrech Roser.<\/div>\n<div class=\"Textopredeterminado translation-block\" style=\"text-align: justify;\">Cours sur la th\u00e9orie de la marionnette. Heryk Yurkosky.<\/div>\n<div class=\"Textopredeterminado translation-block\" style=\"text-align: justify;\">Technique \u00e9cole anglaise de marionnettes. H.V. Tozer.<\/div>\n<div class=\"Textopredeterminado\" style=\"text-align: justify;\">\n<span lang=\"CA\" style=\"font-family: &quot;arial&quot;;\">Travailler avec Teatro Laboratorio di Figura. Florence.<o:p><\/o:p><\/span><\/div>\n<div class=\"Textopredeterminado translation-block\" style=\"text-align: justify;\">Travail de clown avec Fritello (Allemagne) et Roy Bossier.<\/div>\n<div class=\"Textopredeterminado translation-block\" style=\"text-align: justify;\">Travailler avec des Comediants<\/div>\n<div class=\"Textopredeterminado\" style=\"text-align: justify;\">\n<span lang=\"CA\" style=\"font-family: &quot;arial&quot;;\">La magie fonctionne avec le Magic Andreu<o:p><\/o:p><\/span><\/div>\n<div class=\"Textopredeterminado translation-block\" style=\"text-align: justify;\">Cours de cin\u00e9ma et d'animation avec de la p\u00e2te \u00e0 modeler. Albert Gil<\/div>\n<div class=\"Textopredeterminado\" style=\"text-align: justify;\">\n<u><span lang=\"CA\" style=\"font-family: &quot;arial&quot;;\">2. Fundaci\u00f3 del grup teatral <b>ELS FARSANTS<\/b><\/span><\/u><b><span lang=\"CA\" style=\"font-family: &quot;arial&quot;;\">.<o:p><\/o:p><\/span><\/b><\/div>\n<div class=\"Textopredeterminado\" style=\"text-align: justify;\">\n<span lang=\"CA\" style=\"font-family: &quot;arial&quot;;\">Cr\u00e9ateur du premier spectacle d'animation en mousse organis\u00e9 en Espagne. 1985<o:p><\/o:p><\/span><\/div>\n<div class=\"Textopredeterminado\" style=\"text-align: justify;\">\n<u><span lang=\"CA\" style=\"font-family: &quot;arial&quot;;\">3. Fundaci\u00f3 de la companyia teatral <b><i>NESSUN DORMA<\/i><\/b><\/span><\/u><span lang=\"CA\" style=\"font-family: &quot;arial&quot;;\">.<o:p><\/o:p><\/span><\/div>\n<div class=\"Textopredeterminado\" style=\"text-align: justify;\">\n<span lang=\"CA\" style=\"font-family: &quot;arial&quot;;\">Cr\u00e9ation des deux premiers spectacles :<o:p><\/o:p><\/span><\/div>\n<div class=\"Textopredeterminado\" style=\"text-align: justify;\">\n<\/div>\n<div class=\"Textopredeterminado\" style=\"text-align: justify;\">\n<b><i><span lang=\"CA\" style=\"font-family: &quot;arial&quot;;\">NINOTARIUM<o:p><\/o:p><\/span><\/i><\/b><\/div>\n<div class=\"Textopredeterminado\" style=\"text-align: justify;\">\n<b><i><span lang=\"CA\" style=\"font-family: &quot;arial&quot;;\">AVEC QUIXOTE NOUS SOMMES TROMP\u00c9S<\/span><\/i><\/b><b><span lang=\"CA\" style=\"font-family: &quot;arial&quot;;\"><o:p><\/o:p><\/span><\/b><\/div>\n<div class=\"Textopredeterminado\" style=\"text-align: justify;\">\n<\/div>\n<div class=\"Textopredeterminado\" style=\"text-align: justify;\">\n<u><span lang=\"CA\" style=\"font-family: &quot;arial&quot;;\">4. Direcci\u00f3, marionetes i escenografia conjunta de l\u2019espectacle <o:p><\/o:p><\/span><\/u><\/div>\n<div class=\"Textopredeterminado\" style=\"text-align: justify;\">\n<b><i><u><span lang=\"CA\" style=\"font-family: &quot;arial&quot;;\">\u201cANTOLOGIA\u201d<\/span><\/u><\/i><\/b><b><u><span lang=\"CA\" style=\"font-family: &quot;arial&quot;;\"> d\u2019en Jordi Bertran<\/span><\/u><\/b><span lang=\"CA\" style=\"font-family: &quot;arial&quot;;\">.<o:p><\/o:p><\/span><\/div>\n<div class=\"Textopredeterminado\" style=\"text-align: justify;\">\n<\/div>\n<div class=\"Textopredeterminado\" style=\"text-align: justify;\">\n<u><span lang=\"CA\" style=\"font-family: &quot;arial&quot;;\">5. T\u00e9l\u00e9visions<\/span><\/u><span lang=\"CA\" style=\"font-family: &quot;arial&quot;;\"><o:p><\/o:p><\/span><\/div>\n<div class=\"Textopredeterminado\" style=\"text-align: justify;\">\n<span lang=\"CA\" style=\"font-family: &quot;arial&quot;;\">Col\u00b7laboraci\u00f3 programa TV2 <i>&nbsp;<b>\u201cSopa de Lletres\u201d<\/b><\/i><o:p><\/o:p><\/span><\/div>\n<div class=\"Textopredeterminado\" style=\"text-align: justify;\">\n<span lang=\"CA\" style=\"font-family: &quot;arial&quot;;\">Col\u00b7laboraci\u00f3 programa TV3 <b><i>\u201cVindrem a sopar\u201d<o:p><\/o:p><\/i><\/b><\/span><\/div>\n<div class=\"Textopredeterminado\" style=\"text-align: justify;\">\n<span lang=\"CA\" style=\"font-family: &quot;arial&quot;;\">Programa TVE. <b>\u201cCaj\u00f3n Desastre\u201d<\/b><o:p><\/o:p><\/span><\/div>\n<div class=\"Textopredeterminado\" style=\"text-align: justify;\">\n<span lang=\"CA\" style=\"font-family: &quot;arial&quot;;\">Euskal Televista TV<o:p><\/o:p><\/span><\/div>\n<div class=\"Textopredeterminado\" style=\"text-align: justify;\">\n<span lang=\"CA\" style=\"font-family: &quot;arial&quot;;\">Programa <b>\u201cAlicia\u201d<\/b> TV2<o:p><\/o:p><\/span><\/div>\n<div class=\"Textopredeterminado\" style=\"text-align: justify;\">\n<span lang=\"CA\" style=\"font-family: &quot;arial&quot;;\">TV Japonesa. <b>Fuji Project Incorporated 92<o:p><\/o:p><\/b><\/span><\/div>\n<div class=\"Textopredeterminado\" style=\"text-align: justify;\">\n<span lang=\"CA\" style=\"font-family: &quot;arial&quot;;\">Canal 33<b> <\/b>Programa: <b>&nbsp;Nydia <\/b><\/span><span lang=\"CA\" style=\"font-family: &quot;arial&quot;;\"><o:p><\/o:p><\/span><\/div>\n<div class=\"Textopredeterminado\" style=\"text-align: justify;\">\n<i><u><span lang=\"CA\" style=\"font-family: &quot;arial&quot;;\">6. <\/span><\/u><\/i><b><u><span lang=\"CA\" style=\"font-family: &quot;arial&quot;;\">Centre Dram\u00e0tic de la Generalitat de Catalunya<\/span><\/u><\/b><i><u><span lang=\"CA\" style=\"font-family: &quot;arial&quot;;\">. \u201cDUROS A QUATRE PESSETES\u201d de Santiago Rusi\u00f1ol. 1988<o:p><\/o:p><\/span><\/u><\/i><\/div>\n<div class=\"Textopredeterminado\" style=\"text-align: justify;\">\n<i><u><span lang=\"CA\" style=\"font-family: &quot;arial&quot;;\">7. <\/span><\/u><\/i><b><u><span lang=\"CA\" style=\"font-family: &quot;arial&quot;;\">Orquestra de Cambra del Teatre Lliure de Barcelona<\/span><\/u><\/b><i><u><span lang=\"CA\" style=\"font-family: &quot;arial&quot;;\">. \u201cRETABLO DEL MAESE PEDRO\u201d de Manuel de Falla<\/span><\/u><\/i><u><span lang=\"CA\" style=\"font-family: &quot;arial&quot;;\">. 1989<o:p><\/o:p><\/span><\/u><\/div>\n<div class=\"Textopredeterminado\" style=\"text-align: justify;\">\n<u><span lang=\"CA\" style=\"font-family: &quot;arial&quot;;\">8. Col\u00b7laboradora de la <b>Revista <i>ENTREACTE<\/i><\/b>. Associaci\u00f3 d\u2019actors i directors professionals de Catalunya.<o:p><\/o:p><\/span><\/u><\/div>\n<div class=\"Textopredeterminado\" style=\"text-align: justify;\">\n<\/div>\n<div class=\"Textopredeterminado\" style=\"text-align: justify;\">\n<u><span lang=\"CA\" style=\"font-family: &quot;arial&quot;;\">9.<b> Treball amb directors<\/b><\/span><\/u><span lang=\"CA\" style=\"font-family: &quot;arial&quot;;\">:Carme Portacelli, Ignasi Roda, Joan Anguera, Joan Baixas, Joan Guillen, Joan Busquets, Miquel Espinosa<o:p><\/o:p><\/span><\/div>\n<div class=\"Textopredeterminado\" style=\"text-align: justify;\">\n<\/div>\n<div class=\"Textopredeterminado\" style=\"text-align: justify;\">\n<u><span lang=\"CA\" style=\"font-family: &quot;arial&quot;;\">10. Col\u00b7laboracions<b>:&nbsp; Revista Pedag\u00f2gica GUIX<o:p><\/o:p><\/b><\/span><\/u><\/div>\n<div class=\"Textopredeterminado\" style=\"text-align: justify;\">\n<\/div>\n<div class=\"Textopredeterminado\" style=\"text-align: justify;\">\n<u><span lang=\"CA\" style=\"font-family: &quot;arial&quot;;\">11. <b>Com a fot\u00f2grafa fent reportatges fotogr\u00e0fics<\/b> <b>a:<\/b><\/span><\/u><span lang=\"CA\" style=\"font-family: &quot;arial&quot;;\"><o:p><\/o:p><\/span><\/div>\n<div class=\"Textopredeterminado\" style=\"text-align: justify;\">\n<b><span lang=\"CA\" style=\"font-family: &quot;arial&quot;;\">El Pa\u00eds et le magazine J.20<o:p><\/o:p><\/span><\/b><\/div>\n<div class=\"Textopredeterminado\" style=\"text-align: justify;\">\n<\/div>\n<div class=\"Textopredeterminado\" style=\"text-align: justify;\">\n<span lang=\"CA\" style=\"font-family: &quot;arial&quot;;\">12.&nbsp; <b><u>Espectacles de TEIA MONER:<\/u><\/b><o:p><\/o:p><\/span><\/div>\n<div class=\"Textopredeterminado\" style=\"text-align: justify;\">\n<\/div>\n<div class=\"Textopredeterminado\" style=\"text-align: justify;\">\n<i><span lang=\"CA\" style=\"font-family: &quot;arial&quot;;\">1993 &#8211;<\/span><\/i><span lang=\"CA\" style=\"font-family: &quot;arial&quot;;\"> <b>&nbsp;QUE N\u2019ETS DE B\u00c8STIA!.<\/b> <b><u><span style=\"color: #993300;\">Prix d&#039;ing\u00e9niosit\u00e9 et d&#039;originalit\u00e9 1996<\/span><\/u><span style=\"color: #993300;\">.<\/span><\/b> Atorgat per&nbsp; l\u2019Associaci\u00f3 Actors. Teatre Artenbrut. Barcelona TV . <i>P\u00fablic Adult<\/i><o:p><\/o:p><\/span><\/div>\n<div class=\"Textopredeterminado translation-block\" style=\"text-align: justify;\">1994 - LES ENFANTS DU SOLEIL. Prix \u200b\u200bRialles 1993. Tous Publics. Collaboration du D\u00e9partement de la Culture de la Generalitat de Catalunya.<\/div>\n<div class=\"Textopredeterminado translation-block\" style=\"text-align: justify;\">1995 - R\u00c9CEPTIONS. Tous les publics. Collaboration du D\u00e9partement de la Culture de la Generalitat de Catalunya.<\/div>\n<div class=\"Textopredeterminado\" style=\"text-align: justify;\">\n<i><span lang=\"CA\" style=\"font-family: &quot;arial&quot;;\">1998 &#8211;<\/span><\/i><b><span lang=\"CA\" style=\"font-family: &quot;arial&quot;;\">&nbsp; NYAM!<\/span><\/b><span lang=\"CA\" style=\"font-family: &quot;arial&quot;;\"> . <i>P\u00fablic Adult. Col\u00b7laboraci\u00f3 del Departament de Cultura de la &nbsp;&nbsp;&nbsp;&nbsp;&nbsp;&nbsp;&nbsp;&nbsp;&nbsp;&nbsp;&nbsp;&nbsp;&nbsp;&nbsp;&nbsp;&nbsp;&nbsp;&nbsp;&nbsp;&nbsp;&nbsp;&nbsp;Generalitat de Catalunya. Ministeri d\u2019Afers Socials d\u2019Andorra. Museu de Gav\u00e0<o:p><\/o:p><\/i><\/span><\/div>\n<div class=\"Textopredeterminado\" style=\"text-align: justify;\">\n<span lang=\"CA\" style=\"font-family: &quot;arial&quot;;\">1999 &#8211;&nbsp; <b>CONTES TEL\u00b7L\u00daRICS<\/b>. <i>Tots P\u00fablics<\/i><o:p><\/o:p><\/span><\/div>\n<div class=\"Textopredeterminado translation-block\" style=\"text-align: justify;\">2000 - Remplacement AVEC QUICHOTTE NOUS AVONS TROUBL\u00c9. Tous les publics. Collaboration du D\u00e9partement de la Culture de la Generalitat de Catalunya.<\/div>\n<div class=\"Textopredeterminado\" style=\"text-align: justify;\">\n<span lang=\"CA\" style=\"font-family: &quot;arial&quot;;\">2000<\/span><span lang=\"CA\">&nbsp; &#8211; <\/span><i><span lang=\"CA\" style=\"font-family: &quot;arial&quot;;\">&nbsp;<\/span><\/i><span lang=\"CA\" style=\"font-family: &quot;arial&quot;;\">Exposici\u00f3 <b>21 anys de \u201cTi Teias\u201d<\/b><\/span><span lang=\"CA\"><o:p><\/o:p><\/span><\/div>\n<div class=\"Textopredeterminado\" style=\"text-align: justify;\">\n<span lang=\"CA\" style=\"color: black; font-family: &quot;arial&quot;;\">2001 \u2013 <b>SOMNI D\u2019UNA NIT D\u2019ESTIU<\/b>. <\/span><b><u><span lang=\"CA\" style=\"color: #993300; font-family: &quot;arial&quot;;\">Prix du r\u00e9seau 2000<\/span><\/u><\/b><span lang=\"CA\" style=\"color: black; font-family: &quot;arial&quot;;\">. <i>Tots P\u00fablics<o:p><\/o:p><\/i><\/span><\/div>\n<div class=\"Textopredeterminado\" style=\"text-align: justify;\">\n<span lang=\"CA\" style=\"color: black; font-family: &quot;arial&quot;;\">2002 <i>\u2013 <\/i><b>NO EM PRENGUIS EL N\u00daMERO<\/b><i>. Tots p\u00fablics<\/i><o:p><\/o:p><\/span><\/div>\n<div class=\"Textopredeterminado\" style=\"text-align: justify;\">\n<span lang=\"CA\" style=\"color: black; font-family: &quot;arial&quot;;\">2003 \u2013 <b>A L\u2019OMBRA D\u2019EN PATUFET<\/b><i>. Tots p\u00fablics<o:p><\/o:p><\/i><\/span><\/div>\n<div class=\"Textopredeterminado\" style=\"text-align: justify;\">\n<span lang=\"CA\" style=\"color: black; font-family: &quot;arial&quot;;\">2004-2009 - D\u00e9marrage d'ateliers mobiles de marionnettes <b><o:p><\/o:p><\/b><\/span><\/div>\n<div class=\"Textopredeterminado translation-block\" style=\"text-align: justify;\">2004 - MAGIE MINIMALE. Public adulte. Collaboration du D\u00e9partement de la Culture de la Generalitat de Catalunya. Coproduction m\u00e9diterran\u00e9enne. Foire aux racines traditionnelles de Manresa. Prix \u200b\u200bSp\u00e9cial Cr\u00e9ativit\u00e9 2010. Festival de Marionnettes Vall d'Albaida.<\/div>\n<div class=\"Textopredeterminado\" style=\"text-align: justify;\">\n<span lang=\"CA\" style=\"font-family: &quot;arial&quot;;\">2006 &#8211; <b style=\"mso-bidi-font-weight: normal;\">XEFS. <\/b><i>Tots p\u00fablics. Col\u00b7laboraci\u00f3 INAEM i ICIC, Departament de Cultura de la Generalitat de Catalunya.<o:p><\/o:p><\/i><\/span><\/div>\n<div class=\"Textopredeterminado\" style=\"text-align: justify;\">\n<span lang=\"CA\" style=\"font-family: &quot;arial&quot;;\">2007 &#8211; <b style=\"mso-bidi-font-weight: normal;\">CONTES A L\u2019OMBRA. <\/b><i>Tots p\u00fablics. Col\u00b7laboraci\u00f3 ICIC, Departament de Cultura de la Generalitat de Catalunya.<o:p><\/o:p><\/i><\/span><\/div>\n<div class=\"Textopredeterminado\" style=\"text-align: justify;\">\n<i><span lang=\"CA\" style=\"font-family: &quot;arial&quot;;\">2009 &#8211; <\/span><\/i><b style=\"mso-bidi-font-weight: normal;\"><span lang=\"CA\" style=\"font-family: &quot;arial&quot;;\">GALAXIS<\/span><\/b><i><span lang=\"CA\" style=\"font-family: &quot;arial&quot;;\">. Tots P\u00fablics. Col\u00b7laboraci\u00f3 ICIC, Departament de Cultura de la Generalitat de Catalunya.<o:p><\/o:p><\/span><\/i><\/div>\n<div class=\"Textopredeterminado\" style=\"text-align: justify;\">\n<i><span lang=\"ES\" style=\"font-family: &quot;arial&quot;; font-size: 11pt;\">2011-17 \u2013 <\/span><\/i><b style=\"mso-bidi-font-weight: normal;\"><span lang=\"ES\" style=\"font-family: &quot;arial&quot;; font-size: 11pt;\">EMBROSSA\u2019T. <\/span><\/b><span lang=\"ES\" style=\"font-family: &quot;arial&quot;; font-size: 11pt;\"><span lang=\"ES\" style=\"font-family: &quot;arial&quot;; font-size: 11pt;\"><i>P\u00fablic familiar. <\/i><\/span>Direcci\u00f3 i producci\u00f3. Cia ADDAURA TEATRE VISUAL<\/span><\/div>\n<div class=\"Textopredeterminado translation-block\" style=\"text-align: justify;\">2011 - JETONS MONER DE CIRQUE. Public familial. Collaboration du D\u00e9partement de la Culture de la Generalitat de Catalu\u00f1a.<\/div>\n<div class=\"Textopredeterminado\" style=\"text-align: justify;\">\n<i><span lang=\"ES\" style=\"font-family: &quot;arial&quot;; font-size: 11pt;\">2011 \u2013<\/span><\/i><b style=\"mso-bidi-font-weight: normal;\"><span lang=\"ES\" style=\"font-family: &quot;arial&quot;; font-size: 11pt;\"> MESTRES DE LA M\u00c0GIA. <\/span><\/b><i><span lang=\"ES\" style=\"font-family: &quot;arial&quot;; font-size: 11pt;\">P\u00fablic familiar. Gala de m\u00e0gia compartida amb Aliskim, Enric Magoo, Brando y Silvana, y M\u00e0gic Sergio.<\/span><\/i><br \/>\n<i><span lang=\"ES\" style=\"font-family: &quot;arial&quot;; font-size: 11pt;\">2012 <\/span><\/i><b style=\"mso-bidi-font-weight: normal;\"><span lang=\"ES\" style=\"font-family: &quot;arial&quot;; font-size: 11pt;\">\u2013 AMB LLETRA MENUDA<\/span><\/b><i><span lang=\"ES\" style=\"font-family: &quot;arial&quot;; font-size: 11pt;\">. de Jaume Cela. <span style=\"color: black;\">Public familial<\/span><\/span><\/i><b><span lang=\"ES\" style=\"color: black; font-family: &quot;arial&quot;; font-size: 11pt;\">. <\/span><\/b><i><span lang=\"ES\" style=\"font-family: &quot;arial&quot;; font-size: 11pt;\">Colaboraci\u00f3 del Departament de Cultura de la&nbsp; Generalitat de Catalu\u00f1a.<\/span><\/i><br \/>\n<i><span lang=\"ES\" style=\"font-family: &quot;arial&quot;; font-size: 11pt;\"><o:p><\/o:p><\/span><\/i><\/div>\n<div class=\"Textopredeterminado\" style=\"text-align: justify;\">\n<span lang=\"ES\" style=\"font-family: &quot;arial&quot;; font-size: 11pt;\"><i>2015 &#8211; <\/i><b>CONTES DE GEL. <\/b><i>Public familial<\/i><\/span><br \/>\n<span lang=\"ES\" style=\"font-family: &quot;arial&quot;; font-size: 11pt;\"><i>2015 &#8211; <\/i><b>MOBILUS. <\/b><i>P\u00fablic familiar. <\/i>Direcci\u00f3 i producci\u00f3. Cia ADDAURA TEATRE VISUAL<\/span><br \/>\n<span lang=\"ES\" style=\"font-family: &quot;arial&quot;; font-size: 11pt;\"><i>2018- <\/i><b>TROPIC<\/b>. <i>Public familial<\/i><\/span><br \/>\n<span lang=\"ES\" style=\"font-family: &quot;arial&quot;; font-size: 11pt;\"><i>2019- <\/i><b>KL\u00c9. <\/b><i>P\u00fablc familiar. <\/i>Direcci\u00f3 i producci\u00f3. Cia Addaura Teatre Visual<b>&nbsp;<\/b> <\/span><br \/>\n<span lang=\"ES\" style=\"font-family: &quot;arial&quot;; font-size: 11pt;\"><\/span><br \/>\n<span lang=\"ES\" style=\"font-family: &quot;arial&quot;; font-size: 11pt;\"><o:p><\/o:p><\/span><\/div>\n<div class=\"Textopredeterminado\" style=\"text-align: justify;\">\n<u><span lang=\"CA\" style=\"font-family: &quot;arial&quot;;\">13. Construcci\u00f3 de titelles i ombres de l\u2019espectacle <b>&quot;<span style=\"font-size: small;\">COLORS\u201d de <o:p><\/o:p><\/span><\/b><\/span><\/u><\/div>\n<div class=\"Textopredeterminado\" style=\"text-align: justify;\">\n<span style=\"font-size: small;\"><b><u><span lang=\"CA\" style=\"font-family: &quot;arial&quot;;\">Xavier Mariscal<\/span><\/u><\/b><\/span><span lang=\"CA\" style=\"font-family: &quot;arial&quot;; font-size: 14pt;\"><o:p><\/o:p><\/span><\/div>\n<div class=\"Textopredeterminado\" style=\"text-align: justify;\">\n<\/div>\n<div class=\"Textopredeterminado\" style=\"text-align: justify;\">\n<u><span lang=\"CA\" style=\"font-family: &quot;arial&quot;;\">14. Construcci\u00f3 de titelles de l\u2019espectacle <b>\u00abTINA, LA WITCH FINE\u00bb de T\u00e0bata Teatre<o:p><\/o:p><\/b><\/span><\/u><\/div>\n<div class=\"Textopredeterminado\" style=\"text-align: justify;\">\n<\/div>\n<div class=\"MsoNormal\">\n<u><span lang=\"CA\" style=\"font-family: &quot;arial&quot;;\">15<b>. Cinema: <\/b><\/span><\/u><span lang=\"CA\" style=\"font-family: &quot;arial&quot;;\">BARCELONA, HISTORIA DE UNA NOCHE. CECC<o:p><\/o:p><\/span><\/div>\n<div class=\"MsoNormal\">\n<\/div>\n<div class=\"MsoNormal\">\n<u><span lang=\"CA\" style=\"font-family: &quot;arial&quot;;\">16. <b style=\"mso-bidi-font-weight: normal;\">Premis: <o:p><\/o:p><\/b><\/span><\/u><\/div>\n<div class=\"MsoNormal\">\n<b><i style=\"mso-bidi-font-style: normal;\"><span lang=\"CA\" style=\"color: red; font-family: &quot;arial&quot;;\">Prix d&#039;ing\u00e9niosit\u00e9 et d&#039;originalit\u00e9 1996<o:p><\/o:p><\/span><\/i><\/b><\/div>\n<div class=\"MsoNormal\">\n<b><i style=\"mso-bidi-font-style: normal;\"><span lang=\"CA\" style=\"color: red; font-family: &quot;arial&quot;;\">Prix du rire 1993<o:p><\/o:p><\/span><\/i><\/b><\/div>\n<div class=\"MsoNormal\">\n<b><i style=\"mso-bidi-font-style: normal;\"><span lang=\"CA\" style=\"color: red; font-family: &quot;arial&quot;;\">Prix du r\u00e9seau 2000<o:p><\/o:p><\/span><\/i><\/b><\/div>\n<div style=\"margin-bottom: .0001pt; margin: 0cm;\">\n<b style=\"mso-bidi-font-weight: normal;\"><i style=\"mso-bidi-font-style: normal;\"><span lang=\"CA\" style=\"color: red; font-family: &quot;arial&quot;; font-size: 11pt;\">PRIX SP\u00c9CIAL POUR LA CR\u00c9ATIVIT\u00c9. Festival de marionnettes de La Vall d&#039;Albaida 2010<\/span><\/i><\/b><br \/>\n<b style=\"mso-bidi-font-weight: normal;\"><i style=\"mso-bidi-font-style: normal;\"><span lang=\"CA\" style=\"color: red; font-family: &quot;arial&quot;; font-size: 11pt;\">PREMI DEL P\u00daBLIC FUNDACI\u00d3 XARXA CORBERA DE LLOBREGAT 2017<\/span><\/i><\/b><br \/>\n<b style=\"mso-bidi-font-weight: normal;\"><i style=\"mso-bidi-font-style: normal;\"><span lang=\"CA\" style=\"color: red; font-family: &quot;arial&quot;; font-size: 11pt;\">NOMINACI\u00d3 PREMIOS MAX 2017<\/span><\/i><\/b><br \/>\n<b style=\"mso-bidi-font-weight: normal;\"><i style=\"mso-bidi-font-style: normal;\"><span lang=\"CA\" style=\"color: red; font-family: &quot;arial&quot;; font-size: 11pt;\">MENCI\u00d3 HONOR\u00cdFICA FESTIVAL INTERNACIONAL DE M\u00c0GIA MEMORIAL LI-CHANG 2018<\/span><\/i><\/b><br \/>\n<b style=\"mso-bidi-font-weight: normal;\"><i style=\"mso-bidi-font-style: normal;\"><span lang=\"CA\" style=\"color: red; font-family: &quot;arial&quot;; font-size: 11pt;\">FINALISTA PREMIOS MAX 2018 <\/span><\/i><\/b><b style=\"mso-bidi-font-weight: normal;\"><i style=\"mso-bidi-font-style: normal;\"><span lang=\"CA\" style=\"color: red; font-size: 11pt;\"><o:p><\/o:p><\/span><\/i><\/b><\/div>\n<div class=\"MsoNormal\">\n<\/div>\n<div class=\"MsoNormal\">\n<b><i style=\"mso-bidi-font-style: normal;\"><span lang=\"CA\" style=\"color: black; font-family: &quot;arial&quot;;\">17. <u>Directora Art\u00edstica de DAMA<\/u>, Festival Internacional de Dames M\u00e0giques a Terrassa (espectacles de m\u00e0gia realitzats per dones). <o:p><\/o:p><\/span><\/i><\/b><\/div>\n<div class=\"MsoNormal\">\n<b><i style=\"mso-bidi-font-style: normal;\"><span lang=\"CA\" style=\"color: black; font-family: &quot;arial&quot;;\">2006-2007-2008-2009-2010-2011-2012-2013<o:p><\/o:p><\/span><\/i><\/b><\/div>\n<div class=\"MsoNormal\">\n<\/div>\n<div class=\"MsoNormal\">\n<b><i style=\"mso-bidi-font-style: normal;\"><span lang=\"CA\" style=\"color: black; font-family: &quot;arial&quot;;\">18<u>. Membre del col\u00b7lectiu: MESTRES DE LA M\u00c0GIA<\/u><o:p><\/o:p><\/span><\/i><\/b><\/div>","protected":false},"excerpt":{"rendered":"<p>Teia M. Moner neix una primavera al barri de Sant Antoni de Barcelona 1. Curr\u00edculum professional pedag\u00f2gic: Mestra de prim\u00e0ria i d\u2019Educaci\u00f3 Especial Pedagoga Terapeuta T\u00e8cnica en Educaci\u00f3 Emocional Direcci\u00f3 &#8230; <\/p>\n<p class=\"read-more-container\"><a title=\"Teia Moner\" class=\"read-more button\" href=\"https:\/\/damesmagiques.com\/fr\/teia-moner-2\/#more-5508\">Continue de lire<span class=\"screen-reader-text\">Teia Moner<\/span><\/a><\/p>","protected":false},"author":3,"featured_media":0,"parent":0,"menu_order":0,"comment_status":"closed","ping_status":"closed","template":"","meta":{"footnotes":""},"_links":{"self":[{"href":"https:\/\/damesmagiques.com\/fr\/wp-json\/wp\/v2\/pages\/5508"}],"collection":[{"href":"https:\/\/damesmagiques.com\/fr\/wp-json\/wp\/v2\/pages"}],"about":[{"href":"https:\/\/damesmagiques.com\/fr\/wp-json\/wp\/v2\/types\/page"}],"author":[{"embeddable":true,"href":"https:\/\/damesmagiques.com\/fr\/wp-json\/wp\/v2\/users\/3"}],"replies":[{"embeddable":true,"href":"https:\/\/damesmagiques.com\/fr\/wp-json\/wp\/v2\/comments?post=5508"}],"version-history":[{"count":1,"href":"https:\/\/damesmagiques.com\/fr\/wp-json\/wp\/v2\/pages\/5508\/revisions"}],"predecessor-version":[{"id":5510,"href":"https:\/\/damesmagiques.com\/fr\/wp-json\/wp\/v2\/pages\/5508\/revisions\/5510"}],"wp:attachment":[{"href":"https:\/\/damesmagiques.com\/fr\/wp-json\/wp\/v2\/media?parent=5508"}],"curies":[{"name":"wp","href":"https:\/\/api.w.org\/{rel}","templated":true}]}}