{"id":6742,"date":"2023-08-06T13:02:39","date_gmt":"2023-08-06T11:02:39","guid":{"rendered":"http:\/\/damesmagiques.com\/?page_id=6742"},"modified":"2023-09-14T13:22:06","modified_gmt":"2023-09-14T11:22:06","slug":"1er-festival-dama","status":"publish","type":"page","link":"https:\/\/damesmagiques.com\/fr\/1er-festival-dama\/","title":{"rendered":"1er FESTIVAL DES DAMES"},"content":{"rendered":"<div data-elementor-type=\"wp-page\" data-elementor-id=\"6742\" class=\"elementor elementor-6742\" data-elementor-post-type=\"page\">\n\t\t\t\t\t\t<section class=\"elementor-section elementor-top-section elementor-element elementor-element-79a66f0 elementor-section-boxed elementor-section-height-default elementor-section-height-default\" data-id=\"79a66f0\" data-element_type=\"section\">\n\t\t\t\t\t\t<div class=\"elementor-container elementor-column-gap-default\">\n\t\t\t\t\t<div class=\"elementor-column elementor-col-100 elementor-top-column elementor-element elementor-element-3c36c5c\" data-id=\"3c36c5c\" data-element_type=\"column\">\n\t\t\t<div class=\"elementor-widget-wrap elementor-element-populated\">\n\t\t\t\t\t\t<div class=\"elementor-element elementor-element-7eca1c7 elementor-widget elementor-widget-heading\" data-id=\"7eca1c7\" data-element_type=\"widget\" data-widget_type=\"heading.default\">\n\t\t\t\t<div class=\"elementor-widget-container\">\n\t\t\t<h2 class=\"elementor-heading-title elementor-size-default\">DAMA 2006<\/h2>\t\t<\/div>\n\t\t\t\t<\/div>\n\t\t\t\t<div class=\"elementor-element elementor-element-f17a1ee elementor-widget elementor-widget-heading\" data-id=\"f17a1ee\" data-element_type=\"widget\" data-widget_type=\"heading.default\">\n\t\t\t\t<div class=\"elementor-widget-container\">\n\t\t\t<h2 class=\"elementor-heading-title elementor-size-default\">1er FESTIVAL INTERNATIONAL DES DAMES MAGIQUES<\/h2>\t\t<\/div>\n\t\t\t\t<\/div>\n\t\t\t\t<section class=\"elementor-section elementor-inner-section elementor-element elementor-element-2c9fda1 elementor-section-boxed elementor-section-height-default elementor-section-height-default\" data-id=\"2c9fda1\" data-element_type=\"section\">\n\t\t\t\t\t\t<div class=\"elementor-container elementor-column-gap-default\">\n\t\t\t\t\t<div class=\"elementor-column elementor-col-100 elementor-inner-column elementor-element elementor-element-1e2409c\" data-id=\"1e2409c\" data-element_type=\"column\">\n\t\t\t<div class=\"elementor-widget-wrap elementor-element-populated\">\n\t\t\t\t\t\t<div class=\"elementor-element elementor-element-d81a019 elementor-widget elementor-widget-text-editor\" data-id=\"d81a019\" data-element_type=\"widget\" data-widget_type=\"text-editor.default\">\n\t\t\t\t<div class=\"elementor-widget-container\">\n\t\t\t\t\t\t\t<p style=\"text-align: justify;\">La tradition des spectacles de magie nous montre que les principaux interpr\u00e8tes de ces \u0153uvres sont g\u00e9n\u00e9ralement des hommes.<\/p><p style=\"text-align: justify;\">M\u00eame si de plus en plus de femmes jouent dans leur propre spectacle de magie, nous restons encore une minorit\u00e9.<\/p><p style=\"text-align: justify;\">Nous avons besoin d\u2019un espace o\u00f9 les femmes magiques du monde entier peuvent montrer notre art \u00e0 la profession et \u00e0 un public qui ignore notre existence.\u00a0<\/p><p style=\"text-align: justify;\">Un espace magique o\u00f9 l&#039;on se retrouve, o\u00f9 l&#039;on peut parler de ses pr\u00e9occupations artistiques, o\u00f9 de nouveaux projets peuvent germer...<\/p><p style=\"text-align: justify;\">Nous vous invitons tous \u00e0 venir \u00e0 Terrassa les 21, 22 et 23 juillet 2006 pour profiter et participer au seul festival de ce genre qui existe au monde. Je vous assure que vous verrez une sensibilit\u00e9 particuli\u00e8re et une mani\u00e8re diff\u00e9rente de faire de la magie.<\/p><p style=\"text-align: justify;\">Depuis ses d\u00e9buts, la pr\u00e9sence de dames magiques a augment\u00e9 dans le monde de la magie et en tant que festival, nous avons \u00e9t\u00e9 <strong>nomin\u00e9 pour les International Magic Awards de l&#039;Argentine et invit\u00e9s \u00e0 l&#039;\u00e9mission Criss Angel TV \u00e0 Las Vegas.\u00a0<\/strong><\/p><p style=\"text-align: right;\"><strong>Teia Moner Directeur artistique DAMA<\/strong><\/p>\t\t\t\t\t\t<\/div>\n\t\t\t\t<\/div>\n\t\t\t\t\t<\/div>\n\t\t<\/div>\n\t\t\t\t\t<\/div>\n\t\t<\/section>\n\t\t\t\t<div class=\"elementor-element elementor-element-16b5036 elementor-widget-divider--view-line elementor-widget elementor-widget-divider\" data-id=\"16b5036\" data-element_type=\"widget\" data-widget_type=\"divider.default\">\n\t\t\t\t<div class=\"elementor-widget-container\">\n\t\t\t\t\t<div class=\"elementor-divider\">\n\t\t\t<span class=\"elementor-divider-separator\">\n\t\t\t\t\t\t<\/span>\n\t\t<\/div>\n\t\t\t\t<\/div>\n\t\t\t\t<\/div>\n\t\t\t\t<section class=\"elementor-section elementor-inner-section elementor-element elementor-element-9a2cd39 elementor-section-boxed elementor-section-height-default elementor-section-height-default\" data-id=\"9a2cd39\" data-element_type=\"section\">\n\t\t\t\t\t\t<div class=\"elementor-container elementor-column-gap-default\">\n\t\t\t\t\t<div class=\"elementor-column elementor-col-50 elementor-inner-column elementor-element elementor-element-b7bbe6a\" data-id=\"b7bbe6a\" data-element_type=\"column\">\n\t\t\t<div class=\"elementor-widget-wrap elementor-element-populated\">\n\t\t\t\t\t\t<div class=\"elementor-element elementor-element-7a41946 elementor-widget elementor-widget-text-editor\" data-id=\"7a41946\" data-element_type=\"widget\" data-widget_type=\"text-editor.default\">\n\t\t\t\t<div class=\"elementor-widget-container\">\n\t\t\t\t\t\t\t<h4 style=\"text-align: justify;\"><b>PROGRAMME<\/b><\/h4>\n<p style=\"text-align: justify;\"><b>21 juillet<\/b><\/p>\n<p style=\"text-align: justify;\">21h00 Th\u00e9\u00e2tre Alegria<\/p>\n<p style=\"text-align: justify;\">Inauguration<\/p>\n<ul>\n<li>Gros plan magique Joana Andreu (Catalogne)<\/li>\n<li>Pr\u00e9sent\u00e9 par : Pepa Plana<\/li>\n<li>Dame d&#039;honneur magique Teresa Gutzens (Catalogne)<\/li>\n<li>Spectacle : Ilva Scali solo Ilva Scali (France)<\/li>\n<\/ul>\n<p><b>22 juillet<\/b><\/p>\n<p>11h30 Place Torre del Palau<\/p>\n<ul>\n<li>Atelier magie GAAC<\/li>\n<li>Gros plan magique Ines (Andalousie)<\/li>\n<\/ul>\n<p>18 heures Th\u00e9\u00e2tre Alegria<\/p>\n<ul>\n<li>Spectacle : La Dama Inquieta (Catalogne)<\/li>\n<\/ul>\n<p>22 heures Th\u00e9\u00e2tre Alegria<\/p>\n<p>Gala Magique<\/p>\n<ul>\n<li>Pr\u00e9sente Rosa M\u00aa Llop et Anna Montserrat<\/li>\n<li>Ilva Scali (France)<\/li>\n<li>Jeanne (Chine)<\/li>\n<li>Joana Andreu (Catalogne)<\/li>\n<li>Silvana (Argentine)<\/li>\n<li>In\u00e8s (Andalousie)<\/li>\n<li>Ya-o-min (Aragon)<\/li>\n<li>Marimar (Catalogne)<\/li>\n<li>Magicclaire (Chili)<\/li>\n<li>La Dama Inquieta (Catalogne)<\/li>\n<\/ul>\n<p><b>23 juillet<\/b><\/p>\n<p>12 heure Th\u00e9\u00e2tre Alegria<\/p>\n<ul>\n<li>Spectacle : La Panterita Magiclaire (Chili)<\/li>\n<\/ul>\n<p>19 heures Th\u00e9\u00e2tre Alegria<\/p>\n<ul>\n<li>Spectacle\u00a0: Minimal Magic Teia Moner (Catalogne)<\/li><\/ul>\t\t\t\t\t\t<\/div>\n\t\t\t\t<\/div>\n\t\t\t\t\t<\/div>\n\t\t<\/div>\n\t\t\t\t<div class=\"elementor-column elementor-col-50 elementor-inner-column elementor-element elementor-element-cae69b0\" data-id=\"cae69b0\" data-element_type=\"column\">\n\t\t\t<div class=\"elementor-widget-wrap elementor-element-populated\">\n\t\t\t\t\t\t<div class=\"elementor-element elementor-element-fe5d4d1 elementor-widget elementor-widget-image\" data-id=\"fe5d4d1\" data-element_type=\"widget\" data-widget_type=\"image.default\">\n\t\t\t\t<div class=\"elementor-widget-container\">\n\t\t\t\t\t\t\t\t\t\t\t\t\t<img fetchpriority=\"high\" decoding=\"async\" width=\"768\" height=\"1076\" src=\"https:\/\/damesmagiques.com\/wp-content\/uploads\/2023\/08\/posterDAMA2006-768x1076.jpg\" class=\"attachment-medium_large size-medium_large wp-image-6836\" alt=\"\" srcset=\"https:\/\/damesmagiques.com\/wp-content\/uploads\/2023\/08\/posterDAMA2006-768x1076.jpg 768w, https:\/\/damesmagiques.com\/wp-content\/uploads\/2023\/08\/posterDAMA2006-214x300.jpg 214w, https:\/\/damesmagiques.com\/wp-content\/uploads\/2023\/08\/posterDAMA2006-731x1024.jpg 731w, https:\/\/damesmagiques.com\/wp-content\/uploads\/2023\/08\/posterDAMA2006-9x12.jpg 9w, https:\/\/damesmagiques.com\/wp-content\/uploads\/2023\/08\/posterDAMA2006.jpg 1071w\" sizes=\"(max-width: 768px) 100vw, 768px\" \/>\t\t\t\t\t\t\t\t\t\t\t\t\t<\/div>\n\t\t\t\t<\/div>\n\t\t\t\t\t<\/div>\n\t\t<\/div>\n\t\t\t\t\t<\/div>\n\t\t<\/section>\n\t\t\t\t\t<\/div>\n\t\t<\/div>\n\t\t\t\t\t<\/div>\n\t\t<\/section>\n\t\t\t\t<section class=\"elementor-section elementor-top-section elementor-element elementor-element-7ebeb84 elementor-section-boxed elementor-section-height-default elementor-section-height-default\" data-id=\"7ebeb84\" data-element_type=\"section\">\n\t\t\t\t\t\t<div class=\"elementor-container elementor-column-gap-default\">\n\t\t\t\t\t<div class=\"elementor-column elementor-col-100 elementor-top-column elementor-element elementor-element-4658cc4\" data-id=\"4658cc4\" data-element_type=\"column\">\n\t\t\t<div class=\"elementor-widget-wrap elementor-element-populated\">\n\t\t\t\t\t\t<div class=\"elementor-element elementor-element-eb808d6 elementor-widget elementor-widget-text-editor\" data-id=\"eb808d6\" data-element_type=\"widget\" data-widget_type=\"text-editor.default\">\n\t\t\t\t<div class=\"elementor-widget-container\">\n\t\t\t\t\t\t\t<h4 style=\"font-style: normal; letter-spacing: 1.5px;\">PARRAINER<\/h4><p style=\"color: #5f5f5f; font-family: Lato, sans-serif; font-size: 16px; letter-spacing: 1.5px;\">Organis\u00e9 par : Mairie de Terrassa, Teia Moner SCCL, Gaac Serveis Culturals avec la collaboration de l&#039;ICEC de la Generalitat de Catalunya, Tothom suma<br \/>Collaborateurs : Jazz Terrassa et Nova Jazz Cava<br \/>Direction artistique : Teia Moner<br \/>Direction technique : Miquel Espinosa<br \/>Conception graphique : Urgell Obiols<\/p>\t\t\t\t\t\t<\/div>\n\t\t\t\t<\/div>\n\t\t\t\t<div class=\"elementor-element elementor-element-bc0759b elementor-widget-divider--view-line elementor-widget elementor-widget-divider\" data-id=\"bc0759b\" data-element_type=\"widget\" data-widget_type=\"divider.default\">\n\t\t\t\t<div class=\"elementor-widget-container\">\n\t\t\t\t\t<div class=\"elementor-divider\">\n\t\t\t<span class=\"elementor-divider-separator\">\n\t\t\t\t\t\t<\/span>\n\t\t<\/div>\n\t\t\t\t<\/div>\n\t\t\t\t<\/div>\n\t\t\t\t\t<\/div>\n\t\t<\/div>\n\t\t\t\t\t<\/div>\n\t\t<\/section>\n\t\t\t\t<section class=\"elementor-section elementor-top-section elementor-element elementor-element-dca180c elementor-section-boxed elementor-section-height-default elementor-section-height-default\" data-id=\"dca180c\" data-element_type=\"section\">\n\t\t\t\t\t\t<div class=\"elementor-container elementor-column-gap-default\">\n\t\t\t\t\t<div class=\"elementor-column elementor-col-100 elementor-top-column elementor-element elementor-element-3056471\" data-id=\"3056471\" data-element_type=\"column\">\n\t\t\t<div class=\"elementor-widget-wrap elementor-element-populated\">\n\t\t\t\t\t\t<div class=\"elementor-element elementor-element-39e2bfa elementor-widget elementor-widget-gallery\" data-id=\"39e2bfa\" data-element_type=\"widget\" data-settings=\"{&quot;gallery_layout&quot;:&quot;justified&quot;,&quot;gap&quot;:{&quot;unit&quot;:&quot;px&quot;,&quot;size&quot;:0,&quot;sizes&quot;:[]},&quot;lazyload&quot;:&quot;yes&quot;,&quot;ideal_row_height&quot;:{&quot;unit&quot;:&quot;px&quot;,&quot;size&quot;:200,&quot;sizes&quot;:[]},&quot;ideal_row_height_tablet&quot;:{&quot;unit&quot;:&quot;px&quot;,&quot;size&quot;:150,&quot;sizes&quot;:[]},&quot;ideal_row_height_mobile&quot;:{&quot;unit&quot;:&quot;px&quot;,&quot;size&quot;:150,&quot;sizes&quot;:[]},&quot;gap_tablet&quot;:{&quot;unit&quot;:&quot;px&quot;,&quot;size&quot;:10,&quot;sizes&quot;:[]},&quot;gap_mobile&quot;:{&quot;unit&quot;:&quot;px&quot;,&quot;size&quot;:10,&quot;sizes&quot;:[]},&quot;link_to&quot;:&quot;file&quot;,&quot;overlay_background&quot;:&quot;yes&quot;,&quot;content_hover_animation&quot;:&quot;fade-in&quot;}\" data-widget_type=\"gallery.default\">\n\t\t\t\t<div class=\"elementor-widget-container\">\n\t\t\t\t\t<div class=\"elementor-gallery__container\">\n\t\t\t\t\t\t\t<a class=\"e-gallery-item elementor-gallery-item elementor-animated-content\" href=\"https:\/\/damesmagiques.com\/wp-content\/uploads\/2020\/08\/DAMA2019-1.jpg\">\n\t\t\t\t\t<div class=\"e-gallery-image elementor-gallery-item__image\" data-thumbnail=\"https:\/\/damesmagiques.com\/wp-content\/uploads\/2020\/08\/DAMA2019-1.jpg\" data-width=\"494\" data-height=\"700\" aria-label=\"\" role=\"img\" ><\/div>\n\t\t\t\t\t\t\t\t\t\t\t<div class=\"elementor-gallery-item__overlay\"><\/div>\n\t\t\t\t\t\t\t\t\t\t\t\t\t\t<\/a>\n\t\t\t\t\t\t\t<a class=\"e-gallery-item elementor-gallery-item elementor-animated-content\" href=\"https:\/\/damesmagiques.com\/wp-content\/uploads\/2020\/08\/DAMA2014-1.jpg\">\n\t\t\t\t\t<div class=\"e-gallery-image elementor-gallery-item__image\" data-thumbnail=\"https:\/\/damesmagiques.com\/wp-content\/uploads\/2020\/08\/DAMA2014-1.jpg\" data-width=\"495\" data-height=\"700\" aria-label=\"\" role=\"img\" ><\/div>\n\t\t\t\t\t\t\t\t\t\t\t<div class=\"elementor-gallery-item__overlay\"><\/div>\n\t\t\t\t\t\t\t\t\t\t\t\t\t\t<\/a>\n\t\t\t\t\t\t\t<a class=\"e-gallery-item elementor-gallery-item elementor-animated-content\" href=\"https:\/\/damesmagiques.com\/wp-content\/uploads\/2020\/08\/DAMA2012-1.jpg\">\n\t\t\t\t\t<div class=\"e-gallery-image elementor-gallery-item__image\" data-thumbnail=\"https:\/\/damesmagiques.com\/wp-content\/uploads\/2020\/08\/DAMA2012-1.jpg\" data-width=\"333\" data-height=\"700\" aria-label=\"\" role=\"img\" ><\/div>\n\t\t\t\t\t\t\t\t\t\t\t<div class=\"elementor-gallery-item__overlay\"><\/div>\n\t\t\t\t\t\t\t\t\t\t\t\t\t\t<\/a>\n\t\t\t\t\t\t\t<a class=\"e-gallery-item elementor-gallery-item elementor-animated-content\" href=\"https:\/\/damesmagiques.com\/wp-content\/uploads\/2020\/08\/DAMA2011-1.jpg\">\n\t\t\t\t\t<div class=\"e-gallery-image elementor-gallery-item__image\" data-thumbnail=\"https:\/\/damesmagiques.com\/wp-content\/uploads\/2020\/08\/DAMA2011-1.jpg\" data-width=\"495\" data-height=\"700\" aria-label=\"\" role=\"img\" ><\/div>\n\t\t\t\t\t\t\t\t\t\t\t<div class=\"elementor-gallery-item__overlay\"><\/div>\n\t\t\t\t\t\t\t\t\t\t\t\t\t\t<\/a>\n\t\t\t\t\t\t\t<a class=\"e-gallery-item elementor-gallery-item elementor-animated-content\" href=\"https:\/\/damesmagiques.com\/wp-content\/uploads\/2020\/08\/DAMA2010-1.jpg\">\n\t\t\t\t\t<div class=\"e-gallery-image elementor-gallery-item__image\" data-thumbnail=\"https:\/\/damesmagiques.com\/wp-content\/uploads\/2020\/08\/DAMA2010-1.jpg\" data-width=\"466\" data-height=\"700\" aria-label=\"\" role=\"img\" ><\/div>\n\t\t\t\t\t\t\t\t\t\t\t<div class=\"elementor-gallery-item__overlay\"><\/div>\n\t\t\t\t\t\t\t\t\t\t\t\t\t\t<\/a>\n\t\t\t\t\t\t\t<a class=\"e-gallery-item elementor-gallery-item elementor-animated-content\" href=\"https:\/\/damesmagiques.com\/wp-content\/uploads\/2020\/08\/DAMA2009-1.jpg\">\n\t\t\t\t\t<div class=\"e-gallery-image elementor-gallery-item__image\" data-thumbnail=\"https:\/\/damesmagiques.com\/wp-content\/uploads\/2020\/08\/DAMA2009-1.jpg\" data-width=\"467\" data-height=\"700\" aria-label=\"\" role=\"img\" ><\/div>\n\t\t\t\t\t\t\t\t\t\t\t<div class=\"elementor-gallery-item__overlay\"><\/div>\n\t\t\t\t\t\t\t\t\t\t\t\t\t\t<\/a>\n\t\t\t\t\t\t\t<a class=\"e-gallery-item elementor-gallery-item elementor-animated-content\" href=\"https:\/\/damesmagiques.com\/wp-content\/uploads\/2020\/08\/DAMA2008-1.jpg\">\n\t\t\t\t\t<div class=\"e-gallery-image elementor-gallery-item__image\" data-thumbnail=\"https:\/\/damesmagiques.com\/wp-content\/uploads\/2020\/08\/DAMA2008-1.jpg\" data-width=\"417\" data-height=\"700\" aria-label=\"\" role=\"img\" ><\/div>\n\t\t\t\t\t\t\t\t\t\t\t<div class=\"elementor-gallery-item__overlay\"><\/div>\n\t\t\t\t\t\t\t\t\t\t\t\t\t\t<\/a>\n\t\t\t\t\t\t\t<a class=\"e-gallery-item elementor-gallery-item elementor-animated-content\" href=\"https:\/\/damesmagiques.com\/wp-content\/uploads\/2020\/08\/DAMA2007-1.jpg\">\n\t\t\t\t\t<div class=\"e-gallery-image elementor-gallery-item__image\" data-thumbnail=\"https:\/\/damesmagiques.com\/wp-content\/uploads\/2020\/08\/DAMA2007-1.jpg\" data-width=\"495\" data-height=\"700\" aria-label=\"\" role=\"img\" ><\/div>\n\t\t\t\t\t\t\t\t\t\t\t<div class=\"elementor-gallery-item__overlay\"><\/div>\n\t\t\t\t\t\t\t\t\t\t\t\t\t\t<\/a>\n\t\t\t\t\t\t\t<a class=\"e-gallery-item elementor-gallery-item elementor-animated-content\" href=\"https:\/\/damesmagiques.com\/wp-content\/uploads\/2020\/08\/DAMA2006-1.jpg\">\n\t\t\t\t\t<div class=\"e-gallery-image elementor-gallery-item__image\" data-thumbnail=\"https:\/\/damesmagiques.com\/wp-content\/uploads\/2020\/08\/DAMA2006-1.jpg\" data-width=\"500\" data-height=\"700\" aria-label=\"\" role=\"img\" ><\/div>\n\t\t\t\t\t\t\t\t\t\t\t<div class=\"elementor-gallery-item__overlay\"><\/div>\n\t\t\t\t\t\t\t\t\t\t\t\t\t\t<\/a>\n\t\t\t\t\t<\/div>\n\t\t\t<\/div>\n\t\t\t\t<\/div>\n\t\t\t\t\t<\/div>\n\t\t<\/div>\n\t\t\t\t\t<\/div>\n\t\t<\/section>\n\t\t\t\t<\/div>","protected":false},"excerpt":{"rendered":"<p>DAMA 2006 1er FESTIVAL INTERNATIONAL DES DAMES MAGIQUES La tradition des spectacles de magie nous montre que les protagonistes de ces \u0153uvres sont g\u00e9n\u00e9ralement des hommes. M\u00eame si \u00e0 chaque fois\u2026 <\/p>\n<p class=\"read-more-container\"><a title=\"1er FESTIVAL DES DAMES\" class=\"read-more button\" href=\"https:\/\/damesmagiques.com\/fr\/1er-festival-dama\/#more-6742\">Continue de lire<span class=\"screen-reader-text\">1er FESTIVAL DES DAMES<\/span><\/a><\/p>","protected":false},"author":1,"featured_media":0,"parent":0,"menu_order":0,"comment_status":"closed","ping_status":"closed","template":"","meta":{"footnotes":""},"_links":{"self":[{"href":"https:\/\/damesmagiques.com\/fr\/wp-json\/wp\/v2\/pages\/6742"}],"collection":[{"href":"https:\/\/damesmagiques.com\/fr\/wp-json\/wp\/v2\/pages"}],"about":[{"href":"https:\/\/damesmagiques.com\/fr\/wp-json\/wp\/v2\/types\/page"}],"author":[{"embeddable":true,"href":"https:\/\/damesmagiques.com\/fr\/wp-json\/wp\/v2\/users\/1"}],"replies":[{"embeddable":true,"href":"https:\/\/damesmagiques.com\/fr\/wp-json\/wp\/v2\/comments?post=6742"}],"version-history":[{"count":23,"href":"https:\/\/damesmagiques.com\/fr\/wp-json\/wp\/v2\/pages\/6742\/revisions"}],"predecessor-version":[{"id":7498,"href":"https:\/\/damesmagiques.com\/fr\/wp-json\/wp\/v2\/pages\/6742\/revisions\/7498"}],"wp:attachment":[{"href":"https:\/\/damesmagiques.com\/fr\/wp-json\/wp\/v2\/media?parent=6742"}],"curies":[{"name":"wp","href":"https:\/\/api.w.org\/{rel}","templated":true}]}}