{"id":6857,"date":"2023-08-07T17:59:52","date_gmt":"2023-08-07T15:59:52","guid":{"rendered":"http:\/\/damesmagiques.com\/?page_id=6857"},"modified":"2023-08-25T13:04:43","modified_gmt":"2023-08-25T11:04:43","slug":"6e-festival-dama","status":"publish","type":"page","link":"https:\/\/damesmagiques.com\/fr\/6e-festival-dama\/","title":{"rendered":"6\u00e8me FESTIVAL DE LA FEMME"},"content":{"rendered":"<div data-elementor-type=\"wp-page\" data-elementor-id=\"6857\" class=\"elementor elementor-6857\" data-elementor-post-type=\"page\">\n\t\t\t\t\t\t<section class=\"elementor-section elementor-top-section elementor-element elementor-element-79a66f0 elementor-section-boxed elementor-section-height-default elementor-section-height-default\" data-id=\"79a66f0\" data-element_type=\"section\">\n\t\t\t\t\t\t<div class=\"elementor-container elementor-column-gap-default\">\n\t\t\t\t\t<div class=\"elementor-column elementor-col-100 elementor-top-column elementor-element elementor-element-3c36c5c\" data-id=\"3c36c5c\" data-element_type=\"column\">\n\t\t\t<div class=\"elementor-widget-wrap elementor-element-populated\">\n\t\t\t\t\t\t<div class=\"elementor-element elementor-element-7eca1c7 elementor-widget elementor-widget-heading\" data-id=\"7eca1c7\" data-element_type=\"widget\" data-widget_type=\"heading.default\">\n\t\t\t\t<div class=\"elementor-widget-container\">\n\t\t\t<h2 class=\"elementor-heading-title elementor-size-default\">DAMA 2011<\/h2>\t\t<\/div>\n\t\t\t\t<\/div>\n\t\t\t\t<div class=\"elementor-element elementor-element-f17a1ee elementor-widget elementor-widget-heading\" data-id=\"f17a1ee\" data-element_type=\"widget\" data-widget_type=\"heading.default\">\n\t\t\t\t<div class=\"elementor-widget-container\">\n\t\t\t<h2 class=\"elementor-heading-title elementor-size-default\">6\u00e8me FESTIVAL INTERNATIONAL DES DAMES MAGIQUES<\/h2>\t\t<\/div>\n\t\t\t\t<\/div>\n\t\t\t\t<section class=\"elementor-section elementor-inner-section elementor-element elementor-element-2c9fda1 elementor-section-boxed elementor-section-height-default elementor-section-height-default\" data-id=\"2c9fda1\" data-element_type=\"section\">\n\t\t\t\t\t\t<div class=\"elementor-container elementor-column-gap-default\">\n\t\t\t\t\t<div class=\"elementor-column elementor-col-100 elementor-inner-column elementor-element elementor-element-1e2409c\" data-id=\"1e2409c\" data-element_type=\"column\">\n\t\t\t<div class=\"elementor-widget-wrap elementor-element-populated\">\n\t\t\t\t\t\t<div class=\"elementor-element elementor-element-d81a019 elementor-widget elementor-widget-text-editor\" data-id=\"d81a019\" data-element_type=\"widget\" data-widget_type=\"text-editor.default\">\n\t\t\t\t<div class=\"elementor-widget-container\">\n\t\t\t\t\t\t\t<p style=\"text-align: justify;\">Nous en avons d\u00e9j\u00e0 une demi-douzaine ! Cette ann\u00e9e, nous profiterons de la sixi\u00e8me \u00e9dition du festival avec beaucoup d&#039;envie et d&#039;enthousiasme.<\/p>\n<p style=\"text-align: justify;\">Un festival plein de surprises, un festival qui continue et nous emm\u00e8ne au-del\u00e0 des d\u00e9fis que nous nous fixons \u00e0 chaque \u00e9dition. Cette ann\u00e9e, nous d\u00e9dions le festival aux magiciens europ\u00e9ens. Des dames de Catalogne, de France, d&#039;Allemagne, de Bulgarie, d&#039;Italie, du Portugal et d&#039;Angleterre viendront faire de la magie, nous faisant ainsi participer \u00e0 leur vision particuli\u00e8re de la magie dans leur pays. Des grandes illusions, en passant par le m\u00e9talisme, la magie du gros plan, la magie comique et pour finir par la magie animale, ces excellents magiciens nous transporteront myst\u00e9rieusement pendant une semaine \u00e0 travers la belle Europe.<\/p>\n<p style=\"text-align: justify;\">Dans cette \u00e9dition, nous d\u00e9cernons le Honorary Magical Lady Award \u00e0 Monika Bell, une grande personne et une femme magique exceptionnelle qui vit et appr\u00e9cie la magie depuis de nombreuses ann\u00e9es aux c\u00f4t\u00e9s de son mari, le magicien Alain Denis.<\/p>\n<p style=\"text-align: justify;\">Je vous souhaite la bienvenue dans ce nouveau festival s\u00e9duisant et imaginatif.<\/p>\n<p style=\"text-align: right;\"><strong>Teia Moner Directeur artistique DAMA<\/strong><\/p>\t\t\t\t\t\t<\/div>\n\t\t\t\t<\/div>\n\t\t\t\t\t<\/div>\n\t\t<\/div>\n\t\t\t\t\t<\/div>\n\t\t<\/section>\n\t\t\t\t<div class=\"elementor-element elementor-element-16b5036 elementor-widget-divider--view-line elementor-widget elementor-widget-divider\" data-id=\"16b5036\" data-element_type=\"widget\" data-widget_type=\"divider.default\">\n\t\t\t\t<div class=\"elementor-widget-container\">\n\t\t\t\t\t<div class=\"elementor-divider\">\n\t\t\t<span class=\"elementor-divider-separator\">\n\t\t\t\t\t\t<\/span>\n\t\t<\/div>\n\t\t\t\t<\/div>\n\t\t\t\t<\/div>\n\t\t\t\t<section class=\"elementor-section elementor-inner-section elementor-element elementor-element-9a2cd39 elementor-section-boxed elementor-section-height-default elementor-section-height-default\" data-id=\"9a2cd39\" data-element_type=\"section\">\n\t\t\t\t\t\t<div class=\"elementor-container elementor-column-gap-default\">\n\t\t\t\t\t<div class=\"elementor-column elementor-col-50 elementor-inner-column elementor-element elementor-element-b7bbe6a\" data-id=\"b7bbe6a\" data-element_type=\"column\">\n\t\t\t<div class=\"elementor-widget-wrap elementor-element-populated\">\n\t\t\t\t\t\t<div class=\"elementor-element elementor-element-7a41946 elementor-widget elementor-widget-text-editor\" data-id=\"7a41946\" data-element_type=\"widget\" data-widget_type=\"text-editor.default\">\n\t\t\t\t<div class=\"elementor-widget-container\">\n\t\t\t\t\t\t\t<h4 style=\"text-align: justify;\"><b>PROGRAMME<\/b><\/h4><p style=\"text-align: justify;\"><b>2 juillet<\/b><\/p><p style=\"text-align: justify;\">19h00 Parc Vallparad\u00eds<\/p><ul><li>Gros plan magique Anna Montserrat (Catalogne)<\/li><li>Ateliers de Magie GAAC<\/li><\/ul><p style=\"text-align: justify;\"><span style=\"font-weight: bold;\">3 juillet<\/span><\/p><p style=\"text-align: justify;\">18h00 Parc Vallparad\u00eds<\/p><p style=\"display: inline !important;\">\u00a0<\/p><ul><li><p style=\"display: inline !important;\">Silvana (Argentine)<\/p><\/li><li><p style=\"display: inline !important;\">Ateliers de Magie GAAC<\/p><\/li><li>Spectacle familial &quot;Chefs&quot;. Teia Moner (Catalogne)<\/li><\/ul><div><p style=\"text-align: justify;\"><span style=\"font-weight: bold;\">4 juillet<\/span><\/p><p style=\"text-align: justify;\">19h00 Parc Vallparad\u00eds<\/p><ul><li>Gros plan magique Anna Montserrat (Catalogne)<\/li><li>Ateliers de Magie GAAC<\/li><\/ul><p style=\"text-align: justify;\"><span style=\"font-weight: bold;\">5 juillet<\/span><\/p><p style=\"text-align: justify;\">19h Place Vieille<\/p><ul><li>Close up magie Judith Fuster (Catalogne)<\/li><li>Gloria Roig (Catalogne)<\/li><li>Mai Closa (Catalogne)<\/li><li>Ateliers de Magie GAAC<\/li><\/ul><p>20 heures\u00a0 \u00a0 \u00a0<span style=\"text-align: justify;\">Vieille Place<\/span><\/p><p>Gala en plein air<\/p><ul><li>Pr\u00e9sente Akira (Catalogne)<\/li><li>Anna Montserrat (Catalogne)<\/li><li>Silvana (Catalogne)<\/li><li>La Dama Inquieta (Catalogne)<\/li><\/ul><p style=\"text-align: justify;\"><span style=\"font-weight: bold;\">8 juillet<\/span><\/p><p style=\"text-align: justify;\">22h00 Soci\u00e9t\u00e9 Chorale Els Amics<\/p><ul><li>Pr\u00e9sentation du livre Magos y magia en Catalu\u00f1a d&#039;Alain Denis<\/li><\/ul><p>24 heures\u00a0\u00a0<span style=\"text-align: justify;\">Soci\u00e9t\u00e9 Chorale Els Amics<\/span><\/p><ul><li>Pr\u00e9sent\u00e9 par Antoni Casas (Catalogne)<\/li><li>Artistes invit\u00e9s<\/li><\/ul><p>18 heures Th\u00e9\u00e2tre Alegria<\/p><ul><li>Spectacle : La Dama Inquieta (Catalogne)<\/li><\/ul><p><b>9 juillet<\/b><\/p><p>12 heure Th\u00e9\u00e2tre principal<\/p><ul><li>Conf\u00e9rence-atelier magie Yogane et Solveil (France)<\/li><\/ul><p>21 heures Th\u00e9\u00e2tre principal<\/p><p>Gala Magique<\/p><ul><li>Pr\u00e9sente Mag Lari (Catalogne)<\/li><li>Dame d&#039;honneur magique Monika Bell<\/li><li>Marina Cano (Catalogne)<\/li><li>Eleonora di Coco (Italie)\u00a0 \u00a0\u00a0\u00a0\u00a0<\/li><li>Solange Kardinaly (Portugal)<\/li><li>Val\u00e9rie (France)<\/li><li>Amila (Allemagne)<\/li><li>Elles Duo (France)<\/li><li>Romani (Angleterre)<\/li><li>Tsvetana (Bulgarie)<\/li><\/ul><\/div>\t\t\t\t\t\t<\/div>\n\t\t\t\t<\/div>\n\t\t\t\t\t<\/div>\n\t\t<\/div>\n\t\t\t\t<div class=\"elementor-column elementor-col-50 elementor-inner-column elementor-element elementor-element-cae69b0\" data-id=\"cae69b0\" data-element_type=\"column\">\n\t\t\t<div class=\"elementor-widget-wrap elementor-element-populated\">\n\t\t\t\t\t\t<div class=\"elementor-element elementor-element-fe5d4d1 elementor-widget elementor-widget-image\" data-id=\"fe5d4d1\" data-element_type=\"widget\" data-widget_type=\"image.default\">\n\t\t\t\t<div class=\"elementor-widget-container\">\n\t\t\t\t\t\t\t\t\t\t\t\t\t<img fetchpriority=\"high\" decoding=\"async\" width=\"768\" height=\"1086\" src=\"https:\/\/damesmagiques.com\/wp-content\/uploads\/2023\/08\/posterDAMA2011-768x1086.jpg\" class=\"attachment-medium_large size-medium_large wp-image-6935\" alt=\"Poster Festival DAMA 2011\" srcset=\"https:\/\/damesmagiques.com\/wp-content\/uploads\/2023\/08\/posterDAMA2011-768x1086.jpg 768w, https:\/\/damesmagiques.com\/wp-content\/uploads\/2023\/08\/posterDAMA2011-212x300.jpg 212w, https:\/\/damesmagiques.com\/wp-content\/uploads\/2023\/08\/posterDAMA2011-724x1024.jpg 724w, https:\/\/damesmagiques.com\/wp-content\/uploads\/2023\/08\/posterDAMA2011-8x12.jpg 8w, https:\/\/damesmagiques.com\/wp-content\/uploads\/2023\/08\/posterDAMA2011.jpg 1061w\" sizes=\"(max-width: 768px) 100vw, 768px\" \/>\t\t\t\t\t\t\t\t\t\t\t\t\t<\/div>\n\t\t\t\t<\/div>\n\t\t\t\t\t<\/div>\n\t\t<\/div>\n\t\t\t\t\t<\/div>\n\t\t<\/section>\n\t\t\t\t\t<\/div>\n\t\t<\/div>\n\t\t\t\t\t<\/div>\n\t\t<\/section>\n\t\t\t\t<section class=\"elementor-section elementor-top-section elementor-element elementor-element-858cde7 elementor-section-boxed elementor-section-height-default elementor-section-height-default\" data-id=\"858cde7\" data-element_type=\"section\">\n\t\t\t\t\t\t<div class=\"elementor-container elementor-column-gap-default\">\n\t\t\t\t\t<div class=\"elementor-column elementor-col-100 elementor-top-column elementor-element elementor-element-40a6bdc\" data-id=\"40a6bdc\" data-element_type=\"column\">\n\t\t\t<div class=\"elementor-widget-wrap elementor-element-populated\">\n\t\t\t\t\t\t<div class=\"elementor-element elementor-element-2f9a95c elementor-widget elementor-widget-text-editor\" data-id=\"2f9a95c\" data-element_type=\"widget\" data-widget_type=\"text-editor.default\">\n\t\t\t\t<div class=\"elementor-widget-container\">\n\t\t\t\t\t\t\t<p><span style=\"color: #545454; font-family: Lato, sans-serif; font-size: 20px; font-weight: inherit; letter-spacing: 1.5px;\">PARRAINER<\/span><\/p><p>Organis\u00e9 par : Mairie de Terrassa<\/p><p>Avec l&#039;aide de : D\u00e9partement de la Culture de la Generalitat de Catalunya et Diputaci\u00f3 de Barcelona R\u00e9seau de Communes et Terrassa Capital<\/p><p>Collaborateurs : La Xarxa de Terrassa, Societat Choral Els Amics, Caixa Layetana<\/p><p>R\u00e9alisation : Teia Moner<\/p><p>Production : Gaac<\/p>\t\t\t\t\t\t<\/div>\n\t\t\t\t<\/div>\n\t\t\t\t<div class=\"elementor-element elementor-element-cb519e9 elementor-widget-divider--view-line elementor-widget elementor-widget-divider\" data-id=\"cb519e9\" data-element_type=\"widget\" data-widget_type=\"divider.default\">\n\t\t\t\t<div class=\"elementor-widget-container\">\n\t\t\t\t\t<div class=\"elementor-divider\">\n\t\t\t<span class=\"elementor-divider-separator\">\n\t\t\t\t\t\t<\/span>\n\t\t<\/div>\n\t\t\t\t<\/div>\n\t\t\t\t<\/div>\n\t\t\t\t\t<\/div>\n\t\t<\/div>\n\t\t\t\t\t<\/div>\n\t\t<\/section>\n\t\t\t\t<section class=\"elementor-section elementor-top-section elementor-element elementor-element-dca180c elementor-section-boxed elementor-section-height-default elementor-section-height-default\" data-id=\"dca180c\" data-element_type=\"section\">\n\t\t\t\t\t\t<div class=\"elementor-container elementor-column-gap-default\">\n\t\t\t\t\t<div class=\"elementor-column elementor-col-100 elementor-top-column elementor-element elementor-element-3056471\" data-id=\"3056471\" data-element_type=\"column\">\n\t\t\t<div class=\"elementor-widget-wrap elementor-element-populated\">\n\t\t\t\t\t\t<div class=\"elementor-element elementor-element-39e2bfa elementor-widget elementor-widget-gallery\" data-id=\"39e2bfa\" data-element_type=\"widget\" data-settings=\"{&quot;gallery_layout&quot;:&quot;justified&quot;,&quot;gap&quot;:{&quot;unit&quot;:&quot;px&quot;,&quot;size&quot;:0,&quot;sizes&quot;:[]},&quot;lazyload&quot;:&quot;yes&quot;,&quot;ideal_row_height&quot;:{&quot;unit&quot;:&quot;px&quot;,&quot;size&quot;:200,&quot;sizes&quot;:[]},&quot;ideal_row_height_tablet&quot;:{&quot;unit&quot;:&quot;px&quot;,&quot;size&quot;:150,&quot;sizes&quot;:[]},&quot;ideal_row_height_mobile&quot;:{&quot;unit&quot;:&quot;px&quot;,&quot;size&quot;:150,&quot;sizes&quot;:[]},&quot;gap_tablet&quot;:{&quot;unit&quot;:&quot;px&quot;,&quot;size&quot;:10,&quot;sizes&quot;:[]},&quot;gap_mobile&quot;:{&quot;unit&quot;:&quot;px&quot;,&quot;size&quot;:10,&quot;sizes&quot;:[]},&quot;link_to&quot;:&quot;file&quot;,&quot;overlay_background&quot;:&quot;yes&quot;,&quot;content_hover_animation&quot;:&quot;fade-in&quot;}\" data-widget_type=\"gallery.default\">\n\t\t\t\t<div class=\"elementor-widget-container\">\n\t\t\t\t\t<div class=\"elementor-gallery__container\">\n\t\t\t\t\t\t\t<a class=\"e-gallery-item elementor-gallery-item elementor-animated-content\" href=\"https:\/\/damesmagiques.com\/wp-content\/uploads\/2020\/08\/DAMA2019-1.jpg\">\n\t\t\t\t\t<div class=\"e-gallery-image elementor-gallery-item__image\" data-thumbnail=\"https:\/\/damesmagiques.com\/wp-content\/uploads\/2020\/08\/DAMA2019-1.jpg\" data-width=\"494\" data-height=\"700\" aria-label=\"\" role=\"img\" ><\/div>\n\t\t\t\t\t\t\t\t\t\t\t<div class=\"elementor-gallery-item__overlay\"><\/div>\n\t\t\t\t\t\t\t\t\t\t\t\t\t\t<\/a>\n\t\t\t\t\t\t\t<a class=\"e-gallery-item elementor-gallery-item elementor-animated-content\" href=\"https:\/\/damesmagiques.com\/wp-content\/uploads\/2020\/08\/DAMA2014-1.jpg\">\n\t\t\t\t\t<div class=\"e-gallery-image elementor-gallery-item__image\" data-thumbnail=\"https:\/\/damesmagiques.com\/wp-content\/uploads\/2020\/08\/DAMA2014-1.jpg\" data-width=\"495\" data-height=\"700\" aria-label=\"\" role=\"img\" ><\/div>\n\t\t\t\t\t\t\t\t\t\t\t<div class=\"elementor-gallery-item__overlay\"><\/div>\n\t\t\t\t\t\t\t\t\t\t\t\t\t\t<\/a>\n\t\t\t\t\t\t\t<a class=\"e-gallery-item elementor-gallery-item elementor-animated-content\" href=\"https:\/\/damesmagiques.com\/wp-content\/uploads\/2020\/08\/DAMA2012-1.jpg\">\n\t\t\t\t\t<div class=\"e-gallery-image elementor-gallery-item__image\" data-thumbnail=\"https:\/\/damesmagiques.com\/wp-content\/uploads\/2020\/08\/DAMA2012-1.jpg\" data-width=\"333\" data-height=\"700\" aria-label=\"\" role=\"img\" ><\/div>\n\t\t\t\t\t\t\t\t\t\t\t<div class=\"elementor-gallery-item__overlay\"><\/div>\n\t\t\t\t\t\t\t\t\t\t\t\t\t\t<\/a>\n\t\t\t\t\t\t\t<a class=\"e-gallery-item elementor-gallery-item elementor-animated-content\" href=\"https:\/\/damesmagiques.com\/wp-content\/uploads\/2020\/08\/DAMA2011-1.jpg\">\n\t\t\t\t\t<div class=\"e-gallery-image elementor-gallery-item__image\" data-thumbnail=\"https:\/\/damesmagiques.com\/wp-content\/uploads\/2020\/08\/DAMA2011-1.jpg\" data-width=\"495\" data-height=\"700\" aria-label=\"\" role=\"img\" ><\/div>\n\t\t\t\t\t\t\t\t\t\t\t<div class=\"elementor-gallery-item__overlay\"><\/div>\n\t\t\t\t\t\t\t\t\t\t\t\t\t\t<\/a>\n\t\t\t\t\t\t\t<a class=\"e-gallery-item elementor-gallery-item elementor-animated-content\" href=\"https:\/\/damesmagiques.com\/wp-content\/uploads\/2020\/08\/DAMA2010-1.jpg\">\n\t\t\t\t\t<div class=\"e-gallery-image elementor-gallery-item__image\" data-thumbnail=\"https:\/\/damesmagiques.com\/wp-content\/uploads\/2020\/08\/DAMA2010-1.jpg\" data-width=\"466\" data-height=\"700\" aria-label=\"\" role=\"img\" ><\/div>\n\t\t\t\t\t\t\t\t\t\t\t<div class=\"elementor-gallery-item__overlay\"><\/div>\n\t\t\t\t\t\t\t\t\t\t\t\t\t\t<\/a>\n\t\t\t\t\t\t\t<a class=\"e-gallery-item elementor-gallery-item elementor-animated-content\" href=\"https:\/\/damesmagiques.com\/wp-content\/uploads\/2020\/08\/DAMA2009-1.jpg\">\n\t\t\t\t\t<div class=\"e-gallery-image elementor-gallery-item__image\" data-thumbnail=\"https:\/\/damesmagiques.com\/wp-content\/uploads\/2020\/08\/DAMA2009-1.jpg\" data-width=\"467\" data-height=\"700\" aria-label=\"\" role=\"img\" ><\/div>\n\t\t\t\t\t\t\t\t\t\t\t<div class=\"elementor-gallery-item__overlay\"><\/div>\n\t\t\t\t\t\t\t\t\t\t\t\t\t\t<\/a>\n\t\t\t\t\t\t\t<a class=\"e-gallery-item elementor-gallery-item elementor-animated-content\" href=\"https:\/\/damesmagiques.com\/wp-content\/uploads\/2020\/08\/DAMA2008-1.jpg\">\n\t\t\t\t\t<div class=\"e-gallery-image elementor-gallery-item__image\" data-thumbnail=\"https:\/\/damesmagiques.com\/wp-content\/uploads\/2020\/08\/DAMA2008-1.jpg\" data-width=\"417\" data-height=\"700\" aria-label=\"\" role=\"img\" ><\/div>\n\t\t\t\t\t\t\t\t\t\t\t<div class=\"elementor-gallery-item__overlay\"><\/div>\n\t\t\t\t\t\t\t\t\t\t\t\t\t\t<\/a>\n\t\t\t\t\t\t\t<a class=\"e-gallery-item elementor-gallery-item elementor-animated-content\" href=\"https:\/\/damesmagiques.com\/wp-content\/uploads\/2020\/08\/DAMA2007-1.jpg\">\n\t\t\t\t\t<div class=\"e-gallery-image elementor-gallery-item__image\" data-thumbnail=\"https:\/\/damesmagiques.com\/wp-content\/uploads\/2020\/08\/DAMA2007-1.jpg\" data-width=\"495\" data-height=\"700\" aria-label=\"\" role=\"img\" ><\/div>\n\t\t\t\t\t\t\t\t\t\t\t<div class=\"elementor-gallery-item__overlay\"><\/div>\n\t\t\t\t\t\t\t\t\t\t\t\t\t\t<\/a>\n\t\t\t\t\t\t\t<a class=\"e-gallery-item elementor-gallery-item elementor-animated-content\" href=\"https:\/\/damesmagiques.com\/wp-content\/uploads\/2020\/08\/DAMA2006-1.jpg\">\n\t\t\t\t\t<div class=\"e-gallery-image elementor-gallery-item__image\" data-thumbnail=\"https:\/\/damesmagiques.com\/wp-content\/uploads\/2020\/08\/DAMA2006-1.jpg\" data-width=\"500\" data-height=\"700\" aria-label=\"\" role=\"img\" ><\/div>\n\t\t\t\t\t\t\t\t\t\t\t<div class=\"elementor-gallery-item__overlay\"><\/div>\n\t\t\t\t\t\t\t\t\t\t\t\t\t\t<\/a>\n\t\t\t\t\t<\/div>\n\t\t\t<\/div>\n\t\t\t\t<\/div>\n\t\t\t\t\t<\/div>\n\t\t<\/div>\n\t\t\t\t\t<\/div>\n\t\t<\/section>\n\t\t\t\t<section class=\"elementor-section elementor-top-section elementor-element elementor-element-8664ae8 elementor-section-boxed elementor-section-height-default elementor-section-height-default\" data-id=\"8664ae8\" data-element_type=\"section\">\n\t\t\t\t\t\t<div class=\"elementor-container elementor-column-gap-default\">\n\t\t\t\t\t<div class=\"elementor-column elementor-col-100 elementor-top-column elementor-element elementor-element-0464e19\" data-id=\"0464e19\" data-element_type=\"column\">\n\t\t\t<div class=\"elementor-widget-wrap\">\n\t\t\t\t\t\t\t<\/div>\n\t\t<\/div>\n\t\t\t\t\t<\/div>\n\t\t<\/section>\n\t\t\t\t<\/div>","protected":false},"excerpt":{"rendered":"<p>DAMA 2011 6\u00e8me FESTIVAL INTERNATIONAL DES DAMES MAGIQUES Nous en avons d\u00e9j\u00e0 une demi-douzaine ! Cette ann\u00e9e, nous profiterons de la sixi\u00e8me \u00e9dition du festival avec beaucoup d&#039;envie et d&#039;enthousiasme. Un festival qui fait le plein... <\/p>\n<p class=\"read-more-container\"><a title=\"6\u00e8me FESTIVAL DE LA FEMME\" class=\"read-more button\" href=\"https:\/\/damesmagiques.com\/fr\/6e-festival-dama\/#more-6857\">Continue de lire<span class=\"screen-reader-text\">6\u00e8me FESTIVAL DE LA FEMME<\/span><\/a><\/p>","protected":false},"author":1,"featured_media":0,"parent":0,"menu_order":0,"comment_status":"closed","ping_status":"closed","template":"","meta":{"footnotes":""},"_links":{"self":[{"href":"https:\/\/damesmagiques.com\/fr\/wp-json\/wp\/v2\/pages\/6857"}],"collection":[{"href":"https:\/\/damesmagiques.com\/fr\/wp-json\/wp\/v2\/pages"}],"about":[{"href":"https:\/\/damesmagiques.com\/fr\/wp-json\/wp\/v2\/types\/page"}],"author":[{"embeddable":true,"href":"https:\/\/damesmagiques.com\/fr\/wp-json\/wp\/v2\/users\/1"}],"replies":[{"embeddable":true,"href":"https:\/\/damesmagiques.com\/fr\/wp-json\/wp\/v2\/comments?post=6857"}],"version-history":[{"count":11,"href":"https:\/\/damesmagiques.com\/fr\/wp-json\/wp\/v2\/pages\/6857\/revisions"}],"predecessor-version":[{"id":7503,"href":"https:\/\/damesmagiques.com\/fr\/wp-json\/wp\/v2\/pages\/6857\/revisions\/7503"}],"wp:attachment":[{"href":"https:\/\/damesmagiques.com\/fr\/wp-json\/wp\/v2\/media?parent=6857"}],"curies":[{"name":"wp","href":"https:\/\/api.w.org\/{rel}","templated":true}]}}