{"id":6863,"date":"2023-08-07T18:01:23","date_gmt":"2023-08-07T16:01:23","guid":{"rendered":"http:\/\/damesmagiques.com\/?page_id=6863"},"modified":"2023-08-25T13:06:30","modified_gmt":"2023-08-25T11:06:30","slug":"9e-festival-dama","status":"publish","type":"page","link":"https:\/\/damesmagiques.com\/fr\/9e-festival-dama\/","title":{"rendered":"9\u00e8me FESTIVAL DE LA FEMME"},"content":{"rendered":"<div data-elementor-type=\"wp-page\" data-elementor-id=\"6863\" class=\"elementor elementor-6863\" data-elementor-post-type=\"page\">\n\t\t\t\t\t\t<section class=\"elementor-section elementor-top-section elementor-element elementor-element-79a66f0 elementor-section-boxed elementor-section-height-default elementor-section-height-default\" data-id=\"79a66f0\" data-element_type=\"section\">\n\t\t\t\t\t\t<div class=\"elementor-container elementor-column-gap-default\">\n\t\t\t\t\t<div class=\"elementor-column elementor-col-100 elementor-top-column elementor-element elementor-element-3c36c5c\" data-id=\"3c36c5c\" data-element_type=\"column\">\n\t\t\t<div class=\"elementor-widget-wrap elementor-element-populated\">\n\t\t\t\t\t\t<div class=\"elementor-element elementor-element-7eca1c7 elementor-widget elementor-widget-heading\" data-id=\"7eca1c7\" data-element_type=\"widget\" data-widget_type=\"heading.default\">\n\t\t\t\t<div class=\"elementor-widget-container\">\n\t\t\t<h2 class=\"elementor-heading-title elementor-size-default\">DAMES 2019<\/h2>\t\t<\/div>\n\t\t\t\t<\/div>\n\t\t\t\t<div class=\"elementor-element elementor-element-f17a1ee elementor-widget elementor-widget-heading\" data-id=\"f17a1ee\" data-element_type=\"widget\" data-widget_type=\"heading.default\">\n\t\t\t\t<div class=\"elementor-widget-container\">\n\t\t\t<h2 class=\"elementor-heading-title elementor-size-default\">9\u00e8me FESTIVAL INTERNATIONAL DES DAMES MAGIQUES<\/h2>\t\t<\/div>\n\t\t\t\t<\/div>\n\t\t\t\t<section class=\"elementor-section elementor-inner-section elementor-element elementor-element-2c9fda1 elementor-section-boxed elementor-section-height-default elementor-section-height-default\" data-id=\"2c9fda1\" data-element_type=\"section\">\n\t\t\t\t\t\t<div class=\"elementor-container elementor-column-gap-default\">\n\t\t\t\t\t<div class=\"elementor-column elementor-col-100 elementor-inner-column elementor-element elementor-element-1e2409c\" data-id=\"1e2409c\" data-element_type=\"column\">\n\t\t\t<div class=\"elementor-widget-wrap elementor-element-populated\">\n\t\t\t\t\t\t<div class=\"elementor-element elementor-element-d81a019 elementor-widget elementor-widget-text-editor\" data-id=\"d81a019\" data-element_type=\"widget\" data-widget_type=\"text-editor.default\">\n\t\t\t\t<div class=\"elementor-widget-container\">\n\t\t\t\t\t\t\t<p style=\"text-align: justify;\">Puisque la tradition des spectacles de magie montrait que la plupart des protagonistes de ces \u0153uvres \u00e9taient des hommes, en 2006, j&#039;ai d\u00e9cid\u00e9 de cr\u00e9er un festival de femmes pratiquant la magie. Je ne pensais pas qu&#039;il y en aurait autant.<\/p><p style=\"text-align: justify;\">Huit \u00e9ditions ont eu lieu \u00e0 Terrassa et, gr\u00e2ce au soutien du public et de la communaut\u00e9 magique, le r\u00f4le de la femme magique a \u00e9t\u00e9 renforc\u00e9. Mais... cette foutue crise est arriv\u00e9e. Aucune baguette magique ne pourrait la faire dispara\u00eetre. Il a fauch\u00e9 nos espoirs et le festival est rest\u00e9 au ch\u00f4mage comme autant de projets personnels et culturels.<\/p><p style=\"text-align: justify;\">Nous sommes en pause depuis quatre ans et la situation professionnelle des magiciens en termes de magie n&#039;est pas aussi harmonieuse que nous le souhaiterions, il manque toujours une plateforme unique permettant aux magiciens de pr\u00e9senter leurs spectacles et de montrer leur art au monde. DAMA est de retour en force pour combler cet espace.<\/p><p style=\"text-align: justify;\">Les 15, 16 et 17 mars, la ville de Premi\u00e0 de Dalt respirera magie et \u00e9motion de toutes parts. Avec un enthousiasme renouvel\u00e9, j&#039;invite les professionnels de la magie et le grand public \u00e0 nous rejoindre et \u00e0 profiter du festival dans cette sc\u00e8ne actuelle passionnante.<\/p><p style=\"text-align: justify;\">Cette ann\u00e9e, vous pourrez voir des magiciens internationaux r\u00e9compens\u00e9s dans le monde entier. Nous sommes \u00e9galement heureux et fiers de d\u00e9cerner le 19e Honorary Magical Lady Award \u00e0 Consuelo Lorgia, une magicienne colombienne qui porte la magie dans ses g\u00e8nes, g\u00e9n\u00e9ration apr\u00e8s g\u00e9n\u00e9ration.<\/p><p style=\"text-align: justify;\">Je remercie la Mairie de Premi\u00e0 de Dalt pour le soutien, l&#039;impulsion et la confiance pour que ce r\u00eave devienne \u00e0 nouveau r\u00e9alit\u00e9.<br \/>Bonne et magique DAME !<\/p><p style=\"text-align: justify;\"><span style=\"font-weight: bold; text-align: right;\">Teia Moner Directeur artistique DAMA<\/span><\/p><p>Le but de cr\u00e9er EscenARTS \u2013 en tant que programme culturel stable \u00e0 Premi\u00e0 de Dalt \u2013 est n\u00e9 du d\u00e9sir de montrer et de partager les diff\u00e9rentes disciplines des arts du spectacle avec les voisins de notre ville.<\/p><p>Notre conviction dans l&#039;autonomisation des femmes et dans l&#039;\u00e9galit\u00e9 des chances rend la 9\u00e8me \u00e9dition de DAMA incontournable, et nous avons d\u00e9cid\u00e9 de la programmer dans le cadre des EscenARTS d&#039;hiver au mois de mars comme conclusion des activit\u00e9s autour de la Journ\u00e9e de la Femme.<\/p><p>Un festival unique au monde \u00e0 Premi\u00e0 de Dalt qui aura la pr\u00e9sence de Magical Ladies de partout : Su\u00e8de, Chine, Portugal, Espagne, Allemagne, France et Catalogne.<\/p><p>\u00c9galit\u00e9, magie et culture.<\/p><p><span style=\"font-weight: bold; text-align: right;\">Emma Escolano \u2013 Conseill\u00e8re \u00e0 la culture et aux arts du spectacle<\/span><\/p>\t\t\t\t\t\t<\/div>\n\t\t\t\t<\/div>\n\t\t\t\t\t<\/div>\n\t\t<\/div>\n\t\t\t\t\t<\/div>\n\t\t<\/section>\n\t\t\t\t<div class=\"elementor-element elementor-element-16b5036 elementor-widget-divider--view-line elementor-widget elementor-widget-divider\" data-id=\"16b5036\" data-element_type=\"widget\" data-widget_type=\"divider.default\">\n\t\t\t\t<div class=\"elementor-widget-container\">\n\t\t\t\t\t<div class=\"elementor-divider\">\n\t\t\t<span class=\"elementor-divider-separator\">\n\t\t\t\t\t\t<\/span>\n\t\t<\/div>\n\t\t\t\t<\/div>\n\t\t\t\t<\/div>\n\t\t\t\t<section class=\"elementor-section elementor-inner-section elementor-element elementor-element-9a2cd39 elementor-section-boxed elementor-section-height-default elementor-section-height-default\" data-id=\"9a2cd39\" data-element_type=\"section\">\n\t\t\t\t\t\t<div class=\"elementor-container elementor-column-gap-default\">\n\t\t\t\t\t<div class=\"elementor-column elementor-col-50 elementor-inner-column elementor-element elementor-element-b7bbe6a\" data-id=\"b7bbe6a\" data-element_type=\"column\">\n\t\t\t<div class=\"elementor-widget-wrap elementor-element-populated\">\n\t\t\t\t\t\t<div class=\"elementor-element elementor-element-7a41946 elementor-widget elementor-widget-text-editor\" data-id=\"7a41946\" data-element_type=\"widget\" data-widget_type=\"text-editor.default\">\n\t\t\t\t<div class=\"elementor-widget-container\">\n\t\t\t\t\t\t\t<h4 style=\"text-align: justify;\"><b>PROGRAMME<\/b><\/h4><p style=\"text-align: justify;\"><b>15 mars<\/b><\/p><p style=\"text-align: justify;\">21h00 Biblioth\u00e8que Jaume Perich<\/p><ul><li>Exposition de livres de magie<\/li><li>Conter avec magie Gloria Roig (Catalogne)<\/li><\/ul><p><b>16 mars\u00a0 \u00a0 \u00a0 \u00a0<\/b>Bar et salle Orfe\u00f3. Soci\u00e9t\u00e9 Culturelle Sant Jaume<\/p><p>13 heures Ouverture officielle : Parlements et vermouth magique avec magie de pr\u00e8s<\/p><ul><li>Joana Andreu (Catalogne)<\/li><li>La Dama Inquieta (Catalogne)<\/li><\/ul><p>17h30. Place du Mill\u00e9naire<\/p><ul><li>Atelier magie GAAC<\/li><\/ul><p>21 heures Th\u00e9\u00e2tre de la Soci\u00e9t\u00e9 Culturelle Sant Jaume<\/p><p>Magie des Galas<\/p><ul><li><p style=\"display: inline !important;\">Pr\u00e9sente Pepa Plana et No\u00ebl (Catalogne)<\/p><\/li><li><p style=\"display: inline !important;\">Demoiselle d&#039;honneur Consuelo Lorgia<\/p><\/li><li>Am\u00e9lie (Madrid)<\/li><li>Ilva Scali (France)<\/li><li>Malin Nilsson (Su\u00e8de)<\/li><li>Astrid Gloria (Allemagne)<\/li><li>Cardinalie Solange (Portugal)<\/li><li>Huang Zheng (Chine)<\/li><\/ul><p>22 heures La charit\u00e9<\/p><p>S\u00e9ance de loft<\/p><ul><li>Pr\u00e9sente Magic Sergio (Catalogne)<\/li><li>Artistes invit\u00e9s<\/li><\/ul><p><b>le 17 mars<\/b><\/p><p>10h30 Soci\u00e9t\u00e9 Culturelle Sant Jaume<\/p><ul><li><p>Ateliers d&#039;art sur la po\u00e9sie visuelle de Joan Brossa avec la Fondation Joan Brossa<\/p><\/li><\/ul><p>12 heure Th\u00e9\u00e2tre de la Soci\u00e9t\u00e9 Culturelle Sant Jaume<\/p><ul><li><p>Spectacle\u00a0: Embrassez-vous avec Addaura Teatre Visual (Catalogne)<\/p><\/li><\/ul>\t\t\t\t\t\t<\/div>\n\t\t\t\t<\/div>\n\t\t\t\t\t<\/div>\n\t\t<\/div>\n\t\t\t\t<div class=\"elementor-column elementor-col-50 elementor-inner-column elementor-element elementor-element-cae69b0\" data-id=\"cae69b0\" data-element_type=\"column\">\n\t\t\t<div class=\"elementor-widget-wrap elementor-element-populated\">\n\t\t\t\t\t\t<div class=\"elementor-element elementor-element-fe5d4d1 elementor-widget elementor-widget-image\" data-id=\"fe5d4d1\" data-element_type=\"widget\" data-widget_type=\"image.default\">\n\t\t\t\t<div class=\"elementor-widget-container\">\n\t\t\t\t\t\t\t\t\t\t\t\t\t<img fetchpriority=\"high\" decoding=\"async\" width=\"768\" height=\"1082\" src=\"https:\/\/damesmagiques.com\/wp-content\/uploads\/2023\/08\/posterDAMA2019-768x1082.jpeg\" class=\"attachment-medium_large size-medium_large wp-image-6938\" alt=\"Poster Festival DAMA 2019\" srcset=\"https:\/\/damesmagiques.com\/wp-content\/uploads\/2023\/08\/posterDAMA2019-768x1082.jpeg 768w, https:\/\/damesmagiques.com\/wp-content\/uploads\/2023\/08\/posterDAMA2019-213x300.jpeg 213w, https:\/\/damesmagiques.com\/wp-content\/uploads\/2023\/08\/posterDAMA2019-727x1024.jpeg 727w, https:\/\/damesmagiques.com\/wp-content\/uploads\/2023\/08\/posterDAMA2019-9x12.jpeg 9w, https:\/\/damesmagiques.com\/wp-content\/uploads\/2023\/08\/posterDAMA2019.jpeg 1065w\" sizes=\"(max-width: 768px) 100vw, 768px\" \/>\t\t\t\t\t\t\t\t\t\t\t\t\t<\/div>\n\t\t\t\t<\/div>\n\t\t\t\t\t<\/div>\n\t\t<\/div>\n\t\t\t\t\t<\/div>\n\t\t<\/section>\n\t\t\t\t\t<\/div>\n\t\t<\/div>\n\t\t\t\t\t<\/div>\n\t\t<\/section>\n\t\t\t\t<section class=\"elementor-section elementor-top-section elementor-element elementor-element-76b4cc8 elementor-section-boxed elementor-section-height-default elementor-section-height-default\" data-id=\"76b4cc8\" data-element_type=\"section\">\n\t\t\t\t\t\t<div class=\"elementor-container elementor-column-gap-default\">\n\t\t\t\t\t<div class=\"elementor-column elementor-col-100 elementor-top-column elementor-element elementor-element-2fd22d9\" data-id=\"2fd22d9\" data-element_type=\"column\">\n\t\t\t<div class=\"elementor-widget-wrap elementor-element-populated\">\n\t\t\t\t\t\t<div class=\"elementor-element elementor-element-21c4ce1 elementor-widget elementor-widget-text-editor\" data-id=\"21c4ce1\" data-element_type=\"widget\" data-widget_type=\"text-editor.default\">\n\t\t\t\t<div class=\"elementor-widget-container\">\n\t\t\t\t\t\t\t<h4 style=\"font-style: normal; letter-spacing: 1.5px;\">PARRAINER<\/h4>\nOrganis\u00e9 par : Mairie de Premi\u00e0 de Dalt. Culture, Teia Moner SCCL Avec l&#039;aide de : D\u00e9partement de Culture de la Generalitat de Catalunya, Diputaci\u00f3 de Barcelona. #DibaOberta, Biblioteca Jaume Perich i Escala, Soci\u00e9t\u00e9 Culturelle Sant Jaume, R\u00e9seau des Th\u00e9\u00e2tres des Universit\u00e9s Catalanes, F\u00e9d\u00e9ration des Universit\u00e9s Catalanes Collaborateurs : Granja Restaurant Sant Jaume, Hostal Cal Music, Copicotet, Taxipremiadedalt, Yelo. Son et Lumi\u00e8re, Centre de Formation Trivium, Directrice : Teia Moner\t\t\t\t\t\t<\/div>\n\t\t\t\t<\/div>\n\t\t\t\t<div class=\"elementor-element elementor-element-7cc6cdb elementor-widget-divider--view-line elementor-widget elementor-widget-divider\" data-id=\"7cc6cdb\" data-element_type=\"widget\" data-widget_type=\"divider.default\">\n\t\t\t\t<div class=\"elementor-widget-container\">\n\t\t\t\t\t<div class=\"elementor-divider\">\n\t\t\t<span class=\"elementor-divider-separator\">\n\t\t\t\t\t\t<\/span>\n\t\t<\/div>\n\t\t\t\t<\/div>\n\t\t\t\t<\/div>\n\t\t\t\t\t<\/div>\n\t\t<\/div>\n\t\t\t\t\t<\/div>\n\t\t<\/section>\n\t\t\t\t<section class=\"elementor-section elementor-top-section elementor-element elementor-element-dca180c elementor-section-boxed elementor-section-height-default elementor-section-height-default\" data-id=\"dca180c\" data-element_type=\"section\">\n\t\t\t\t\t\t<div class=\"elementor-container elementor-column-gap-default\">\n\t\t\t\t\t<div class=\"elementor-column elementor-col-100 elementor-top-column elementor-element elementor-element-3056471\" data-id=\"3056471\" data-element_type=\"column\">\n\t\t\t<div class=\"elementor-widget-wrap elementor-element-populated\">\n\t\t\t\t\t\t<div class=\"elementor-element elementor-element-39e2bfa elementor-widget elementor-widget-gallery\" data-id=\"39e2bfa\" data-element_type=\"widget\" data-settings=\"{&quot;gallery_layout&quot;:&quot;justified&quot;,&quot;gap&quot;:{&quot;unit&quot;:&quot;px&quot;,&quot;size&quot;:0,&quot;sizes&quot;:[]},&quot;lazyload&quot;:&quot;yes&quot;,&quot;ideal_row_height&quot;:{&quot;unit&quot;:&quot;px&quot;,&quot;size&quot;:200,&quot;sizes&quot;:[]},&quot;ideal_row_height_tablet&quot;:{&quot;unit&quot;:&quot;px&quot;,&quot;size&quot;:150,&quot;sizes&quot;:[]},&quot;ideal_row_height_mobile&quot;:{&quot;unit&quot;:&quot;px&quot;,&quot;size&quot;:150,&quot;sizes&quot;:[]},&quot;gap_tablet&quot;:{&quot;unit&quot;:&quot;px&quot;,&quot;size&quot;:10,&quot;sizes&quot;:[]},&quot;gap_mobile&quot;:{&quot;unit&quot;:&quot;px&quot;,&quot;size&quot;:10,&quot;sizes&quot;:[]},&quot;link_to&quot;:&quot;file&quot;,&quot;overlay_background&quot;:&quot;yes&quot;,&quot;content_hover_animation&quot;:&quot;fade-in&quot;}\" data-widget_type=\"gallery.default\">\n\t\t\t\t<div class=\"elementor-widget-container\">\n\t\t\t\t\t<div class=\"elementor-gallery__container\">\n\t\t\t\t\t\t\t<a class=\"e-gallery-item elementor-gallery-item elementor-animated-content\" href=\"https:\/\/damesmagiques.com\/wp-content\/uploads\/2020\/08\/DAMA2019-1.jpg\">\n\t\t\t\t\t<div class=\"e-gallery-image elementor-gallery-item__image\" data-thumbnail=\"https:\/\/damesmagiques.com\/wp-content\/uploads\/2020\/08\/DAMA2019-1.jpg\" data-width=\"494\" data-height=\"700\" aria-label=\"\" role=\"img\" ><\/div>\n\t\t\t\t\t\t\t\t\t\t\t<div class=\"elementor-gallery-item__overlay\"><\/div>\n\t\t\t\t\t\t\t\t\t\t\t\t\t\t<\/a>\n\t\t\t\t\t\t\t<a class=\"e-gallery-item elementor-gallery-item elementor-animated-content\" href=\"https:\/\/damesmagiques.com\/wp-content\/uploads\/2020\/08\/DAMA2014-1.jpg\">\n\t\t\t\t\t<div class=\"e-gallery-image elementor-gallery-item__image\" data-thumbnail=\"https:\/\/damesmagiques.com\/wp-content\/uploads\/2020\/08\/DAMA2014-1.jpg\" data-width=\"495\" data-height=\"700\" aria-label=\"\" role=\"img\" ><\/div>\n\t\t\t\t\t\t\t\t\t\t\t<div class=\"elementor-gallery-item__overlay\"><\/div>\n\t\t\t\t\t\t\t\t\t\t\t\t\t\t<\/a>\n\t\t\t\t\t\t\t<a class=\"e-gallery-item elementor-gallery-item elementor-animated-content\" href=\"https:\/\/damesmagiques.com\/wp-content\/uploads\/2020\/08\/DAMA2012-1.jpg\">\n\t\t\t\t\t<div class=\"e-gallery-image elementor-gallery-item__image\" data-thumbnail=\"https:\/\/damesmagiques.com\/wp-content\/uploads\/2020\/08\/DAMA2012-1.jpg\" data-width=\"333\" data-height=\"700\" aria-label=\"\" role=\"img\" ><\/div>\n\t\t\t\t\t\t\t\t\t\t\t<div class=\"elementor-gallery-item__overlay\"><\/div>\n\t\t\t\t\t\t\t\t\t\t\t\t\t\t<\/a>\n\t\t\t\t\t\t\t<a class=\"e-gallery-item elementor-gallery-item elementor-animated-content\" href=\"https:\/\/damesmagiques.com\/wp-content\/uploads\/2020\/08\/DAMA2011-1.jpg\">\n\t\t\t\t\t<div class=\"e-gallery-image elementor-gallery-item__image\" data-thumbnail=\"https:\/\/damesmagiques.com\/wp-content\/uploads\/2020\/08\/DAMA2011-1.jpg\" data-width=\"495\" data-height=\"700\" aria-label=\"\" role=\"img\" ><\/div>\n\t\t\t\t\t\t\t\t\t\t\t<div class=\"elementor-gallery-item__overlay\"><\/div>\n\t\t\t\t\t\t\t\t\t\t\t\t\t\t<\/a>\n\t\t\t\t\t\t\t<a class=\"e-gallery-item elementor-gallery-item elementor-animated-content\" href=\"https:\/\/damesmagiques.com\/wp-content\/uploads\/2020\/08\/DAMA2010-1.jpg\">\n\t\t\t\t\t<div class=\"e-gallery-image elementor-gallery-item__image\" data-thumbnail=\"https:\/\/damesmagiques.com\/wp-content\/uploads\/2020\/08\/DAMA2010-1.jpg\" data-width=\"466\" data-height=\"700\" aria-label=\"\" role=\"img\" ><\/div>\n\t\t\t\t\t\t\t\t\t\t\t<div class=\"elementor-gallery-item__overlay\"><\/div>\n\t\t\t\t\t\t\t\t\t\t\t\t\t\t<\/a>\n\t\t\t\t\t\t\t<a class=\"e-gallery-item elementor-gallery-item elementor-animated-content\" href=\"https:\/\/damesmagiques.com\/wp-content\/uploads\/2020\/08\/DAMA2009-1.jpg\">\n\t\t\t\t\t<div class=\"e-gallery-image elementor-gallery-item__image\" data-thumbnail=\"https:\/\/damesmagiques.com\/wp-content\/uploads\/2020\/08\/DAMA2009-1.jpg\" data-width=\"467\" data-height=\"700\" aria-label=\"\" role=\"img\" ><\/div>\n\t\t\t\t\t\t\t\t\t\t\t<div class=\"elementor-gallery-item__overlay\"><\/div>\n\t\t\t\t\t\t\t\t\t\t\t\t\t\t<\/a>\n\t\t\t\t\t\t\t<a class=\"e-gallery-item elementor-gallery-item elementor-animated-content\" href=\"https:\/\/damesmagiques.com\/wp-content\/uploads\/2020\/08\/DAMA2008-1.jpg\">\n\t\t\t\t\t<div class=\"e-gallery-image elementor-gallery-item__image\" data-thumbnail=\"https:\/\/damesmagiques.com\/wp-content\/uploads\/2020\/08\/DAMA2008-1.jpg\" data-width=\"417\" data-height=\"700\" aria-label=\"\" role=\"img\" ><\/div>\n\t\t\t\t\t\t\t\t\t\t\t<div class=\"elementor-gallery-item__overlay\"><\/div>\n\t\t\t\t\t\t\t\t\t\t\t\t\t\t<\/a>\n\t\t\t\t\t\t\t<a class=\"e-gallery-item elementor-gallery-item elementor-animated-content\" href=\"https:\/\/damesmagiques.com\/wp-content\/uploads\/2020\/08\/DAMA2007-1.jpg\">\n\t\t\t\t\t<div class=\"e-gallery-image elementor-gallery-item__image\" data-thumbnail=\"https:\/\/damesmagiques.com\/wp-content\/uploads\/2020\/08\/DAMA2007-1.jpg\" data-width=\"495\" data-height=\"700\" aria-label=\"\" role=\"img\" ><\/div>\n\t\t\t\t\t\t\t\t\t\t\t<div class=\"elementor-gallery-item__overlay\"><\/div>\n\t\t\t\t\t\t\t\t\t\t\t\t\t\t<\/a>\n\t\t\t\t\t\t\t<a class=\"e-gallery-item elementor-gallery-item elementor-animated-content\" href=\"https:\/\/damesmagiques.com\/wp-content\/uploads\/2020\/08\/DAMA2006-1.jpg\">\n\t\t\t\t\t<div class=\"e-gallery-image elementor-gallery-item__image\" data-thumbnail=\"https:\/\/damesmagiques.com\/wp-content\/uploads\/2020\/08\/DAMA2006-1.jpg\" data-width=\"500\" data-height=\"700\" aria-label=\"\" role=\"img\" ><\/div>\n\t\t\t\t\t\t\t\t\t\t\t<div class=\"elementor-gallery-item__overlay\"><\/div>\n\t\t\t\t\t\t\t\t\t\t\t\t\t\t<\/a>\n\t\t\t\t\t<\/div>\n\t\t\t<\/div>\n\t\t\t\t<\/div>\n\t\t\t\t\t<\/div>\n\t\t<\/div>\n\t\t\t\t\t<\/div>\n\t\t<\/section>\n\t\t\t\t<\/div>","protected":false},"excerpt":{"rendered":"<p>DAMA 2019 9\u00e8me FESTIVAL INTERNATIONAL DES DAMES MAGIQUES Puisque la tradition des spectacles de magie montrait que la plupart des protagonistes de ces \u0153uvres \u00e9taient des hommes, en 2006, j&#039;ai d\u00e9cid\u00e9... <\/p>\n<p class=\"read-more-container\"><a title=\"9\u00e8me FESTIVAL DE LA FEMME\" class=\"read-more button\" href=\"https:\/\/damesmagiques.com\/fr\/9e-festival-dama\/#more-6863\">Continue de lire<span class=\"screen-reader-text\">9\u00e8me FESTIVAL DE LA FEMME<\/span><\/a><\/p>","protected":false},"author":1,"featured_media":0,"parent":0,"menu_order":0,"comment_status":"closed","ping_status":"closed","template":"","meta":{"footnotes":""},"_links":{"self":[{"href":"https:\/\/damesmagiques.com\/fr\/wp-json\/wp\/v2\/pages\/6863"}],"collection":[{"href":"https:\/\/damesmagiques.com\/fr\/wp-json\/wp\/v2\/pages"}],"about":[{"href":"https:\/\/damesmagiques.com\/fr\/wp-json\/wp\/v2\/types\/page"}],"author":[{"embeddable":true,"href":"https:\/\/damesmagiques.com\/fr\/wp-json\/wp\/v2\/users\/1"}],"replies":[{"embeddable":true,"href":"https:\/\/damesmagiques.com\/fr\/wp-json\/wp\/v2\/comments?post=6863"}],"version-history":[{"count":8,"href":"https:\/\/damesmagiques.com\/fr\/wp-json\/wp\/v2\/pages\/6863\/revisions"}],"predecessor-version":[{"id":7506,"href":"https:\/\/damesmagiques.com\/fr\/wp-json\/wp\/v2\/pages\/6863\/revisions\/7506"}],"wp:attachment":[{"href":"https:\/\/damesmagiques.com\/fr\/wp-json\/wp\/v2\/media?parent=6863"}],"curies":[{"name":"wp","href":"https:\/\/api.w.org\/{rel}","templated":true}]}}