{"id":7691,"date":"2023-09-28T21:56:19","date_gmt":"2023-09-28T19:56:19","guid":{"rendered":"http:\/\/damesmagiques.com\/?page_id=7691"},"modified":"2023-09-29T18:56:46","modified_gmt":"2023-09-29T16:56:46","slug":"premsa","status":"publish","type":"page","link":"https:\/\/damesmagiques.com\/fr\/premsa\/","title":{"rendered":"presse"},"content":{"rendered":"<div data-elementor-type=\"wp-page\" data-elementor-id=\"7691\" class=\"elementor elementor-7691\" data-elementor-post-type=\"page\">\n\t\t\t\t\t\t<section class=\"elementor-section elementor-top-section elementor-element elementor-element-33df3d3 elementor-section-boxed elementor-section-height-default elementor-section-height-default\" data-id=\"33df3d3\" data-element_type=\"section\">\n\t\t\t\t\t\t<div class=\"elementor-container elementor-column-gap-default\">\n\t\t\t\t\t<div class=\"elementor-column elementor-col-100 elementor-top-column elementor-element elementor-element-cc7a5f1\" data-id=\"cc7a5f1\" data-element_type=\"column\">\n\t\t\t<div class=\"elementor-widget-wrap elementor-element-populated\">\n\t\t\t\t\t\t<div class=\"elementor-element elementor-element-a4f0f2c elementor-widget elementor-widget-heading\" data-id=\"a4f0f2c\" data-element_type=\"widget\" data-widget_type=\"heading.default\">\n\t\t\t\t<div class=\"elementor-widget-container\">\n\t\t\t<h2 class=\"elementor-heading-title elementor-size-default\"><a href=\"http:\/\/damesmagiques.com\/fr\/blog\/contacte\/\" target=\"_blank\">presse<\/a><\/h2>\t\t<\/div>\n\t\t\t\t<\/div>\n\t\t\t\t\t<\/div>\n\t\t<\/div>\n\t\t\t\t\t<\/div>\n\t\t<\/section>\n\t\t\t\t<section class=\"elementor-section elementor-top-section elementor-element elementor-element-799a6f8d elementor-section-content-middle elementor-reverse-mobile elementor-section-stretched elementor-section-boxed elementor-section-height-default elementor-section-height-default\" data-id=\"799a6f8d\" data-element_type=\"section\" data-settings=\"{&quot;stretch_section&quot;:&quot;section-stretched&quot;,&quot;background_background&quot;:&quot;classic&quot;}\">\n\t\t\t\t\t\t<div class=\"elementor-container elementor-column-gap-default\">\n\t\t\t\t\t<div class=\"elementor-column elementor-col-100 elementor-top-column elementor-element elementor-element-0f78230\" data-id=\"0f78230\" data-element_type=\"column\">\n\t\t\t<div class=\"elementor-widget-wrap elementor-element-populated\">\n\t\t\t\t\t\t<section class=\"elementor-section elementor-inner-section elementor-element elementor-element-aecf34e elementor-section-boxed elementor-section-height-default elementor-section-height-default\" data-id=\"aecf34e\" data-element_type=\"section\">\n\t\t\t\t\t\t<div class=\"elementor-container elementor-column-gap-default\">\n\t\t\t\t\t<div class=\"elementor-column elementor-col-100 elementor-inner-column elementor-element elementor-element-ba8bc77\" data-id=\"ba8bc77\" data-element_type=\"column\">\n\t\t\t<div class=\"elementor-widget-wrap elementor-element-populated\">\n\t\t\t\t\t\t<div class=\"elementor-element elementor-element-71babb6 elementor-widget elementor-widget-text-editor\" data-id=\"71babb6\" data-element_type=\"widget\" data-widget_type=\"text-editor.default\">\n\t\t\t\t<div class=\"elementor-widget-container\">\n\t\t\t\t\t\t\t<h3 style=\"text-align: center;\"><strong>Le Magical Ladies Festival d\u00e9di\u00e9 aux magiciens est de retour<\/strong><\/h3>\t\t\t\t\t\t<\/div>\n\t\t\t\t<\/div>\n\t\t\t\t<div class=\"elementor-element elementor-element-dbb50d4 elementor-widget elementor-widget-text-editor\" data-id=\"dbb50d4\" data-element_type=\"widget\" data-widget_type=\"text-editor.default\">\n\t\t\t\t<div class=\"elementor-widget-container\">\n\t\t\t\t\t\t\t<p>La neuvi\u00e8me version du <strong>Festival des Dames Magiques (Dame)<\/strong> quatre ans apr\u00e8s sa version la plus r\u00e9cente. Elle a eu lieu les 15, 16 et 17 mars derniers, dans la ville de Premi\u00e0 de Dalt \u00e0 Barcelone.<\/p><p>Cette \u00e9dition a accueilli des invit\u00e9s de nombreuses r\u00e9gions du monde : Consol Lorgia (Colombie), Am\u00e9lie (Madrid), Ilva Scali (France), Malin Nilsson (Su\u00e8de), Astrid Gloria (Allemagne), Solange Kardinaly (Portugal), Huang Zheng (Chine). ) et pour la Catalogne : Gloria Roig, Addadura Theatre Visual, Joana Andreu, La Dama Inquieta, Pepa Plana et Noel.<\/p><p>Le festival comprenait \u00e9galement des galas de magie en gros plan et sur sc\u00e8ne ouverts au public, une exposition de livres de magie, des ateliers et des conf\u00e9rences sur la magie et les arts connexes.<\/p><p>Teia Moner, la cr\u00e9atrice et r\u00e9alisatrice de Dama, est enseignante, com\u00e9dienne, magicienne et marionnettiste. Un artiste dans tous les sens du terme. En 2006, elle d\u00e9cide de lancer un festival de femmes magiciennes, constatant que la plupart des spectacles de magie mettent en vedette des hommes. Le succ\u00e8s fut tel qu&#039;ils organis\u00e8rent huit \u00e9ditions \u00e0 Terrassa.<\/p><p>Chaque ann\u00e9e, le r\u00f4le des femmes qui font de la magie se consolide. Malheureusement, la crise est arriv\u00e9e et avec elle, ce beau festival a dur\u00e9 quelques ann\u00e9es. Heureusement, il a pu rena\u00eetre en 2019.<\/p><p>Nous sommes en pause depuis quatre ans et la situation professionnelle des magiciens par rapport au monde de la magie n&#039;est pas aussi harmonieuse que nous le souhaiterions, il manque toujours une plateforme permettant aux magiciens de pr\u00e9senter leurs spectacles et de montrer leur art au monde.<\/p><p><strong>Consuelo Lorgia,<\/strong> Magicienne colombienne, elle a re\u00e7u le prix sp\u00e9cial Honorary Magical Lady, pour son travail et porte avec grand honneur le nom d&#039;une dynastie magique.<\/p>\t\t\t\t\t\t<\/div>\n\t\t\t\t<\/div>\n\t\t\t\t<div class=\"elementor-element elementor-element-cbb58d6 elementor-widget elementor-widget-text-editor\" data-id=\"cbb58d6\" data-element_type=\"widget\" data-widget_type=\"text-editor.default\">\n\t\t\t\t<div class=\"elementor-widget-container\">\n\t\t\t\t\t\t\t<h6 style=\"text-align: right;\"><a title=\"Pastomagic.com 2019\" href=\"https:\/\/pastomagic.com\/2019\/04\/volvio-el-festival-damas-magicas-dedicado-a-las-magas\/\" target=\"_blank\" rel=\"noopener\">https:\/\/pastomagic.com\/2019\/04\/volvio-el-festival-damas-magicas-dedicado-a-las-magas\/<\/a><\/h6>\t\t\t\t\t\t<\/div>\n\t\t\t\t<\/div>\n\t\t\t\t\t<\/div>\n\t\t<\/div>\n\t\t\t\t\t<\/div>\n\t\t<\/section>\n\t\t\t\t\t<\/div>\n\t\t<\/div>\n\t\t\t\t\t<\/div>\n\t\t<\/section>\n\t\t\t\t<section class=\"elementor-section elementor-top-section elementor-element elementor-element-40079de elementor-section-content-middle elementor-reverse-mobile elementor-section-stretched elementor-section-boxed elementor-section-height-default elementor-section-height-default\" data-id=\"40079de\" data-element_type=\"section\" data-settings=\"{&quot;stretch_section&quot;:&quot;section-stretched&quot;,&quot;background_background&quot;:&quot;classic&quot;}\">\n\t\t\t\t\t\t<div class=\"elementor-container elementor-column-gap-default\">\n\t\t\t\t\t<div class=\"elementor-column elementor-col-100 elementor-top-column elementor-element elementor-element-ce00924\" data-id=\"ce00924\" data-element_type=\"column\">\n\t\t\t<div class=\"elementor-widget-wrap elementor-element-populated\">\n\t\t\t\t\t\t<section class=\"elementor-section elementor-inner-section elementor-element elementor-element-be32f3b elementor-section-boxed elementor-section-height-default elementor-section-height-default\" data-id=\"be32f3b\" data-element_type=\"section\">\n\t\t\t\t\t\t<div class=\"elementor-container elementor-column-gap-default\">\n\t\t\t\t\t<div class=\"elementor-column elementor-col-50 elementor-inner-column elementor-element elementor-element-0f90bca\" data-id=\"0f90bca\" data-element_type=\"column\">\n\t\t\t<div class=\"elementor-widget-wrap elementor-element-populated\">\n\t\t\t\t\t\t<div class=\"elementor-element elementor-element-39b53e8 elementor-widget elementor-widget-text-editor\" data-id=\"39b53e8\" data-element_type=\"widget\" data-widget_type=\"text-editor.default\">\n\t\t\t\t<div class=\"elementor-widget-container\">\n\t\t\t\t\t\t\t<p>Festival DAMA 2019<\/p>\t\t\t\t\t\t<\/div>\n\t\t\t\t<\/div>\n\t\t\t\t<div class=\"elementor-element elementor-element-7650604 elementor-widget elementor-widget-image\" data-id=\"7650604\" data-element_type=\"widget\" data-widget_type=\"image.default\">\n\t\t\t\t<div class=\"elementor-widget-container\">\n\t\t\t\t\t\t\t\t\t\t\t\t\t\t<a href=\"https:\/\/www.youtube.com\/watch?v=NE5UXn7igk4&#038;t=112s\" target=\"_blank\" rel=\"noopener\">\n\t\t\t\t\t\t\t<img fetchpriority=\"high\" decoding=\"async\" width=\"300\" height=\"169\" src=\"https:\/\/damesmagiques.com\/wp-content\/uploads\/2023\/09\/2019-Dama-300x169.png\" class=\"elementor-animation-grow attachment-medium size-medium wp-image-7694\" alt=\"Festival Dama 2019\" srcset=\"https:\/\/damesmagiques.com\/wp-content\/uploads\/2023\/09\/2019-Dama-300x169.png 300w, https:\/\/damesmagiques.com\/wp-content\/uploads\/2023\/09\/2019-Dama-18x10.png 18w, https:\/\/damesmagiques.com\/wp-content\/uploads\/2023\/09\/2019-Dama.png 720w\" sizes=\"(max-width: 300px) 100vw, 300px\" \/>\t\t\t\t\t\t\t\t<\/a>\n\t\t\t\t\t\t\t\t\t\t\t\t\t<\/div>\n\t\t\t\t<\/div>\n\t\t\t\t<div class=\"elementor-element elementor-element-a74a3c2 elementor-widget elementor-widget-text-editor\" data-id=\"a74a3c2\" data-element_type=\"widget\" data-widget_type=\"text-editor.default\">\n\t\t\t\t<div class=\"elementor-widget-container\">\n\t\t\t\t\t\t\t<p><span style=\"text-align: center;\">Festival DAMA 2011<\/span><\/p>\t\t\t\t\t\t<\/div>\n\t\t\t\t<\/div>\n\t\t\t\t<div class=\"elementor-element elementor-element-0fac520 elementor-widget elementor-widget-image\" data-id=\"0fac520\" data-element_type=\"widget\" data-widget_type=\"image.default\">\n\t\t\t\t<div class=\"elementor-widget-container\">\n\t\t\t\t\t\t\t\t\t\t\t\t\t\t<a href=\"https:\/\/www.youtube.com\/watch?v=XUnhirNZ0lU\" target=\"_blank\" rel=\"noopener\">\n\t\t\t\t\t\t\t<img decoding=\"async\" width=\"300\" height=\"169\" src=\"https:\/\/damesmagiques.com\/wp-content\/uploads\/2023\/09\/2011-Dama-300x169.png\" class=\"elementor-animation-grow attachment-medium size-medium wp-image-7696\" alt=\"Festival Dama 2011\" srcset=\"https:\/\/damesmagiques.com\/wp-content\/uploads\/2023\/09\/2011-Dama-300x169.png 300w, https:\/\/damesmagiques.com\/wp-content\/uploads\/2023\/09\/2011-Dama-18x10.png 18w, https:\/\/damesmagiques.com\/wp-content\/uploads\/2023\/09\/2011-Dama.png 720w\" sizes=\"(max-width: 300px) 100vw, 300px\" \/>\t\t\t\t\t\t\t\t<\/a>\n\t\t\t\t\t\t\t\t\t\t\t\t\t<\/div>\n\t\t\t\t<\/div>\n\t\t\t\t\t<\/div>\n\t\t<\/div>\n\t\t\t\t<div class=\"elementor-column elementor-col-50 elementor-inner-column elementor-element elementor-element-7ff45ba\" data-id=\"7ff45ba\" data-element_type=\"column\">\n\t\t\t<div class=\"elementor-widget-wrap elementor-element-populated\">\n\t\t\t\t\t\t<div class=\"elementor-element elementor-element-8363fb7 elementor-widget elementor-widget-text-editor\" data-id=\"8363fb7\" data-element_type=\"widget\" data-widget_type=\"text-editor.default\">\n\t\t\t\t<div class=\"elementor-widget-container\">\n\t\t\t\t\t\t\t<p>Festival DAMA 2013<\/p>\t\t\t\t\t\t<\/div>\n\t\t\t\t<\/div>\n\t\t\t\t<div class=\"elementor-element elementor-element-a79a7b6 elementor-widget elementor-widget-image\" data-id=\"a79a7b6\" data-element_type=\"widget\" data-widget_type=\"image.default\">\n\t\t\t\t<div class=\"elementor-widget-container\">\n\t\t\t\t\t\t\t\t\t\t\t\t\t\t<a href=\"https:\/\/www.youtube.com\/watch?v=qUvBJCWotJE\" target=\"_blank\" rel=\"noopener\">\n\t\t\t\t\t\t\t<img decoding=\"async\" width=\"300\" height=\"167\" src=\"https:\/\/damesmagiques.com\/wp-content\/uploads\/2023\/09\/2013-Dama-300x167.png\" class=\"elementor-animation-grow attachment-medium size-medium wp-image-7695\" alt=\"Festival Dama 2013\" srcset=\"https:\/\/damesmagiques.com\/wp-content\/uploads\/2023\/09\/2013-Dama-300x167.png 300w, https:\/\/damesmagiques.com\/wp-content\/uploads\/2023\/09\/2013-Dama-18x10.png 18w, https:\/\/damesmagiques.com\/wp-content\/uploads\/2023\/09\/2013-Dama.png 720w\" sizes=\"(max-width: 300px) 100vw, 300px\" \/>\t\t\t\t\t\t\t\t<\/a>\n\t\t\t\t\t\t\t\t\t\t\t\t\t<\/div>\n\t\t\t\t<\/div>\n\t\t\t\t<div class=\"elementor-element elementor-element-b52d7b7 elementor-widget elementor-widget-text-editor\" data-id=\"b52d7b7\" data-element_type=\"widget\" data-widget_type=\"text-editor.default\">\n\t\t\t\t<div class=\"elementor-widget-container\">\n\t\t\t\t\t\t\t<p>Festival DAMA 2010<\/p>\t\t\t\t\t\t<\/div>\n\t\t\t\t<\/div>\n\t\t\t\t<div class=\"elementor-element elementor-element-80d5815 elementor-widget elementor-widget-image\" data-id=\"80d5815\" data-element_type=\"widget\" data-widget_type=\"image.default\">\n\t\t\t\t<div class=\"elementor-widget-container\">\n\t\t\t\t\t\t\t\t\t\t\t\t\t\t<a href=\"https:\/\/www.youtube.com\/watch?v=QexSTEWyyuQ\" target=\"_blank\" rel=\"noopener\">\n\t\t\t\t\t\t\t<img loading=\"lazy\" decoding=\"async\" width=\"300\" height=\"169\" src=\"https:\/\/damesmagiques.com\/wp-content\/uploads\/2023\/09\/2010-Dama-300x169.png\" class=\"elementor-animation-grow attachment-medium size-medium wp-image-7697\" alt=\"Festival Dama 2010\" srcset=\"https:\/\/damesmagiques.com\/wp-content\/uploads\/2023\/09\/2010-Dama-300x169.png 300w, https:\/\/damesmagiques.com\/wp-content\/uploads\/2023\/09\/2010-Dama-18x10.png 18w, https:\/\/damesmagiques.com\/wp-content\/uploads\/2023\/09\/2010-Dama.png 720w\" sizes=\"(max-width: 300px) 100vw, 300px\" \/>\t\t\t\t\t\t\t\t<\/a>\n\t\t\t\t\t\t\t\t\t\t\t\t\t<\/div>\n\t\t\t\t<\/div>\n\t\t\t\t\t<\/div>\n\t\t<\/div>\n\t\t\t\t\t<\/div>\n\t\t<\/section>\n\t\t\t\t\t<\/div>\n\t\t<\/div>\n\t\t\t\t\t<\/div>\n\t\t<\/section>\n\t\t\t\t<section class=\"elementor-section elementor-top-section elementor-element elementor-element-30e0151 elementor-section-content-middle elementor-reverse-mobile elementor-section-stretched elementor-section-boxed elementor-section-height-default elementor-section-height-default\" data-id=\"30e0151\" data-element_type=\"section\" data-settings=\"{&quot;stretch_section&quot;:&quot;section-stretched&quot;,&quot;background_background&quot;:&quot;classic&quot;}\">\n\t\t\t\t\t\t<div class=\"elementor-container elementor-column-gap-default\">\n\t\t\t\t\t<div class=\"elementor-column elementor-col-100 elementor-top-column elementor-element elementor-element-9b7aa63\" data-id=\"9b7aa63\" data-element_type=\"column\">\n\t\t\t<div class=\"elementor-widget-wrap elementor-element-populated\">\n\t\t\t\t\t\t<section class=\"elementor-section elementor-inner-section elementor-element elementor-element-2bbd170 elementor-section-boxed elementor-section-height-default elementor-section-height-default\" data-id=\"2bbd170\" data-element_type=\"section\">\n\t\t\t\t\t\t<div class=\"elementor-container elementor-column-gap-default\">\n\t\t\t\t\t<div class=\"elementor-column elementor-col-100 elementor-inner-column elementor-element elementor-element-97d5d84\" data-id=\"97d5d84\" data-element_type=\"column\">\n\t\t\t<div class=\"elementor-widget-wrap elementor-element-populated\">\n\t\t\t\t\t\t<div class=\"elementor-element elementor-element-d5db6fd elementor-widget elementor-widget-text-editor\" data-id=\"d5db6fd\" data-element_type=\"widget\" data-widget_type=\"text-editor.default\">\n\t\t\t\t<div class=\"elementor-widget-container\">\n\t\t\t\t\t\t\t<h3 style=\"text-align: center;\"><strong>Le III Festival International des Dames Magiques transforme Terrassa<br \/>dans la capitale mondiale de la magie f\u00e9minine<\/strong><\/h3>\t\t\t\t\t\t<\/div>\n\t\t\t\t<\/div>\n\t\t\t\t<div class=\"elementor-element elementor-element-4c7ad1e elementor-widget elementor-widget-text-editor\" data-id=\"4c7ad1e\" data-element_type=\"widget\" data-widget_type=\"text-editor.default\">\n\t\t\t\t<div class=\"elementor-widget-container\">\n\t\t\t\t\t\t\t<p>La troisi\u00e8me \u00e9dition du Festival International des Femmes Magiques revient demain sur les sc\u00e8nes de Terrassa dans le but de revendiquer le r\u00f4le principal des magiciens dans un monde d&#039;hommes, dans une proposition pionni\u00e8re et unique au monde qui comprend les performances de 13 magiciens, ainsi que plusieurs d\u00e9bats et ateliers.<\/p><p>En savoir plus:\u00a0 <a href=\"https:\/\/www.europapress.es\/cultura\/noticia-iii-festival-internacional-damas-magicas-convierte-tarrasa-barcelona-capital-mundial-magia-femenina-20080710160931.html\" target=\"_blank\" rel=\"noopener\">https:\/\/www.europapress.es\/cultura\/noticia-iii-festival-internacional-damas-magicas-convierte-tarrasa-barcelona-capital-mundial-magia-femenina-20080710160931.html<\/a><\/p><h6 style=\"text-align: right;\">\u00a0<\/h6>\t\t\t\t\t\t<\/div>\n\t\t\t\t<\/div>\n\t\t\t\t\t<\/div>\n\t\t<\/div>\n\t\t\t\t\t<\/div>\n\t\t<\/section>\n\t\t\t\t\t<\/div>\n\t\t<\/div>\n\t\t\t\t\t<\/div>\n\t\t<\/section>\n\t\t\t\t<section class=\"elementor-section elementor-top-section elementor-element elementor-element-d2894ee elementor-section-content-middle elementor-reverse-mobile elementor-section-stretched elementor-section-boxed elementor-section-height-default elementor-section-height-default\" data-id=\"d2894ee\" data-element_type=\"section\" data-settings=\"{&quot;stretch_section&quot;:&quot;section-stretched&quot;,&quot;background_background&quot;:&quot;classic&quot;}\">\n\t\t\t\t\t\t<div class=\"elementor-container elementor-column-gap-default\">\n\t\t\t\t\t<div class=\"elementor-column elementor-col-100 elementor-top-column elementor-element elementor-element-f2bfbe1\" data-id=\"f2bfbe1\" data-element_type=\"column\">\n\t\t\t<div class=\"elementor-widget-wrap elementor-element-populated\">\n\t\t\t\t\t\t<div class=\"elementor-element elementor-element-5e43a83 elementor-widget elementor-widget-text-editor\" data-id=\"5e43a83\" data-element_type=\"widget\" data-widget_type=\"text-editor.default\">\n\t\t\t\t<div class=\"elementor-widget-container\">\n\t\t\t\t\t\t\t<h3 style=\"text-align: center;\"><strong>IIe Festival de Magie des Femmes \u00e0 Terrassa<\/strong><\/h3>\t\t\t\t\t\t<\/div>\n\t\t\t\t<\/div>\n\t\t\t\t<div class=\"elementor-element elementor-element-d92c0f3 elementor-widget elementor-widget-text-editor\" data-id=\"d92c0f3\" data-element_type=\"widget\" data-widget_type=\"text-editor.default\">\n\t\t\t\t<div class=\"elementor-widget-container\">\n\t\t\t\t\t\t\t<p><span style=\"color: var( --e-global-color-text ); font-family: var( --e-global-typography-text-font-family ), Sans-serif; font-weight: var( --e-global-typography-text-font-weight ); background-color: var( --e-global-color-129fadc6 );\">pour <\/span><a style=\"font-family: var( --e-global-typography-text-font-family ), Sans-serif; font-weight: var( --e-global-typography-text-font-weight );\" href=\"https:\/\/www.dolcecity.com\/barcelona\/author\/ariadna-alcaiz\/\" target=\"_blank\" rel=\"noopener\">Ariadna Alcaniz<\/a><\/p><p>Ce week-end, Terrassa accueille la deuxi\u00e8me \u00e9dition du <strong>Festival International des Dames Magiques (DAMA), d\u00e9di\u00e9 aux grands noms de la magie du monde entier avec la particularit\u00e9 qu&#039;il ne s&#039;agit que de femmes.<\/strong> Une initiative unique qui veut devenir une r\u00e9f\u00e9rence internationale de la magie f\u00e9minine.<\/p><p>Et le fait est que traditionnellement le monde de la bonne aventure est un monde li\u00e9 aux hommes. C&#039;est pour cette raison que ce festival est n\u00e9 l&#039;ann\u00e9e derni\u00e8re, pour donner l&#039;importance qu&#039;ils m\u00e9ritent aux femmes qui se consacrent au monde \u00e9nigmatique de la magie avec la m\u00eame passion et solvabilit\u00e9 que leurs coll\u00e8gues masculins.<\/p><p>Du vendredi 13 au dimanche 15, ils auront lieu dans trois lieux de Terrassa, le th\u00e9\u00e2tre Alegria, le Nova Jazz Cava et la Pla\u00e7a de Ca n&#039;Anglada, <strong>les performances de douze magiciens nationaux, en plus d&#039;autres pays comme le P\u00e9rou, la France, l&#039;Italie, l&#039;Argentine ou le Canada.<\/strong> De plus, outre les repr\u00e9sentations nocturnes, il y aura \u00e9galement <strong>des d\u00e9bats, des s\u00e9ances d&#039;improvisation, des ateliers d&#039;initiation pour les enfants, ainsi que des spectacles pour enfants.<\/strong><\/p><p>Une occasion unique de conna\u00eetre une autre facette de cet art du spectacle difficile et de voir comment le charme et le myst\u00e8re de la magie ne sont pas une question de genre, mais de qualit\u00e9 et de ressources. en permanence dans une grande quantit\u00e9 de sels dans toute l&#039;Europe.<\/p>\t\t\t\t\t\t<\/div>\n\t\t\t\t<\/div>\n\t\t\t\t<div class=\"elementor-element elementor-element-2d1ce2a elementor-widget elementor-widget-text-editor\" data-id=\"2d1ce2a\" data-element_type=\"widget\" data-widget_type=\"text-editor.default\">\n\t\t\t\t<div class=\"elementor-widget-container\">\n\t\t\t\t\t\t\t<p><a style=\"font-family: var( --e-global-typography-text-font-family ), Sans-serif; font-weight: var( --e-global-typography-text-font-weight );\" href=\"https:\/\/www.dolcecity.com\/barcelona\/2007\/07\/ii-festival-dama-magia-en-femenino-en.asp\" target=\"_blank\" rel=\"noopener\">https:\/\/www.dolcecity.com\/barcelona\/2007\/07\/ii-festival-dama-magia-en-femenino-en.asp<\/a><\/p>\t\t\t\t\t\t<\/div>\n\t\t\t\t<\/div>\n\t\t\t\t\t<\/div>\n\t\t<\/div>\n\t\t\t\t\t<\/div>\n\t\t<\/section>\n\t\t\t\t<section class=\"elementor-section elementor-top-section elementor-element elementor-element-1fe0c78 elementor-section-content-middle elementor-reverse-mobile elementor-section-stretched elementor-section-boxed elementor-section-height-default elementor-section-height-default\" data-id=\"1fe0c78\" data-element_type=\"section\" data-settings=\"{&quot;stretch_section&quot;:&quot;section-stretched&quot;,&quot;background_background&quot;:&quot;classic&quot;}\">\n\t\t\t\t\t\t<div class=\"elementor-container elementor-column-gap-default\">\n\t\t\t\t\t<div class=\"elementor-column elementor-col-100 elementor-top-column elementor-element elementor-element-e7ea7cf\" data-id=\"e7ea7cf\" data-element_type=\"column\">\n\t\t\t<div class=\"elementor-widget-wrap elementor-element-populated\">\n\t\t\t\t\t\t<section class=\"elementor-section elementor-inner-section elementor-element elementor-element-0c52d5e elementor-section-boxed elementor-section-height-default elementor-section-height-default\" data-id=\"0c52d5e\" data-element_type=\"section\">\n\t\t\t\t\t\t<div class=\"elementor-container elementor-column-gap-default\">\n\t\t\t\t\t<div class=\"elementor-column elementor-col-100 elementor-inner-column elementor-element elementor-element-6fae5b1\" data-id=\"6fae5b1\" data-element_type=\"column\">\n\t\t\t<div class=\"elementor-widget-wrap elementor-element-populated\">\n\t\t\t\t\t\t<div class=\"elementor-element elementor-element-a2acb79 elementor-widget elementor-widget-text-editor\" data-id=\"a2acb79\" data-element_type=\"widget\" data-widget_type=\"text-editor.default\">\n\t\t\t\t<div class=\"elementor-widget-container\">\n\t\t\t\t\t\t\t<h3 style=\"text-align: center;\"><strong>Grand succ\u00e8s du 1er Festival International des Dames Magiques de Terrassa <\/strong><\/h3>\t\t\t\t\t\t<\/div>\n\t\t\t\t<\/div>\n\t\t\t\t<div class=\"elementor-element elementor-element-441ff27 elementor-widget elementor-widget-text-editor\" data-id=\"441ff27\" data-element_type=\"widget\" data-widget_type=\"text-editor.default\">\n\t\t\t\t<div class=\"elementor-widget-container\">\n\t\t\t\t\t\t\t<p>Du 21 au 23 juillet derniers s&#039;est tenu \u00e0 Terrassa DAMA, le 1er Festival International des Dames Magiques de Terrassa, qui a r\u00e9uni pour la premi\u00e8re fois des magiciens du monde entier pour montrer que la magie ne se limite pas au magicien en smoking et au lapin qui sort du chapeau haut de forme. Un festival unique au monde qui a \u00e9t\u00e9 nomin\u00e9 pour le Prix International de Magie 2006, par la Com\u00e8te Magique de Buenos Aires. Au total, treize dames magiques de l&#039;envergure de Pepa Plana, Teia Moner, Ilva Scali ou In\u00e8s, qui a collabor\u00e9 au programme de la cha\u00eene Cuatro Res par ici, se sont rencontr\u00e9es. Des magiciens de diff\u00e9rents pays (Chine, Argentine, France, Catalogne...) et de tous \u00e2ges, m\u00eame une des pionni\u00e8res de la magie f\u00e9minine en Espagne : Ya-o-min, la sorci\u00e8re d&#039;Aragon. De plus, il y avait la Dame Magique Honoraire du Festival, qui dans cette premi\u00e8re \u00e9dition sera la v\u00e9t\u00e9ran Teresa Gutsens, \u00e9pouse et partenaire professionnelle du l\u00e9gendaire magicien Jos\u00e9 Mar\u00eda Ferrandiz, avec qui il a form\u00e9 le duo Los M\u00e1gicus.<br \/>DAMA, le 1er Festival International des Femmes Magiques de Terrassa, est n\u00e9 de la volont\u00e9 de Teia Moner, marionnettiste et magicienne avec 27 ans d&#039;exp\u00e9rience, de montrer au public l&#039;art des femmes magiques, puisque la pratique de la magie est g\u00e9n\u00e9ralement attribu\u00e9e \u00e0 Hommes. La Mairie de Terrassa s&#039;est lanc\u00e9e dans l&#039;initiative et esp\u00e8re faire de cette nouvelle rencontre l&#039;une des caract\u00e9ristiques d&#039;une ville pionni\u00e8re en mati\u00e8re de culture.<br \/>Directrice artistique : Teia Moner<br \/>Organisation : Mairie de Terrassa<br \/>Coordination et Production : GAAC<br \/>Directeur technique : Miquel Espinosa<br \/>Conseil magique : Enric Magoo Collaboration : ICIC. Gouvernement de Catalogne<br \/>Magiciens ayant particip\u00e9 \u00e0 DAMA, I Festival des Dames Magiques de Terrassa<br \/>Pepa Plana (Catalogne)<br \/>Elle est l\u2019une des promotrices du th\u00e9\u00e2tre clownesque destin\u00e9 au public adulte. Il cr\u00e9e sa propre compagnie et cr\u00e9e la pi\u00e8ce Pe a Pa \u00e0 la Fira del Teatre de T\u00e0rrega en 1998. La pi\u00e8ce a \u00e9t\u00e9 bien accueillie et apr\u00e8s plus de 200 repr\u00e9sentations dans toute l&#039;Espagne, elle est toujours \u00e0 l&#039;affiche. D&#039;autres de ses spectacles sont Giulietta, qu&#039;il a pr\u00e9sent\u00e9 au IXe Festival du Clown de Cornell\u00e0, et Hatz\u00e0rdia, qu&#039;il a pr\u00e9sent\u00e9 pour la premi\u00e8re fois \u00e0 T\u00e0rrega il y a deux ans, o\u00f9 il joue avec un code non verbal. Il dirige le Festival International du Clown d&#039;Andorre et a re\u00e7u plusieurs prix pour ses spectacles.<br \/>http:\/\/www.pepaplana.com\/leftcat.htm<br \/>Ilva Scali (France)<br \/>Elle a quitt\u00e9 son m\u00e9tier de professeur de fran\u00e7ais et de math\u00e9matiques pour poursuivre sa passion : la magie. Il jouit d&#039;une grande notori\u00e9t\u00e9 dans son pays et est un habitu\u00e9 des \u00e9missions de t\u00e9l\u00e9vision, comme Le plus grand cabaret du monde ou Attention \u00e0 la marche, sp\u00e9cial sc\u00e8ne. Il pr\u00e9sente habituellement ses spectacles \u00e0 Paris, dans des espaces comme Le Temple ou Montansier. \u00c0 Terrassa, elle interpr\u00e9tera deux de ses num\u00e9ros les plus applaudis : Magic-Lady, o\u00f9 elle apprivoise la lumi\u00e8re, danse avec le feu et joue avec les pigeons, et Ilva Scali Sola. http:\/\/www.ilvascali.com<br \/>In\u00e8s (Andalousie)<br \/>Cette jeune illusionniste de Grenade s&#039;est sp\u00e9cialis\u00e9e dans la micromagie (ce qui joue avec des d\u00e9s, des pi\u00e8ces de monnaie, etc.), mais au Festival elle pr\u00e9sentera un num\u00e9ro bas\u00e9 sur des ombres chinoises. Tout est cach\u00e9 dans les mains. Il collabore au programme Res per aqu\u00ed de la cha\u00eene 4, et il l&#039;a d\u00e9j\u00e0 fait dans La Mandr\u00e1gora de TVE2. Il a particip\u00e9 \u00e0 de nombreux festivals de magie \u00e0 travers le monde et donne des cours.<br \/>La Dama Inquieta (Catalogne)<br \/>Nous la verrons pratiquer la magie de pr\u00e8s, interagir avec le public et surprendre tous ceux qui approchent du Festival. Il est membre de l&#039;Association catalane et espagnole d&#039;illusionnisme et du Magic Circle, \u00e0 Londres. Ma\u00eetrisez de grands tours d&#039;illusion comme les chaises suspendues et ma\u00eetrisez l&#039;origami. Il a collabor\u00e9 avec les ONG Mags para l&#039;esperan\u00e7a et Son-Risas sin fronteras.<br \/>Rosa Maria Llop (Catalogne)<br \/>Elle a d\u00e9but\u00e9 comme actrice dans le th\u00e9\u00e2tre ind\u00e9pendant et apr\u00e8s avoir d\u00e9couvert la magie, elle l&#039;a utilis\u00e9e comme ressource artistique dans ses spectacles. Il fait partie de la compagnie Capas M\u00e0gica Teatre, avec laquelle il a cr\u00e9\u00e9 17 pi\u00e8ces. Il termine actuellement le dernier travail.<br \/>http:\/\/www.elreydelamagia.com\/<br \/>Jeanne (Chine)<br \/>A seulement 24 ans, il a re\u00e7u plusieurs prix internationaux. \u00c0 l\u2019\u00e2ge de 4 ans, elle entre \u00e0 l\u2019\u00c9cole nationale de gymnastique et d\u2019acrobatie de Chine, o\u00f9 elle \u00e9tudie jusqu\u2019en 1995. C\u2019est alors qu\u2019elle commence une formation de magicienne. Il a le prix des nouveaux talents en magie au Concours International de Shanghai 2002, l&#039;ann\u00e9e suivante il remporte la m\u00e9daille d&#039;or au Concours de Magie de Chine en 2005 il re\u00e7oit le premier prix de manipulation au Congr\u00e8s de Magie Espagnol et le prix Myst\u00e8re des \u00c9tats-Unis. Congr\u00e8s magique. Avec son spectacle, il transportera les spectateurs du Festival dans la Chine mill\u00e9naire.<br \/>Anna Montserrat (Catalogne)<br \/>C&#039;est une femme aux multiples facettes. Artiste de cirque \u00e0 Barcelone et \u00e0 Paris, com\u00e9dienne, magicienne, animatrice socioculturelle... Elle a travaill\u00e9 avec les compagnies Dagoll Dagom, Comediants ou El Rei de la M\u00e0gia, contribuant \u00e9galement \u00e0 leurs spectacles. Pendant 15 saisons, il a particip\u00e9 activement au service p\u00e9dagogique du Poble Espanyol de Barcelone et a d\u00e9velopp\u00e9 des projets de revitalisation des enfants et des jeunes pour la Mairie de Barcelone. Depuis 2002, il enseigne le trap\u00e8ze et l&#039;acrobatie \u00e0 l&#039;\u00e9cole de cirque Quina Gr\u00e0cia, \u00e9galement dans la chef-lieu.<br \/>Ya-o-min, la sorci\u00e8re d&#039;Aragon (Aragon)<br \/>Elle est l&#039;une des pionni\u00e8res de la magie f\u00e9minine en Espagne. L\u2019art de l\u2019illusionnisme est sa vie, mais \u00eatre une femme et une magicienne dans les ann\u00e9es soixante-dix n\u2019\u00e9tait pas facile. D\u00e8s son plus jeune \u00e2ge, elle est attir\u00e9e par la fantaisie et peu \u00e0 peu elle r\u00e9alise son r\u00eave : se produire devant le public et le divertir. Son spectacle s&#039;abreuve \u00e0 l&#039;esth\u00e9tique orientale et joue avec les mouchoirs. C&#039;est une magicienne attachante et pleine de vitalit\u00e9.<br \/>Silvana (Argentine)<br \/>Il ma\u00eetrise la magie th\u00e9\u00e2trale, le mime, le clown et la jonglerie. Elle combine ses performances avec son m\u00e9tier de professeur de magie. Elle a re\u00e7u le prix Chevallier Andrey d&#039;Argentine du meilleur magicien de l&#039;ann\u00e9e 2005 avec son partenaire Brando. Elle est l\u2019une des magiciennes les plus respect\u00e9es d\u2019Am\u00e9rique latine. \u00c0 Terrassa, il r\u00e9alisera un acte magique o\u00f9 se confondent musique, sonneries chinoises et th\u00e9\u00e2tre. Le public sera \u00e9galement le protagoniste de ce num\u00e9ro.<br \/>Joana Andreu (Catalogne)<br \/>Elle a la magie dans le sang (elle est la fille de M\u00e0gic Andreu) et pratique cet art depuis qu&#039;elle est enfant. Il ose aussi bien la magie du close-up que les spectacles et ateliers pour enfants et les grands num\u00e9ros. Dans Ironik, le num\u00e9ro que nous verrons dans Terrassa, elle incarnera une malheureuse vagabonde qui d\u00e9couvre la magie de mani\u00e8re d\u00e9contract\u00e9e et incroyable, en m\u00eame temps que le public. http:\/\/www.joanaandreu.com<br \/>Marimar (Catalogne)<br \/>Rien ne lui \u00e9chappe dans le monde artistique. Dipl\u00f4m\u00e9e en danse classique et chor\u00e9graphie de l&#039;Institut du Th\u00e9\u00e2tre de Barcelone, actrice et, bien s\u00fbr, magicienne. Il a collabor\u00e9 \u00e0 diff\u00e9rents spectacles et programmes t\u00e9l\u00e9vis\u00e9s, comme This is magic ou L&#039;histoire de la magie. Il a particip\u00e9 \u00e0 de nombreux congr\u00e8s de magie et a travaill\u00e9 dans diff\u00e9rentes pi\u00e8ces de th\u00e9\u00e2tre. On la verra transform\u00e9e dans Chapl\u00edn, num\u00e9ro dans lequel elle incarne ce personnage attachant qui appara\u00eet sur sc\u00e8ne comme un magicien.<br \/>Claire Perrine (Chili)<br \/>Il poss\u00e8de une vaste formation internationale de magicien (il a suivi des cours au Chili, aux \u00c9tats-Unis et en France) et a remport\u00e9 plusieurs prix pour ses spectacles. Il a remport\u00e9 le prix Flasoma 2006 pour le spectacle Dama Blanca, un voyage magique \u00e0 la recherche de la v\u00e9ritable nature humaine et de la valeur de l&#039;amiti\u00e9. Il se chargera \u00e9galement de surprendre les plus jeunes spectateurs du Festival avec le num\u00e9ro La Panterita.<br \/>http:\/\/www.magacotillon.cl<br \/>Teia Moner (Catalogne)<br \/>Elle poss\u00e8de plus de 27 ans d\u2019exp\u00e9rience en tant qu\u2019experte en marionnettes, magicienne et actrice. Elle s&#039;est form\u00e9e dans le monde entier pour se perfectionner en tant qu&#039;artiste et est l&#039;une des actrices de marionnettes les plus reconnues d&#039;Espagne. Ses productions sont pleines d&#039;originalit\u00e9 et ont \u00e9t\u00e9 bien accueillies par la critique et le public. Il a re\u00e7u les prix d&#039;Ing\u00e9niosit\u00e9 et d&#039;Originalit\u00e9 1996, Rialles 1993 et Xarxa 2000. Il a collabor\u00e9 \u00e0 des programmes t\u00e9l\u00e9vis\u00e9s comme Sopa de letres, de TVE2, ou Vindrem a Sopar, de la t\u00e9l\u00e9vision r\u00e9gionale catalane, ainsi qu&#039;\u00e0 plusieurs compagnies de th\u00e9\u00e2tre. Le num\u00e9ro qu&#039;il interpr\u00e8te \u00e0 Terrassa est Minimal Magic, un spectacle de magie, d&#039;objets et de marionnettes sans paroles destin\u00e9 sp\u00e9cialement aux adultes. Une parodie de magie ou une mani\u00e8re innovante de faire de la magie, oui, avec de tout petits personnages, les mains, qui font cette discipline sans s&#039;en rendre compte. Apparitions, disparitions, l\u00e9vitations, manipulations d&#039;appareils... mais le tout \u00e0 petite \u00e9chelle. Elle est la cr\u00e9atrice et directrice artistique du Festival.<br \/>www.teiamoner.com<br \/>Th\u00e9r\u00e8se Gutsens<br \/>Elle sera la Dame d&#039;Honneur Magique du Festival. Elle a consacr\u00e9 toute sa vie \u00e0 la magie avec son mari, Jos\u00e9 Mar\u00eda Ferrandiz, d\u00e9c\u00e9d\u00e9 il y a sept ans. Ensemble, ils form\u00e8rent le c\u00e9l\u00e8bre duo Los M\u00e1gicus et dirig\u00e8rent un magasin de magie \u00e0 Barcelone pour distribuer des r\u00eaves au public. Tous deux re\u00e7urent la M\u00e9daille du M\u00e9rite M\u00e1gio en 1088 par le Conseil National de la Soci\u00e9t\u00e9 Espagnole d&#039;Illusionnisme. Teresa a 78 ans, mais elle continue d&#039;\u00e9tonner avec ses astuces.<\/p>\t\t\t\t\t\t<\/div>\n\t\t\t\t<\/div>\n\t\t\t\t<div class=\"elementor-element elementor-element-9326e0c elementor-widget elementor-widget-text-editor\" data-id=\"9326e0c\" data-element_type=\"widget\" data-widget_type=\"text-editor.default\">\n\t\t\t\t<div class=\"elementor-widget-container\">\n\t\t\t\t\t\t\t<p><a style=\"font-family: var( --e-global-typography-text-font-family ), Sans-serif; font-weight: var( --e-global-typography-text-font-weight );\" href=\"https:\/\/www.artezblai.com\/gran-exito-del-i-festival-internacional-de-damas-magicas-de-terrassa\/\" target=\"_blank\" rel=\"noopener\">https:\/\/www.artezblai.com\/gran-exito-del&#8211;i-festival-internacional-de-damas-magicas-de-terrassa\/<\/a><\/p>\t\t\t\t\t\t<\/div>\n\t\t\t\t<\/div>\n\t\t\t\t\t<\/div>\n\t\t<\/div>\n\t\t\t\t\t<\/div>\n\t\t<\/section>\n\t\t\t\t\t<\/div>\n\t\t<\/div>\n\t\t\t\t\t<\/div>\n\t\t<\/section>\n\t\t\t\t<section class=\"elementor-section elementor-top-section elementor-element elementor-element-bf3571c elementor-section-boxed elementor-section-height-default elementor-section-height-default\" data-id=\"bf3571c\" data-element_type=\"section\">\n\t\t\t\t\t\t<div class=\"elementor-container elementor-column-gap-default\">\n\t\t\t\t\t<div class=\"elementor-column elementor-col-100 elementor-top-column elementor-element elementor-element-6acc83a\" data-id=\"6acc83a\" data-element_type=\"column\">\n\t\t\t<div class=\"elementor-widget-wrap elementor-element-populated\">\n\t\t\t\t\t\t<section class=\"elementor-section elementor-inner-section elementor-element elementor-element-574ee2b elementor-section-boxed elementor-section-height-default elementor-section-height-default\" data-id=\"574ee2b\" data-element_type=\"section\">\n\t\t\t\t\t\t<div class=\"elementor-container elementor-column-gap-default\">\n\t\t\t\t\t<div class=\"elementor-column elementor-col-50 elementor-inner-column elementor-element elementor-element-7bf3cc9\" data-id=\"7bf3cc9\" data-element_type=\"column\">\n\t\t\t<div class=\"elementor-widget-wrap\">\n\t\t\t\t\t\t\t<\/div>\n\t\t<\/div>\n\t\t\t\t<div class=\"elementor-column elementor-col-50 elementor-inner-column elementor-element elementor-element-7b7b38d\" data-id=\"7b7b38d\" data-element_type=\"column\">\n\t\t\t<div class=\"elementor-widget-wrap\">\n\t\t\t\t\t\t\t<\/div>\n\t\t<\/div>\n\t\t\t\t\t<\/div>\n\t\t<\/section>\n\t\t\t\t\t<\/div>\n\t\t<\/div>\n\t\t\t\t\t<\/div>\n\t\t<\/section>\n\t\t\t\t<\/div>","protected":false},"excerpt":{"rendered":"<p>Presse Le Magical Ladies Festival d\u00e9di\u00e9 aux magiciens est de retour La neuvi\u00e8me \u00e9dition du Magical Ladies Festival (Dama) a eu lieu quatre ans apr\u00e8s son... <\/p>\n<p class=\"read-more-container\"><a title=\"presse\" class=\"read-more button\" href=\"https:\/\/damesmagiques.com\/fr\/premsa\/#more-7691\">Continue de lire<span class=\"screen-reader-text\">presse<\/span><\/a><\/p>","protected":false},"author":1,"featured_media":0,"parent":0,"menu_order":0,"comment_status":"closed","ping_status":"closed","template":"","meta":{"footnotes":""},"_links":{"self":[{"href":"https:\/\/damesmagiques.com\/fr\/wp-json\/wp\/v2\/pages\/7691"}],"collection":[{"href":"https:\/\/damesmagiques.com\/fr\/wp-json\/wp\/v2\/pages"}],"about":[{"href":"https:\/\/damesmagiques.com\/fr\/wp-json\/wp\/v2\/types\/page"}],"author":[{"embeddable":true,"href":"https:\/\/damesmagiques.com\/fr\/wp-json\/wp\/v2\/users\/1"}],"replies":[{"embeddable":true,"href":"https:\/\/damesmagiques.com\/fr\/wp-json\/wp\/v2\/comments?post=7691"}],"version-history":[{"count":19,"href":"https:\/\/damesmagiques.com\/fr\/wp-json\/wp\/v2\/pages\/7691\/revisions"}],"predecessor-version":[{"id":7719,"href":"https:\/\/damesmagiques.com\/fr\/wp-json\/wp\/v2\/pages\/7691\/revisions\/7719"}],"wp:attachment":[{"href":"https:\/\/damesmagiques.com\/fr\/wp-json\/wp\/v2\/media?parent=7691"}],"curies":[{"name":"wp","href":"https:\/\/api.w.org\/{rel}","templated":true}]}}